{"version":"1.0","provider_name":"Immoschwab SA \u00e0 Morat et Aarberg","provider_url":"https:\/\/www.immoschwab.ch\/fr\/","author_name":"Immoschwab","author_url":"https:\/\/www.immoschwab.ch\/fr\/author\/immoschwab_ag\/","title":"Objet \u00e0 louer \u2013 Appartement mansard\u00e9 \u00e0 louer \/ 1x loyer offert &#8211; Immoschwab SA \u00e0 Morat et Aarberg","type":"rich","width":600,"height":338,"html":"<blockquote class=\"wp-embedded-content\" data-secret=\"mI8IEjR6Ps\"><a href=\"https:\/\/www.immoschwab.ch\/fr\/objekt\/appartement-mansarde-a-louer-1x-loyer-offert\/\">Appartement mansard\u00e9 \u00e0 louer \/ 1x loyer offert<\/a><\/blockquote><iframe sandbox=\"allow-scripts\" security=\"restricted\" src=\"https:\/\/www.immoschwab.ch\/fr\/objekt\/appartement-mansarde-a-louer-1x-loyer-offert\/embed\/#?secret=mI8IEjR6Ps\" width=\"600\" height=\"338\" title=\"\u00ab\u00a0Appartement mansard\u00e9 \u00e0 louer \/ 1x loyer offert\u00a0\u00bb &#8212; Immoschwab SA \u00e0 Morat et Aarberg\" data-secret=\"mI8IEjR6Ps\" frameborder=\"0\" marginwidth=\"0\" marginheight=\"0\" scrolling=\"no\" class=\"wp-embedded-content\"><\/iframe><script>\n\/*! This file is auto-generated *\/\n!function(d,l){\"use strict\";l.querySelector&&d.addEventListener&&\"undefined\"!=typeof URL&&(d.wp=d.wp||{},d.wp.receiveEmbedMessage||(d.wp.receiveEmbedMessage=function(e){var t=e.data;if((t||t.secret||t.message||t.value)&&!\/[^a-zA-Z0-9]\/.test(t.secret)){for(var s,r,n,a=l.querySelectorAll('iframe[data-secret=\"'+t.secret+'\"]'),o=l.querySelectorAll('blockquote[data-secret=\"'+t.secret+'\"]'),c=new RegExp(\"^https?:$\",\"i\"),i=0;i<o.length;i++)o[i].style.display=\"none\";for(i=0;i<a.length;i++)s=a[i],e.source===s.contentWindow&&(s.removeAttribute(\"style\"),\"height\"===t.message?(1e3<(r=parseInt(t.value,10))?r=1e3:~~r<200&&(r=200),s.height=r):\"link\"===t.message&&(r=new URL(s.getAttribute(\"src\")),n=new URL(t.value),c.test(n.protocol))&&n.host===r.host&&l.activeElement===s&&(d.top.location.href=t.value))}},d.addEventListener(\"message\",d.wp.receiveEmbedMessage,!1),l.addEventListener(\"DOMContentLoaded\",function(){for(var e,t,s=l.querySelectorAll(\"iframe.wp-embedded-content\"),r=0;r<s.length;r++)(t=(e=s[r]).getAttribute(\"data-secret\"))||(t=Math.random().toString(36).substring(2,12),e.src+=\"#?secret=\"+t,e.setAttribute(\"data-secret\",t)),e.contentWindow.postMessage({message:\"ready\",secret:t},\"*\")},!1)))}(window,document);\n\/\/# sourceURL=https:\/\/www.immoschwab.ch\/wp-includes\/js\/wp-embed.min.js\n<\/script>\n","thumbnail_url":"https:\/\/www.immoschwab.ch\/wp-content\/uploads\/2025\/11\/Liegenschaft-1.jpg","thumbnail_width":2000,"thumbnail_height":1334,"description":"De suite ou \u00e0 convenir, nous louons au M\u00fchlethal 6 \u00e0 Aarberg un bel appartement de 3,5 pi\u00e8ces au dernier \u00e9tage. Profitez d'un loyer plus bas la premi\u00e8re ann\u00e9e de location. Un mois de loyer vous est \u00e9pargn\u00e9 et r\u00e9parti sur les 12 premiers mois. A partir de la 2e ann\u00e9e de location, le loyer [&hellip;]"}