{"version":"1.0","provider_name":"Immoschwab SA \u00e0 Morat et Aarberg","provider_url":"https:\/\/www.immoschwab.ch\/fr\/","author_name":"Immoschwab","author_url":"https:\/\/www.immoschwab.ch\/fr\/author\/immoschwab_ag\/","title":"Objet \u00e0 louer \u2013 De la place pour toute la famille &#8211; Immoschwab SA \u00e0 Morat et Aarberg","type":"rich","width":600,"height":338,"html":"<blockquote class=\"wp-embedded-content\" data-secret=\"koaoqALgJ5\"><a href=\"https:\/\/www.immoschwab.ch\/fr\/objekt\/de-la-place-pour-toute-la-famille\/\">De la place pour toute la famille<\/a><\/blockquote><iframe sandbox=\"allow-scripts\" security=\"restricted\" src=\"https:\/\/www.immoschwab.ch\/fr\/objekt\/de-la-place-pour-toute-la-famille\/embed\/#?secret=koaoqALgJ5\" width=\"600\" height=\"338\" title=\"\u00ab\u00a0De la place pour toute la famille\u00a0\u00bb &#8212; Immoschwab SA \u00e0 Morat et Aarberg\" data-secret=\"koaoqALgJ5\" frameborder=\"0\" marginwidth=\"0\" marginheight=\"0\" scrolling=\"no\" class=\"wp-embedded-content\"><\/iframe><script>\n\/*! This file is auto-generated *\/\n!function(d,l){\"use strict\";l.querySelector&&d.addEventListener&&\"undefined\"!=typeof URL&&(d.wp=d.wp||{},d.wp.receiveEmbedMessage||(d.wp.receiveEmbedMessage=function(e){var t=e.data;if((t||t.secret||t.message||t.value)&&!\/[^a-zA-Z0-9]\/.test(t.secret)){for(var s,r,n,a=l.querySelectorAll('iframe[data-secret=\"'+t.secret+'\"]'),o=l.querySelectorAll('blockquote[data-secret=\"'+t.secret+'\"]'),c=new RegExp(\"^https?:$\",\"i\"),i=0;i<o.length;i++)o[i].style.display=\"none\";for(i=0;i<a.length;i++)s=a[i],e.source===s.contentWindow&&(s.removeAttribute(\"style\"),\"height\"===t.message?(1e3<(r=parseInt(t.value,10))?r=1e3:~~r<200&&(r=200),s.height=r):\"link\"===t.message&&(r=new URL(s.getAttribute(\"src\")),n=new URL(t.value),c.test(n.protocol))&&n.host===r.host&&l.activeElement===s&&(d.top.location.href=t.value))}},d.addEventListener(\"message\",d.wp.receiveEmbedMessage,!1),l.addEventListener(\"DOMContentLoaded\",function(){for(var e,t,s=l.querySelectorAll(\"iframe.wp-embedded-content\"),r=0;r<s.length;r++)(t=(e=s[r]).getAttribute(\"data-secret\"))||(t=Math.random().toString(36).substring(2,12),e.src+=\"#?secret=\"+t,e.setAttribute(\"data-secret\",t)),e.contentWindow.postMessage({message:\"ready\",secret:t},\"*\")},!1)))}(window,document);\n\/\/# sourceURL=https:\/\/www.immoschwab.ch\/wp-includes\/js\/wp-embed.min.js\n<\/script>\n","thumbnail_url":"https:\/\/www.immoschwab.ch\/wp-content\/uploads\/2026\/02\/Titelbild-4-scaled.jpg","thumbnail_width":2048,"thumbnail_height":1365,"description":"Au 1\u00e8re Juillet 2026 nous louons un appartement duplex de 6 pi\u00e8ces \u00e0 Siselen. L'appartement s'\u00e9tend sur deux \u00e9tages et convient parfaitement comme logement familial. Les pi\u00e8ces sont toutes \u00e9quip\u00e9es d'un parquet, le couloir et la cuisine sont rev\u00eatus de vinyle. Les placards int\u00e9gr\u00e9s pratiques dans les chambres constituent un atout majeur. \u00c0 l'\u00e9tage sup\u00e9rieur [&hellip;]"}