{"version":"1.0","provider_name":"Immoschwab SA \u00e0 Morat et Aarberg","provider_url":"https:\/\/www.immoschwab.ch\/fr\/","author_name":"Fabienne Voutaz","author_url":"https:\/\/www.immoschwab.ch\/fr\/author\/fabienne_voutaz\/","title":"Objet \u00e0 louer \u2013 \u00catre d\u00e9tendu chez soi &#8211; Immoschwab SA \u00e0 Morat et Aarberg","type":"rich","width":600,"height":338,"html":"<blockquote class=\"wp-embedded-content\" data-secret=\"YtYmbCnfDM\"><a href=\"https:\/\/www.immoschwab.ch\/fr\/objekt\/etre-detendu-chez-soi\/\">\u00catre d\u00e9tendu chez soi<\/a><\/blockquote><iframe sandbox=\"allow-scripts\" security=\"restricted\" src=\"https:\/\/www.immoschwab.ch\/fr\/objekt\/etre-detendu-chez-soi\/embed\/#?secret=YtYmbCnfDM\" width=\"600\" height=\"338\" title=\"\u00ab\u00a0\u00catre d\u00e9tendu chez soi\u00a0\u00bb &#8212; Immoschwab SA \u00e0 Morat et Aarberg\" data-secret=\"YtYmbCnfDM\" frameborder=\"0\" marginwidth=\"0\" marginheight=\"0\" scrolling=\"no\" class=\"wp-embedded-content\"><\/iframe><script>\n\/*! This file is auto-generated *\/\n!function(d,l){\"use strict\";l.querySelector&&d.addEventListener&&\"undefined\"!=typeof URL&&(d.wp=d.wp||{},d.wp.receiveEmbedMessage||(d.wp.receiveEmbedMessage=function(e){var t=e.data;if((t||t.secret||t.message||t.value)&&!\/[^a-zA-Z0-9]\/.test(t.secret)){for(var s,r,n,a=l.querySelectorAll('iframe[data-secret=\"'+t.secret+'\"]'),o=l.querySelectorAll('blockquote[data-secret=\"'+t.secret+'\"]'),c=new RegExp(\"^https?:$\",\"i\"),i=0;i<o.length;i++)o[i].style.display=\"none\";for(i=0;i<a.length;i++)s=a[i],e.source===s.contentWindow&&(s.removeAttribute(\"style\"),\"height\"===t.message?(1e3<(r=parseInt(t.value,10))?r=1e3:~~r<200&&(r=200),s.height=r):\"link\"===t.message&&(r=new URL(s.getAttribute(\"src\")),n=new URL(t.value),c.test(n.protocol))&&n.host===r.host&&l.activeElement===s&&(d.top.location.href=t.value))}},d.addEventListener(\"message\",d.wp.receiveEmbedMessage,!1),l.addEventListener(\"DOMContentLoaded\",function(){for(var e,t,s=l.querySelectorAll(\"iframe.wp-embedded-content\"),r=0;r<s.length;r++)(t=(e=s[r]).getAttribute(\"data-secret\"))||(t=Math.random().toString(36).substring(2,12),e.src+=\"#?secret=\"+t,e.setAttribute(\"data-secret\",t)),e.contentWindow.postMessage({message:\"ready\",secret:t},\"*\")},!1)))}(window,document);\n\/\/# sourceURL=https:\/\/www.immoschwab.ch\/wp-includes\/js\/wp-embed.min.js\n<\/script>\n","thumbnail_url":"https:\/\/www.immoschwab.ch\/wp-content\/uploads\/2026\/02\/IMG_3393-scaled.jpg","thumbnail_width":2048,"thumbnail_height":1366,"description":"A louer pour le 1er mai 2026 ou \u00e0 convenir, bel appartement de 3,5 pi\u00e8ces au 1er \u00e9tage d'une ancienne ferme. Cet appartement au charme rural dispose de deux chambres \u00e0 coucher et d'un salon, accessibles par des portes communicantes. Un vieux po\u00eale en fa\u00efence permet de passer des heures agr\u00e9ables. Une cuisine enti\u00e8rement \u00e9quip\u00e9e [&hellip;]"}