{"version":"1.0","provider_name":"Immoschwab SA \u00e0 Morat et Aarberg","provider_url":"https:\/\/www.immoschwab.ch\/fr\/","author_name":"Fabienne Voutaz","author_url":"https:\/\/www.immoschwab.ch\/fr\/author\/fabienne_voutaz\/","title":"Objet \u00e0 louer \u2013 Mon appartement. mon paradis. &#8211; Immoschwab SA \u00e0 Morat et Aarberg","type":"rich","width":600,"height":338,"html":"<blockquote class=\"wp-embedded-content\" data-secret=\"FxASczCQrm\"><a href=\"https:\/\/www.immoschwab.ch\/fr\/objekt\/mon-appartement-mon-paradis\/\">Mon appartement. mon paradis.<\/a><\/blockquote><iframe sandbox=\"allow-scripts\" security=\"restricted\" src=\"https:\/\/www.immoschwab.ch\/fr\/objekt\/mon-appartement-mon-paradis\/embed\/#?secret=FxASczCQrm\" width=\"600\" height=\"338\" title=\"\u00ab\u00a0Mon appartement. mon paradis.\u00a0\u00bb &#8212; Immoschwab SA \u00e0 Morat et Aarberg\" data-secret=\"FxASczCQrm\" frameborder=\"0\" marginwidth=\"0\" marginheight=\"0\" scrolling=\"no\" class=\"wp-embedded-content\"><\/iframe><script>\n\/*! This file is auto-generated *\/\n!function(d,l){\"use strict\";l.querySelector&&d.addEventListener&&\"undefined\"!=typeof URL&&(d.wp=d.wp||{},d.wp.receiveEmbedMessage||(d.wp.receiveEmbedMessage=function(e){var t=e.data;if((t||t.secret||t.message||t.value)&&!\/[^a-zA-Z0-9]\/.test(t.secret)){for(var s,r,n,a=l.querySelectorAll('iframe[data-secret=\"'+t.secret+'\"]'),o=l.querySelectorAll('blockquote[data-secret=\"'+t.secret+'\"]'),c=new RegExp(\"^https?:$\",\"i\"),i=0;i<o.length;i++)o[i].style.display=\"none\";for(i=0;i<a.length;i++)s=a[i],e.source===s.contentWindow&&(s.removeAttribute(\"style\"),\"height\"===t.message?(1e3<(r=parseInt(t.value,10))?r=1e3:~~r<200&&(r=200),s.height=r):\"link\"===t.message&&(r=new URL(s.getAttribute(\"src\")),n=new URL(t.value),c.test(n.protocol))&&n.host===r.host&&l.activeElement===s&&(d.top.location.href=t.value))}},d.addEventListener(\"message\",d.wp.receiveEmbedMessage,!1),l.addEventListener(\"DOMContentLoaded\",function(){for(var e,t,s=l.querySelectorAll(\"iframe.wp-embedded-content\"),r=0;r<s.length;r++)(t=(e=s[r]).getAttribute(\"data-secret\"))||(t=Math.random().toString(36).substring(2,12),e.src+=\"#?secret=\"+t,e.setAttribute(\"data-secret\",t)),e.contentWindow.postMessage({message:\"ready\",secret:t},\"*\")},!1)))}(window,document);\n\/\/# sourceURL=https:\/\/www.immoschwab.ch\/wp-includes\/js\/wp-embed.min.js\n<\/script>\n","thumbnail_url":"https:\/\/www.immoschwab.ch\/wp-content\/uploads\/2025\/09\/Aussicht-scaled.jpg","thumbnail_width":2048,"thumbnail_height":1536,"description":"\u00c0 partir du 1er decembre 2025 nous louons un appartement de 4.5 pi\u00e8ces \u00e0 M\u00fbr (canton de Vaud). L'appartement r\u00e9nov\u00e9 en 2014 couvre une surface de 119 m2. La cuisine ouverte et moderne avec le salon spacieux d\u00e9gage beaucoup de chaleur ! Surtout la chemin\u00e9e dans le s\u00e9jours donne possibilit\u00e9 de passer de moments de [&hellip;]"}