{"id":22879,"date":"2025-11-06T09:55:32","date_gmt":"2025-11-06T08:55:32","guid":{"rendered":"https:\/\/www.immoschwab.ch\/?post_type=objekte&#038;p=22879"},"modified":"2026-04-10T13:17:30","modified_gmt":"2026-04-10T11:17:30","slug":"appartement-mansarde-a-louer-1x-loyer-offert","status":"publish","type":"objekte","link":"https:\/\/www.immoschwab.ch\/fr\/objekt\/appartement-mansarde-a-louer-1x-loyer-offert\/","title":{"rendered":"Appartement mansard\u00e9 \u00e0 louer \/ 1x loyer offert"},"content":{"rendered":"<p>De suite ou \u00e0 convenir, nous louons au M\u00fchlethal 6 \u00e0 Aarberg un bel appartement de 3,5 pi\u00e8ces au dernier \u00e9tage.<\/p>\n<p>Profitez d'un loyer plus bas la premi\u00e8re ann\u00e9e de location. Un mois de loyer vous est \u00e9pargn\u00e9 et r\u00e9parti sur les 12 premiers mois.<br \/>\nA partir de la 2e ann\u00e9e de location, le loyer brut s'\u00e9l\u00e8ve \u00e0 CHF 1'595.00 (charges comprises).<\/p>\n<p>L'appartement mansard\u00e9 a \u00e9t\u00e9 r\u00e9am\u00e9nag\u00e9 en 2022. L'appartement est \u00e9quip\u00e9 d'une agr\u00e9able cuisine\/salle \u00e0 manger, qui dispose d'un lave-vaisselle et qui est reli\u00e9e au salon. Dans les chambres ainsi que dans la cuisine et le salon, vous profitez d'un sol en parquet. La salle de bain avec douche est \u00e9quip\u00e9e d'un carrelage. Les poutres en bois et la galerie conf\u00e8rent \u00e0 l'appartement une certaine convivialit\u00e9.<\/p>\n<p>Il est possible de louer un abri pour voiture pour CHF 85.00 par mois.<\/p>\n<p>La buanderie commune se trouve au sous-sol et une cave s\u00e9par\u00e9e est \u00e0 votre disposition.<\/p>\n<p>Profitez de moments agr\u00e9ables sur votre propre terrasse de jardin.<\/p>\n<p>L'Aar et de belles promenades \u00e0 travers la for\u00eat, qui invitent \u00e0 la d\u00e9tente, sont \u00e0 votre disposition directement devant la porte.<br \/>\nLa petite ville d'Aarberg ainsi que diverses possibilit\u00e9s d'achat sont \u00e0 votre disposition en quelques minutes de voiture.<\/p>\n<p>Avons-nous \u00e9veill\u00e9 votre int\u00e9r\u00eat ? Nous nous r\u00e9jouissons de votre prise de contact afin d'organiser une visite sans engagement<\/p>\n","protected":false},"featured_media":25857,"template":"","objektstandort":[78],"objektart":[76],"verkaufsart":[77],"class_list":["post-22879","objekte","type-objekte","status-publish","has-post-thumbnail","hentry","objektstandort-aarberg-fr","objektart-wohnung-fr","verkaufsart-mieten-fr"],"acf":[],"yoast_head":"<!-- This site is optimized with the Yoast SEO plugin v27.4 - https:\/\/yoast.com\/product\/yoast-seo-wordpress\/ -->\n<title>Objet \u00e0 louer \u2013 Appartement mansard\u00e9 \u00e0 louer \/ 1x loyer offert &#8211; Immoschwab SA \u00e0 Morat et Aarberg<\/title>\n<meta name=\"robots\" content=\"index, follow, max-snippet:-1, max-image-preview:large, max-video-preview:-1\" \/>\n<link rel=\"canonical\" href=\"https:\/\/www.immoschwab.ch\/fr\/objekt\/appartement-mansarde-a-louer-1x-loyer-offert\/\" \/>\n<meta property=\"og:locale\" content=\"fr_FR\" \/>\n<meta property=\"og:type\" content=\"article\" \/>\n<meta property=\"og:title\" content=\"Objet \u00e0 louer \u2013 Appartement mansard\u00e9 \u00e0 louer \/ 1x loyer offert &#8211; Immoschwab SA \u00e0 Morat et Aarberg\" \/>\n<meta property=\"og:description\" content=\"De suite ou \u00e0 convenir, nous louons au M\u00fchlethal 6 \u00e0 Aarberg un bel appartement de 3,5 pi\u00e8ces au dernier \u00e9tage. Profitez d&#039;un loyer plus bas la premi\u00e8re ann\u00e9e de location. Un mois de loyer vous est \u00e9pargn\u00e9 et r\u00e9parti sur les 12 premiers mois. A partir de la 2e ann\u00e9e de location, le loyer [&hellip;]\" \/>\n<meta property=\"og:url\" content=\"https:\/\/www.immoschwab.ch\/fr\/objekt\/appartement-mansarde-a-louer-1x-loyer-offert\/\" \/>\n<meta property=\"og:site_name\" content=\"Immoschwab SA \u00e0 Morat et Aarberg\" \/>\n<meta property=\"article:publisher\" content=\"https:\/\/www.facebook.com\/immoschwabag\/\" \/>\n<meta property=\"article:modified_time\" content=\"2026-04-10T11:17:30+00:00\" \/>\n<meta property=\"og:image\" content=\"https:\/\/www.immoschwab.ch\/wp-content\/uploads\/2025\/11\/Liegenschaft-1.jpg\" \/>\n\t<meta property=\"og:image:width\" content=\"2000\" \/>\n\t<meta property=\"og:image:height\" content=\"1334\" \/>\n\t<meta property=\"og:image:type\" content=\"image\/jpeg\" \/>\n<meta name=\"twitter:card\" content=\"summary_large_image\" \/>\n<meta name=\"twitter:label1\" content=\"Dur\u00e9e de lecture estim\u00e9e\" \/>\n\t<meta name=\"twitter:data1\" content=\"2 minutes\" \/>\n<script type=\"application\/ld+json\" class=\"yoast-schema-graph\">{\"@context\":\"https:\\\/\\\/schema.org\",\"@graph\":[{\"@type\":\"WebPage\",\"@id\":\"https:\\\/\\\/www.immoschwab.ch\\\/fr\\\/objekt\\\/appartement-mansarde-a-louer-1x-loyer-offert\\\/\",\"url\":\"https:\\\/\\\/www.immoschwab.ch\\\/fr\\\/objekt\\\/appartement-mansarde-a-louer-1x-loyer-offert\\\/\",\"name\":\"Objet \u00e0 louer \u2013 Appartement mansard\u00e9 \u00e0 louer \\\/ 1x loyer offert &#8211; Immoschwab SA \u00e0 Morat et Aarberg\",\"isPartOf\":{\"@id\":\"https:\\\/\\\/www.immoschwab.ch\\\/fr\\\/#website\"},\"primaryImageOfPage\":{\"@id\":\"https:\\\/\\\/www.immoschwab.ch\\\/fr\\\/objekt\\\/appartement-mansarde-a-louer-1x-loyer-offert\\\/#primaryimage\"},\"image\":{\"@id\":\"https:\\\/\\\/www.immoschwab.ch\\\/fr\\\/objekt\\\/appartement-mansarde-a-louer-1x-loyer-offert\\\/#primaryimage\"},\"thumbnailUrl\":\"https:\\\/\\\/www.immoschwab.ch\\\/wp-content\\\/uploads\\\/2025\\\/11\\\/Liegenschaft-1.jpg\",\"datePublished\":\"2025-11-06T08:55:32+00:00\",\"dateModified\":\"2026-04-10T11:17:30+00:00\",\"breadcrumb\":{\"@id\":\"https:\\\/\\\/www.immoschwab.ch\\\/fr\\\/objekt\\\/appartement-mansarde-a-louer-1x-loyer-offert\\\/#breadcrumb\"},\"inLanguage\":\"fr-FR\",\"potentialAction\":[{\"@type\":\"ReadAction\",\"target\":[\"https:\\\/\\\/www.immoschwab.ch\\\/fr\\\/objekt\\\/appartement-mansarde-a-louer-1x-loyer-offert\\\/\"]}]},{\"@type\":\"ImageObject\",\"inLanguage\":\"fr-FR\",\"@id\":\"https:\\\/\\\/www.immoschwab.ch\\\/fr\\\/objekt\\\/appartement-mansarde-a-louer-1x-loyer-offert\\\/#primaryimage\",\"url\":\"https:\\\/\\\/www.immoschwab.ch\\\/wp-content\\\/uploads\\\/2025\\\/11\\\/Liegenschaft-1.jpg\",\"contentUrl\":\"https:\\\/\\\/www.immoschwab.ch\\\/wp-content\\\/uploads\\\/2025\\\/11\\\/Liegenschaft-1.jpg\",\"width\":2000,\"height\":1334},{\"@type\":\"BreadcrumbList\",\"@id\":\"https:\\\/\\\/www.immoschwab.ch\\\/fr\\\/objekt\\\/appartement-mansarde-a-louer-1x-loyer-offert\\\/#breadcrumb\",\"itemListElement\":[{\"@type\":\"ListItem\",\"position\":1,\"name\":\"Home\",\"item\":\"https:\\\/\\\/www.immoschwab.ch\\\/fr\\\/\"},{\"@type\":\"ListItem\",\"position\":2,\"name\":\"Objet \u00e0 louer\",\"item\":\"https:\\\/\\\/www.immoschwab.ch\\\/fr\\\/verkaufsart\\\/mieten-fr\\\/\"},{\"@type\":\"ListItem\",\"position\":3,\"name\":\"Appartement mansard\u00e9 \u00e0 louer \\\/ 1x loyer offert\"}]},{\"@type\":\"WebSite\",\"@id\":\"https:\\\/\\\/www.immoschwab.ch\\\/fr\\\/#website\",\"url\":\"https:\\\/\\\/www.immoschwab.ch\\\/fr\\\/\",\"name\":\"Immoschwab SA \u00e0 Morat et Aarberg\",\"description\":\"\",\"publisher\":{\"@id\":\"https:\\\/\\\/www.immoschwab.ch\\\/fr\\\/#organization\"},\"potentialAction\":[{\"@type\":\"SearchAction\",\"target\":{\"@type\":\"EntryPoint\",\"urlTemplate\":\"https:\\\/\\\/www.immoschwab.ch\\\/fr\\\/?s={search_term_string}\"},\"query-input\":{\"@type\":\"PropertyValueSpecification\",\"valueRequired\":true,\"valueName\":\"search_term_string\"}}],\"inLanguage\":\"fr-FR\"},{\"@type\":\"Organization\",\"@id\":\"https:\\\/\\\/www.immoschwab.ch\\\/fr\\\/#organization\",\"name\":\"Immoschwab AG\",\"url\":\"https:\\\/\\\/www.immoschwab.ch\\\/fr\\\/\",\"logo\":{\"@type\":\"ImageObject\",\"inLanguage\":\"fr-FR\",\"@id\":\"https:\\\/\\\/www.immoschwab.ch\\\/fr\\\/#\\\/schema\\\/logo\\\/image\\\/\",\"url\":\"https:\\\/\\\/www.immoschwab.ch\\\/wp-content\\\/uploads\\\/2023\\\/08\\\/logo-immoschwab-color.svg\",\"contentUrl\":\"https:\\\/\\\/www.immoschwab.ch\\\/wp-content\\\/uploads\\\/2023\\\/08\\\/logo-immoschwab-color.svg\",\"width\":291,\"height\":65,\"caption\":\"Immoschwab AG\"},\"image\":{\"@id\":\"https:\\\/\\\/www.immoschwab.ch\\\/fr\\\/#\\\/schema\\\/logo\\\/image\\\/\"},\"sameAs\":[\"https:\\\/\\\/www.facebook.com\\\/immoschwabag\\\/\",\"https:\\\/\\\/www.instagram.com\\\/immoschwabag\\\/\",\"https:\\\/\\\/www.linkedin.com\\\/company\\\/immoschwab-ag\\\/\"]}]}<\/script>\n<!-- \/ Yoast SEO plugin. -->","yoast_head_json":{"title":"Objet \u00e0 louer \u2013 Appartement mansard\u00e9 \u00e0 louer \/ 1x loyer offert &#8211; Immoschwab SA \u00e0 Morat et Aarberg","robots":{"index":"index","follow":"follow","max-snippet":"max-snippet:-1","max-image-preview":"max-image-preview:large","max-video-preview":"max-video-preview:-1"},"canonical":"https:\/\/www.immoschwab.ch\/fr\/objekt\/appartement-mansarde-a-louer-1x-loyer-offert\/","og_locale":"fr_FR","og_type":"article","og_title":"Objet \u00e0 louer \u2013 Appartement mansard\u00e9 \u00e0 louer \/ 1x loyer offert &#8211; Immoschwab SA \u00e0 Morat et Aarberg","og_description":"De suite ou \u00e0 convenir, nous louons au M\u00fchlethal 6 \u00e0 Aarberg un bel appartement de 3,5 pi\u00e8ces au dernier \u00e9tage. Profitez d'un loyer plus bas la premi\u00e8re ann\u00e9e de location. Un mois de loyer vous est \u00e9pargn\u00e9 et r\u00e9parti sur les 12 premiers mois. A partir de la 2e ann\u00e9e de location, le loyer [&hellip;]","og_url":"https:\/\/www.immoschwab.ch\/fr\/objekt\/appartement-mansarde-a-louer-1x-loyer-offert\/","og_site_name":"Immoschwab SA \u00e0 Morat et Aarberg","article_publisher":"https:\/\/www.facebook.com\/immoschwabag\/","article_modified_time":"2026-04-10T11:17:30+00:00","og_image":[{"width":2000,"height":1334,"url":"https:\/\/www.immoschwab.ch\/wp-content\/uploads\/2025\/11\/Liegenschaft-1.jpg","type":"image\/jpeg"}],"twitter_card":"summary_large_image","twitter_misc":{"Dur\u00e9e de lecture estim\u00e9e":"2 minutes"},"schema":{"@context":"https:\/\/schema.org","@graph":[{"@type":"WebPage","@id":"https:\/\/www.immoschwab.ch\/fr\/objekt\/appartement-mansarde-a-louer-1x-loyer-offert\/","url":"https:\/\/www.immoschwab.ch\/fr\/objekt\/appartement-mansarde-a-louer-1x-loyer-offert\/","name":"Objet \u00e0 louer \u2013 Appartement mansard\u00e9 \u00e0 louer \/ 1x loyer offert &#8211; Immoschwab SA \u00e0 Morat et Aarberg","isPartOf":{"@id":"https:\/\/www.immoschwab.ch\/fr\/#website"},"primaryImageOfPage":{"@id":"https:\/\/www.immoschwab.ch\/fr\/objekt\/appartement-mansarde-a-louer-1x-loyer-offert\/#primaryimage"},"image":{"@id":"https:\/\/www.immoschwab.ch\/fr\/objekt\/appartement-mansarde-a-louer-1x-loyer-offert\/#primaryimage"},"thumbnailUrl":"https:\/\/www.immoschwab.ch\/wp-content\/uploads\/2025\/11\/Liegenschaft-1.jpg","datePublished":"2025-11-06T08:55:32+00:00","dateModified":"2026-04-10T11:17:30+00:00","breadcrumb":{"@id":"https:\/\/www.immoschwab.ch\/fr\/objekt\/appartement-mansarde-a-louer-1x-loyer-offert\/#breadcrumb"},"inLanguage":"fr-FR","potentialAction":[{"@type":"ReadAction","target":["https:\/\/www.immoschwab.ch\/fr\/objekt\/appartement-mansarde-a-louer-1x-loyer-offert\/"]}]},{"@type":"ImageObject","inLanguage":"fr-FR","@id":"https:\/\/www.immoschwab.ch\/fr\/objekt\/appartement-mansarde-a-louer-1x-loyer-offert\/#primaryimage","url":"https:\/\/www.immoschwab.ch\/wp-content\/uploads\/2025\/11\/Liegenschaft-1.jpg","contentUrl":"https:\/\/www.immoschwab.ch\/wp-content\/uploads\/2025\/11\/Liegenschaft-1.jpg","width":2000,"height":1334},{"@type":"BreadcrumbList","@id":"https:\/\/www.immoschwab.ch\/fr\/objekt\/appartement-mansarde-a-louer-1x-loyer-offert\/#breadcrumb","itemListElement":[{"@type":"ListItem","position":1,"name":"Home","item":"https:\/\/www.immoschwab.ch\/fr\/"},{"@type":"ListItem","position":2,"name":"Objet \u00e0 louer","item":"https:\/\/www.immoschwab.ch\/fr\/verkaufsart\/mieten-fr\/"},{"@type":"ListItem","position":3,"name":"Appartement mansard\u00e9 \u00e0 louer \/ 1x loyer offert"}]},{"@type":"WebSite","@id":"https:\/\/www.immoschwab.ch\/fr\/#website","url":"https:\/\/www.immoschwab.ch\/fr\/","name":"Immoschwab SA \u00e0 Morat et Aarberg","description":"","publisher":{"@id":"https:\/\/www.immoschwab.ch\/fr\/#organization"},"potentialAction":[{"@type":"SearchAction","target":{"@type":"EntryPoint","urlTemplate":"https:\/\/www.immoschwab.ch\/fr\/?s={search_term_string}"},"query-input":{"@type":"PropertyValueSpecification","valueRequired":true,"valueName":"search_term_string"}}],"inLanguage":"fr-FR"},{"@type":"Organization","@id":"https:\/\/www.immoschwab.ch\/fr\/#organization","name":"Immoschwab AG","url":"https:\/\/www.immoschwab.ch\/fr\/","logo":{"@type":"ImageObject","inLanguage":"fr-FR","@id":"https:\/\/www.immoschwab.ch\/fr\/#\/schema\/logo\/image\/","url":"https:\/\/www.immoschwab.ch\/wp-content\/uploads\/2023\/08\/logo-immoschwab-color.svg","contentUrl":"https:\/\/www.immoschwab.ch\/wp-content\/uploads\/2023\/08\/logo-immoschwab-color.svg","width":291,"height":65,"caption":"Immoschwab AG"},"image":{"@id":"https:\/\/www.immoschwab.ch\/fr\/#\/schema\/logo\/image\/"},"sameAs":["https:\/\/www.facebook.com\/immoschwabag\/","https:\/\/www.instagram.com\/immoschwabag\/","https:\/\/www.linkedin.com\/company\/immoschwab-ag\/"]}]}},"_links":{"self":[{"href":"https:\/\/www.immoschwab.ch\/fr\/wp-json\/wp\/v2\/objekte\/22879","targetHints":{"allow":["GET"]}}],"collection":[{"href":"https:\/\/www.immoschwab.ch\/fr\/wp-json\/wp\/v2\/objekte"}],"about":[{"href":"https:\/\/www.immoschwab.ch\/fr\/wp-json\/wp\/v2\/types\/objekte"}],"wp:featuredmedia":[{"embeddable":true,"href":"https:\/\/www.immoschwab.ch\/fr\/wp-json\/wp\/v2\/media\/25857"}],"wp:attachment":[{"href":"https:\/\/www.immoschwab.ch\/fr\/wp-json\/wp\/v2\/media?parent=22879"}],"wp:term":[{"taxonomy":"objektstandort","embeddable":true,"href":"https:\/\/www.immoschwab.ch\/fr\/wp-json\/wp\/v2\/objektstandort?post=22879"},{"taxonomy":"objektart","embeddable":true,"href":"https:\/\/www.immoschwab.ch\/fr\/wp-json\/wp\/v2\/objektart?post=22879"},{"taxonomy":"verkaufsart","embeddable":true,"href":"https:\/\/www.immoschwab.ch\/fr\/wp-json\/wp\/v2\/verkaufsart?post=22879"}],"curies":[{"name":"wp","href":"https:\/\/api.w.org\/{rel}","templated":true}]}}