{"id":24613,"date":"2026-02-09T16:22:29","date_gmt":"2026-02-09T15:22:29","guid":{"rendered":"https:\/\/www.immoschwab.ch\/?post_type=objekte&#038;p=24613"},"modified":"2026-03-16T11:08:41","modified_gmt":"2026-03-16T10:08:41","slug":"etre-detendu-chez-soi","status":"publish","type":"objekte","link":"https:\/\/www.immoschwab.ch\/fr\/objekt\/etre-detendu-chez-soi\/","title":{"rendered":"\u00catre d\u00e9tendu chez soi"},"content":{"rendered":"<p>A louer pour le 1er mai 2026 ou \u00e0 convenir, bel appartement de 3,5 pi\u00e8ces au 1er \u00e9tage d'une ancienne ferme.<\/p>\n<p>Cet appartement au charme rural dispose de deux chambres \u00e0 coucher et d'un salon, accessibles par des portes communicantes. Un vieux po\u00eale en fa\u00efence permet de passer des heures agr\u00e9ables.<\/p>\n<p>Une cuisine enti\u00e8rement \u00e9quip\u00e9e avec une plaque de cuisson en c\u00e9ramique et un four se r\u00e9jouit d\u00e9j\u00e0 de vos talents culinaires.<\/p>\n<p>La salle de bain est \u00e9quip\u00e9e d'une douche et de toilettes.<\/p>\n<p>L'appartement dispose \u00e9galement d'un grand jardin qui demande \u00e0 \u00eatre entretenu avec beaucoup d'amour et de main verte.<\/p>\n<p>Les chats sont autoris\u00e9s comme animaux domestiques.<\/p>\n<p>Avons-nous \u00e9veill\u00e9 votre int\u00e9r\u00eat ? N'h\u00e9sitez pas \u00e0 nous contacter pour convenir d'une date de visite<\/p>\n","protected":false},"featured_media":24592,"template":"","objektstandort":[262],"objektart":[76],"verkaufsart":[77],"class_list":["post-24613","objekte","type-objekte","status-publish","has-post-thumbnail","hentry","objektstandort-gerzensee-fr","objektart-wohnung-fr","verkaufsart-mieten-fr"],"acf":[],"yoast_head":"<!-- This site is optimized with the Yoast SEO plugin v27.5 - https:\/\/yoast.com\/product\/yoast-seo-wordpress\/ -->\n<title>Objet \u00e0 louer \u2013 \u00catre d\u00e9tendu chez soi &#8211; Immoschwab SA \u00e0 Morat et Aarberg<\/title>\n<meta name=\"robots\" content=\"index, follow, max-snippet:-1, max-image-preview:large, max-video-preview:-1\" \/>\n<link rel=\"canonical\" href=\"https:\/\/www.immoschwab.ch\/fr\/objekt\/etre-detendu-chez-soi\/\" \/>\n<meta property=\"og:locale\" content=\"fr_FR\" \/>\n<meta property=\"og:type\" content=\"article\" \/>\n<meta property=\"og:title\" content=\"Objet \u00e0 louer \u2013 \u00catre d\u00e9tendu chez soi &#8211; Immoschwab SA \u00e0 Morat et Aarberg\" \/>\n<meta property=\"og:description\" content=\"A louer pour le 1er mai 2026 ou \u00e0 convenir, bel appartement de 3,5 pi\u00e8ces au 1er \u00e9tage d&#039;une ancienne ferme. Cet appartement au charme rural dispose de deux chambres \u00e0 coucher et d&#039;un salon, accessibles par des portes communicantes. Un vieux po\u00eale en fa\u00efence permet de passer des heures agr\u00e9ables. Une cuisine enti\u00e8rement \u00e9quip\u00e9e [&hellip;]\" \/>\n<meta property=\"og:url\" content=\"https:\/\/www.immoschwab.ch\/fr\/objekt\/etre-detendu-chez-soi\/\" \/>\n<meta property=\"og:site_name\" content=\"Immoschwab SA \u00e0 Morat et Aarberg\" \/>\n<meta property=\"article:publisher\" content=\"https:\/\/www.facebook.com\/immoschwabag\/\" \/>\n<meta property=\"article:modified_time\" content=\"2026-03-16T10:08:41+00:00\" \/>\n<meta property=\"og:image\" content=\"https:\/\/www.immoschwab.ch\/wp-content\/uploads\/2026\/02\/IMG_3393-scaled.jpg\" \/>\n\t<meta property=\"og:image:width\" content=\"2048\" \/>\n\t<meta property=\"og:image:height\" content=\"1366\" \/>\n\t<meta property=\"og:image:type\" content=\"image\/jpeg\" \/>\n<meta name=\"twitter:card\" content=\"summary_large_image\" \/>\n<meta name=\"twitter:label1\" content=\"Dur\u00e9e de lecture estim\u00e9e\" \/>\n\t<meta name=\"twitter:data1\" content=\"1 minute\" \/>\n<script type=\"application\/ld+json\" class=\"yoast-schema-graph\">{\"@context\":\"https:\\\/\\\/schema.org\",\"@graph\":[{\"@type\":\"WebPage\",\"@id\":\"https:\\\/\\\/www.immoschwab.ch\\\/fr\\\/objekt\\\/etre-detendu-chez-soi\\\/\",\"url\":\"https:\\\/\\\/www.immoschwab.ch\\\/fr\\\/objekt\\\/etre-detendu-chez-soi\\\/\",\"name\":\"Objet \u00e0 louer \u2013 \u00catre d\u00e9tendu chez soi &#8211; Immoschwab SA \u00e0 Morat et Aarberg\",\"isPartOf\":{\"@id\":\"https:\\\/\\\/www.immoschwab.ch\\\/fr\\\/#website\"},\"primaryImageOfPage\":{\"@id\":\"https:\\\/\\\/www.immoschwab.ch\\\/fr\\\/objekt\\\/etre-detendu-chez-soi\\\/#primaryimage\"},\"image\":{\"@id\":\"https:\\\/\\\/www.immoschwab.ch\\\/fr\\\/objekt\\\/etre-detendu-chez-soi\\\/#primaryimage\"},\"thumbnailUrl\":\"https:\\\/\\\/www.immoschwab.ch\\\/wp-content\\\/uploads\\\/2026\\\/02\\\/IMG_3393-scaled.jpg\",\"datePublished\":\"2026-02-09T15:22:29+00:00\",\"dateModified\":\"2026-03-16T10:08:41+00:00\",\"breadcrumb\":{\"@id\":\"https:\\\/\\\/www.immoschwab.ch\\\/fr\\\/objekt\\\/etre-detendu-chez-soi\\\/#breadcrumb\"},\"inLanguage\":\"fr-FR\",\"potentialAction\":[{\"@type\":\"ReadAction\",\"target\":[\"https:\\\/\\\/www.immoschwab.ch\\\/fr\\\/objekt\\\/etre-detendu-chez-soi\\\/\"]}]},{\"@type\":\"ImageObject\",\"inLanguage\":\"fr-FR\",\"@id\":\"https:\\\/\\\/www.immoschwab.ch\\\/fr\\\/objekt\\\/etre-detendu-chez-soi\\\/#primaryimage\",\"url\":\"https:\\\/\\\/www.immoschwab.ch\\\/wp-content\\\/uploads\\\/2026\\\/02\\\/IMG_3393-scaled.jpg\",\"contentUrl\":\"https:\\\/\\\/www.immoschwab.ch\\\/wp-content\\\/uploads\\\/2026\\\/02\\\/IMG_3393-scaled.jpg\",\"width\":2048,\"height\":1366},{\"@type\":\"BreadcrumbList\",\"@id\":\"https:\\\/\\\/www.immoschwab.ch\\\/fr\\\/objekt\\\/etre-detendu-chez-soi\\\/#breadcrumb\",\"itemListElement\":[{\"@type\":\"ListItem\",\"position\":1,\"name\":\"Home\",\"item\":\"https:\\\/\\\/www.immoschwab.ch\\\/fr\\\/\"},{\"@type\":\"ListItem\",\"position\":2,\"name\":\"Objet \u00e0 louer\",\"item\":\"https:\\\/\\\/www.immoschwab.ch\\\/fr\\\/verkaufsart\\\/mieten-fr\\\/\"},{\"@type\":\"ListItem\",\"position\":3,\"name\":\"\u00catre d\u00e9tendu chez soi\"}]},{\"@type\":\"WebSite\",\"@id\":\"https:\\\/\\\/www.immoschwab.ch\\\/fr\\\/#website\",\"url\":\"https:\\\/\\\/www.immoschwab.ch\\\/fr\\\/\",\"name\":\"Immoschwab SA \u00e0 Morat et Aarberg\",\"description\":\"\",\"publisher\":{\"@id\":\"https:\\\/\\\/www.immoschwab.ch\\\/fr\\\/#organization\"},\"potentialAction\":[{\"@type\":\"SearchAction\",\"target\":{\"@type\":\"EntryPoint\",\"urlTemplate\":\"https:\\\/\\\/www.immoschwab.ch\\\/fr\\\/?s={search_term_string}\"},\"query-input\":{\"@type\":\"PropertyValueSpecification\",\"valueRequired\":true,\"valueName\":\"search_term_string\"}}],\"inLanguage\":\"fr-FR\"},{\"@type\":\"Organization\",\"@id\":\"https:\\\/\\\/www.immoschwab.ch\\\/fr\\\/#organization\",\"name\":\"Immoschwab AG\",\"url\":\"https:\\\/\\\/www.immoschwab.ch\\\/fr\\\/\",\"logo\":{\"@type\":\"ImageObject\",\"inLanguage\":\"fr-FR\",\"@id\":\"https:\\\/\\\/www.immoschwab.ch\\\/fr\\\/#\\\/schema\\\/logo\\\/image\\\/\",\"url\":\"https:\\\/\\\/www.immoschwab.ch\\\/wp-content\\\/uploads\\\/2023\\\/08\\\/logo-immoschwab-color.svg\",\"contentUrl\":\"https:\\\/\\\/www.immoschwab.ch\\\/wp-content\\\/uploads\\\/2023\\\/08\\\/logo-immoschwab-color.svg\",\"width\":291,\"height\":65,\"caption\":\"Immoschwab AG\"},\"image\":{\"@id\":\"https:\\\/\\\/www.immoschwab.ch\\\/fr\\\/#\\\/schema\\\/logo\\\/image\\\/\"},\"sameAs\":[\"https:\\\/\\\/www.facebook.com\\\/immoschwabag\\\/\",\"https:\\\/\\\/www.instagram.com\\\/immoschwabag\\\/\",\"https:\\\/\\\/www.linkedin.com\\\/company\\\/immoschwab-ag\\\/\"]}]}<\/script>\n<!-- \/ Yoast SEO plugin. -->","yoast_head_json":{"title":"Objet \u00e0 louer \u2013 \u00catre d\u00e9tendu chez soi &#8211; Immoschwab SA \u00e0 Morat et Aarberg","robots":{"index":"index","follow":"follow","max-snippet":"max-snippet:-1","max-image-preview":"max-image-preview:large","max-video-preview":"max-video-preview:-1"},"canonical":"https:\/\/www.immoschwab.ch\/fr\/objekt\/etre-detendu-chez-soi\/","og_locale":"fr_FR","og_type":"article","og_title":"Objet \u00e0 louer \u2013 \u00catre d\u00e9tendu chez soi &#8211; Immoschwab SA \u00e0 Morat et Aarberg","og_description":"A louer pour le 1er mai 2026 ou \u00e0 convenir, bel appartement de 3,5 pi\u00e8ces au 1er \u00e9tage d'une ancienne ferme. Cet appartement au charme rural dispose de deux chambres \u00e0 coucher et d'un salon, accessibles par des portes communicantes. Un vieux po\u00eale en fa\u00efence permet de passer des heures agr\u00e9ables. Une cuisine enti\u00e8rement \u00e9quip\u00e9e [&hellip;]","og_url":"https:\/\/www.immoschwab.ch\/fr\/objekt\/etre-detendu-chez-soi\/","og_site_name":"Immoschwab SA \u00e0 Morat et Aarberg","article_publisher":"https:\/\/www.facebook.com\/immoschwabag\/","article_modified_time":"2026-03-16T10:08:41+00:00","og_image":[{"width":2048,"height":1366,"url":"https:\/\/www.immoschwab.ch\/wp-content\/uploads\/2026\/02\/IMG_3393-scaled.jpg","type":"image\/jpeg"}],"twitter_card":"summary_large_image","twitter_misc":{"Dur\u00e9e de lecture estim\u00e9e":"1 minute"},"schema":{"@context":"https:\/\/schema.org","@graph":[{"@type":"WebPage","@id":"https:\/\/www.immoschwab.ch\/fr\/objekt\/etre-detendu-chez-soi\/","url":"https:\/\/www.immoschwab.ch\/fr\/objekt\/etre-detendu-chez-soi\/","name":"Objet \u00e0 louer \u2013 \u00catre d\u00e9tendu chez soi &#8211; Immoschwab SA \u00e0 Morat et Aarberg","isPartOf":{"@id":"https:\/\/www.immoschwab.ch\/fr\/#website"},"primaryImageOfPage":{"@id":"https:\/\/www.immoschwab.ch\/fr\/objekt\/etre-detendu-chez-soi\/#primaryimage"},"image":{"@id":"https:\/\/www.immoschwab.ch\/fr\/objekt\/etre-detendu-chez-soi\/#primaryimage"},"thumbnailUrl":"https:\/\/www.immoschwab.ch\/wp-content\/uploads\/2026\/02\/IMG_3393-scaled.jpg","datePublished":"2026-02-09T15:22:29+00:00","dateModified":"2026-03-16T10:08:41+00:00","breadcrumb":{"@id":"https:\/\/www.immoschwab.ch\/fr\/objekt\/etre-detendu-chez-soi\/#breadcrumb"},"inLanguage":"fr-FR","potentialAction":[{"@type":"ReadAction","target":["https:\/\/www.immoschwab.ch\/fr\/objekt\/etre-detendu-chez-soi\/"]}]},{"@type":"ImageObject","inLanguage":"fr-FR","@id":"https:\/\/www.immoschwab.ch\/fr\/objekt\/etre-detendu-chez-soi\/#primaryimage","url":"https:\/\/www.immoschwab.ch\/wp-content\/uploads\/2026\/02\/IMG_3393-scaled.jpg","contentUrl":"https:\/\/www.immoschwab.ch\/wp-content\/uploads\/2026\/02\/IMG_3393-scaled.jpg","width":2048,"height":1366},{"@type":"BreadcrumbList","@id":"https:\/\/www.immoschwab.ch\/fr\/objekt\/etre-detendu-chez-soi\/#breadcrumb","itemListElement":[{"@type":"ListItem","position":1,"name":"Home","item":"https:\/\/www.immoschwab.ch\/fr\/"},{"@type":"ListItem","position":2,"name":"Objet \u00e0 louer","item":"https:\/\/www.immoschwab.ch\/fr\/verkaufsart\/mieten-fr\/"},{"@type":"ListItem","position":3,"name":"\u00catre d\u00e9tendu chez soi"}]},{"@type":"WebSite","@id":"https:\/\/www.immoschwab.ch\/fr\/#website","url":"https:\/\/www.immoschwab.ch\/fr\/","name":"Immoschwab SA \u00e0 Morat et Aarberg","description":"","publisher":{"@id":"https:\/\/www.immoschwab.ch\/fr\/#organization"},"potentialAction":[{"@type":"SearchAction","target":{"@type":"EntryPoint","urlTemplate":"https:\/\/www.immoschwab.ch\/fr\/?s={search_term_string}"},"query-input":{"@type":"PropertyValueSpecification","valueRequired":true,"valueName":"search_term_string"}}],"inLanguage":"fr-FR"},{"@type":"Organization","@id":"https:\/\/www.immoschwab.ch\/fr\/#organization","name":"Immoschwab AG","url":"https:\/\/www.immoschwab.ch\/fr\/","logo":{"@type":"ImageObject","inLanguage":"fr-FR","@id":"https:\/\/www.immoschwab.ch\/fr\/#\/schema\/logo\/image\/","url":"https:\/\/www.immoschwab.ch\/wp-content\/uploads\/2023\/08\/logo-immoschwab-color.svg","contentUrl":"https:\/\/www.immoschwab.ch\/wp-content\/uploads\/2023\/08\/logo-immoschwab-color.svg","width":291,"height":65,"caption":"Immoschwab AG"},"image":{"@id":"https:\/\/www.immoschwab.ch\/fr\/#\/schema\/logo\/image\/"},"sameAs":["https:\/\/www.facebook.com\/immoschwabag\/","https:\/\/www.instagram.com\/immoschwabag\/","https:\/\/www.linkedin.com\/company\/immoschwab-ag\/"]}]}},"_links":{"self":[{"href":"https:\/\/www.immoschwab.ch\/fr\/wp-json\/wp\/v2\/objekte\/24613","targetHints":{"allow":["GET"]}}],"collection":[{"href":"https:\/\/www.immoschwab.ch\/fr\/wp-json\/wp\/v2\/objekte"}],"about":[{"href":"https:\/\/www.immoschwab.ch\/fr\/wp-json\/wp\/v2\/types\/objekte"}],"wp:featuredmedia":[{"embeddable":true,"href":"https:\/\/www.immoschwab.ch\/fr\/wp-json\/wp\/v2\/media\/24592"}],"wp:attachment":[{"href":"https:\/\/www.immoschwab.ch\/fr\/wp-json\/wp\/v2\/media?parent=24613"}],"wp:term":[{"taxonomy":"objektstandort","embeddable":true,"href":"https:\/\/www.immoschwab.ch\/fr\/wp-json\/wp\/v2\/objektstandort?post=24613"},{"taxonomy":"objektart","embeddable":true,"href":"https:\/\/www.immoschwab.ch\/fr\/wp-json\/wp\/v2\/objektart?post=24613"},{"taxonomy":"verkaufsart","embeddable":true,"href":"https:\/\/www.immoschwab.ch\/fr\/wp-json\/wp\/v2\/verkaufsart?post=24613"}],"curies":[{"name":"wp","href":"https:\/\/api.w.org\/{rel}","templated":true}]}}