{"id":25091,"date":"2026-03-16T08:54:59","date_gmt":"2026-03-16T07:54:59","guid":{"rendered":"https:\/\/www.immoschwab.ch\/?post_type=objekte&#038;p=25091"},"modified":"2026-03-19T17:09:20","modified_gmt":"2026-03-19T16:09:20","slug":"appartement-maisonette-de-5-pces-avec-le-charme-de-la-vielle-ville","status":"publish","type":"objekte","link":"https:\/\/www.immoschwab.ch\/fr\/objekt\/appartement-maisonette-de-5-pces-avec-le-charme-de-la-vielle-ville\/","title":{"rendered":"Appartement maisonette de 5 pces - Avec le charme de la vielle ville!"},"content":{"rendered":"<p>Au c\u0153ur de la vieille ville historique de Morat se trouve cet attrayant appartement en duplex de 5 pi\u00e8ces. Il offre sur deux \u00e9tages un espace de vie spacieux et unique et qui d\u00e9gage beaucoup de confort. La terrasse sur le toit permet de profiter pleinement de l'ambiance particuli\u00e8re de ce lieu magnifique. Le bon \u00e9tat g\u00e9n\u00e9ral de l'appartement permet un emm\u00e9nagement rapide, sans travaux de r\u00e9novation co\u00fbteux.<\/p>\n<p>L'appartement est situ\u00e9 dans une maison fi\u00e8re de la vieille ville et fait partie d'une petite PPE. Il s'adresse \u00e0 un public qui recherche un espace de vie hors du commun et qui attache une grande importance au confort, \u00e0 la discr\u00e9tion et \u00e0 la s\u00e9curit\u00e9 dans ses propres murs.<\/p>\n<p>C'est une occasion tr\u00e8s rare d'acqu\u00e9rir un logement dans l'un des endroits les plus attrayants et les plus recherch\u00e9s de Suisse.<\/p>\n","protected":false},"featured_media":25076,"template":"","objektstandort":[79],"objektart":[76],"verkaufsart":[103],"class_list":["post-25091","objekte","type-objekte","status-publish","has-post-thumbnail","hentry","objektstandort-murten-fr","objektart-wohnung-fr","verkaufsart-kaufen-fr"],"acf":[],"yoast_head":"<!-- This site is optimized with the Yoast SEO plugin v27.5 - https:\/\/yoast.com\/product\/yoast-seo-wordpress\/ -->\n<title>Objet \u00e0 acheter \u2013 Appartement maisonette de 5 pces - Avec le charme de la vielle ville! &#8211; Immoschwab SA \u00e0 Morat et Aarberg<\/title>\n<meta name=\"robots\" content=\"index, follow, max-snippet:-1, max-image-preview:large, max-video-preview:-1\" \/>\n<link rel=\"canonical\" href=\"https:\/\/www.immoschwab.ch\/fr\/objekt\/appartement-maisonette-de-5-pces-avec-le-charme-de-la-vielle-ville\/\" \/>\n<meta property=\"og:locale\" content=\"fr_FR\" \/>\n<meta property=\"og:type\" content=\"article\" \/>\n<meta property=\"og:title\" content=\"Objet \u00e0 acheter \u2013 Appartement maisonette de 5 pces - Avec le charme de la vielle ville! &#8211; Immoschwab SA \u00e0 Morat et Aarberg\" \/>\n<meta property=\"og:description\" content=\"Au c\u0153ur de la vieille ville historique de Morat se trouve cet attrayant appartement en duplex de 5 pi\u00e8ces. Il offre sur deux \u00e9tages un espace de vie spacieux et unique et qui d\u00e9gage beaucoup de confort. La terrasse sur le toit permet de profiter pleinement de l&#039;ambiance particuli\u00e8re de ce lieu magnifique. Le bon [&hellip;]\" \/>\n<meta property=\"og:url\" content=\"https:\/\/www.immoschwab.ch\/fr\/objekt\/appartement-maisonette-de-5-pces-avec-le-charme-de-la-vielle-ville\/\" \/>\n<meta property=\"og:site_name\" content=\"Immoschwab SA \u00e0 Morat et Aarberg\" \/>\n<meta property=\"article:publisher\" content=\"https:\/\/www.facebook.com\/immoschwabag\/\" \/>\n<meta property=\"article:modified_time\" content=\"2026-03-19T16:09:20+00:00\" \/>\n<meta property=\"og:image\" content=\"https:\/\/www.immoschwab.ch\/wp-content\/uploads\/2026\/03\/Titelbild_Wohnen_Essen_1-scaled.jpg\" \/>\n\t<meta property=\"og:image:width\" content=\"2048\" \/>\n\t<meta property=\"og:image:height\" content=\"1366\" \/>\n\t<meta property=\"og:image:type\" content=\"image\/jpeg\" \/>\n<meta name=\"twitter:card\" content=\"summary_large_image\" \/>\n<meta name=\"twitter:label1\" content=\"Dur\u00e9e de lecture estim\u00e9e\" \/>\n\t<meta name=\"twitter:data1\" content=\"1 minute\" \/>\n<script type=\"application\/ld+json\" class=\"yoast-schema-graph\">{\"@context\":\"https:\\\/\\\/schema.org\",\"@graph\":[{\"@type\":\"WebPage\",\"@id\":\"https:\\\/\\\/www.immoschwab.ch\\\/fr\\\/objekt\\\/appartement-maisonette-de-5-pces-avec-le-charme-de-la-vielle-ville\\\/\",\"url\":\"https:\\\/\\\/www.immoschwab.ch\\\/fr\\\/objekt\\\/appartement-maisonette-de-5-pces-avec-le-charme-de-la-vielle-ville\\\/\",\"name\":\"Objet \u00e0 acheter \u2013 Appartement maisonette de 5 pces - Avec le charme de la vielle ville! &#8211; Immoschwab SA \u00e0 Morat et Aarberg\",\"isPartOf\":{\"@id\":\"https:\\\/\\\/www.immoschwab.ch\\\/fr\\\/#website\"},\"primaryImageOfPage\":{\"@id\":\"https:\\\/\\\/www.immoschwab.ch\\\/fr\\\/objekt\\\/appartement-maisonette-de-5-pces-avec-le-charme-de-la-vielle-ville\\\/#primaryimage\"},\"image\":{\"@id\":\"https:\\\/\\\/www.immoschwab.ch\\\/fr\\\/objekt\\\/appartement-maisonette-de-5-pces-avec-le-charme-de-la-vielle-ville\\\/#primaryimage\"},\"thumbnailUrl\":\"https:\\\/\\\/www.immoschwab.ch\\\/wp-content\\\/uploads\\\/2026\\\/03\\\/Titelbild_Wohnen_Essen_1-scaled.jpg\",\"datePublished\":\"2026-03-16T07:54:59+00:00\",\"dateModified\":\"2026-03-19T16:09:20+00:00\",\"breadcrumb\":{\"@id\":\"https:\\\/\\\/www.immoschwab.ch\\\/fr\\\/objekt\\\/appartement-maisonette-de-5-pces-avec-le-charme-de-la-vielle-ville\\\/#breadcrumb\"},\"inLanguage\":\"fr-FR\",\"potentialAction\":[{\"@type\":\"ReadAction\",\"target\":[\"https:\\\/\\\/www.immoschwab.ch\\\/fr\\\/objekt\\\/appartement-maisonette-de-5-pces-avec-le-charme-de-la-vielle-ville\\\/\"]}]},{\"@type\":\"ImageObject\",\"inLanguage\":\"fr-FR\",\"@id\":\"https:\\\/\\\/www.immoschwab.ch\\\/fr\\\/objekt\\\/appartement-maisonette-de-5-pces-avec-le-charme-de-la-vielle-ville\\\/#primaryimage\",\"url\":\"https:\\\/\\\/www.immoschwab.ch\\\/wp-content\\\/uploads\\\/2026\\\/03\\\/Titelbild_Wohnen_Essen_1-scaled.jpg\",\"contentUrl\":\"https:\\\/\\\/www.immoschwab.ch\\\/wp-content\\\/uploads\\\/2026\\\/03\\\/Titelbild_Wohnen_Essen_1-scaled.jpg\",\"width\":2048,\"height\":1366},{\"@type\":\"BreadcrumbList\",\"@id\":\"https:\\\/\\\/www.immoschwab.ch\\\/fr\\\/objekt\\\/appartement-maisonette-de-5-pces-avec-le-charme-de-la-vielle-ville\\\/#breadcrumb\",\"itemListElement\":[{\"@type\":\"ListItem\",\"position\":1,\"name\":\"Home\",\"item\":\"https:\\\/\\\/www.immoschwab.ch\\\/fr\\\/\"},{\"@type\":\"ListItem\",\"position\":2,\"name\":\"Objet \u00e0 acheter\",\"item\":\"https:\\\/\\\/www.immoschwab.ch\\\/fr\\\/verkaufsart\\\/kaufen-fr\\\/\"},{\"@type\":\"ListItem\",\"position\":3,\"name\":\"Appartement maisonette de 5 pces - Avec le charme de la vielle ville!\"}]},{\"@type\":\"WebSite\",\"@id\":\"https:\\\/\\\/www.immoschwab.ch\\\/fr\\\/#website\",\"url\":\"https:\\\/\\\/www.immoschwab.ch\\\/fr\\\/\",\"name\":\"Immoschwab SA \u00e0 Morat et Aarberg\",\"description\":\"\",\"publisher\":{\"@id\":\"https:\\\/\\\/www.immoschwab.ch\\\/fr\\\/#organization\"},\"potentialAction\":[{\"@type\":\"SearchAction\",\"target\":{\"@type\":\"EntryPoint\",\"urlTemplate\":\"https:\\\/\\\/www.immoschwab.ch\\\/fr\\\/?s={search_term_string}\"},\"query-input\":{\"@type\":\"PropertyValueSpecification\",\"valueRequired\":true,\"valueName\":\"search_term_string\"}}],\"inLanguage\":\"fr-FR\"},{\"@type\":\"Organization\",\"@id\":\"https:\\\/\\\/www.immoschwab.ch\\\/fr\\\/#organization\",\"name\":\"Immoschwab AG\",\"url\":\"https:\\\/\\\/www.immoschwab.ch\\\/fr\\\/\",\"logo\":{\"@type\":\"ImageObject\",\"inLanguage\":\"fr-FR\",\"@id\":\"https:\\\/\\\/www.immoschwab.ch\\\/fr\\\/#\\\/schema\\\/logo\\\/image\\\/\",\"url\":\"https:\\\/\\\/www.immoschwab.ch\\\/wp-content\\\/uploads\\\/2023\\\/08\\\/logo-immoschwab-color.svg\",\"contentUrl\":\"https:\\\/\\\/www.immoschwab.ch\\\/wp-content\\\/uploads\\\/2023\\\/08\\\/logo-immoschwab-color.svg\",\"width\":291,\"height\":65,\"caption\":\"Immoschwab AG\"},\"image\":{\"@id\":\"https:\\\/\\\/www.immoschwab.ch\\\/fr\\\/#\\\/schema\\\/logo\\\/image\\\/\"},\"sameAs\":[\"https:\\\/\\\/www.facebook.com\\\/immoschwabag\\\/\",\"https:\\\/\\\/www.instagram.com\\\/immoschwabag\\\/\",\"https:\\\/\\\/www.linkedin.com\\\/company\\\/immoschwab-ag\\\/\"]}]}<\/script>\n<!-- \/ Yoast SEO plugin. -->","yoast_head_json":{"title":"Objet \u00e0 acheter \u2013 Appartement maisonette de 5 pces - Avec le charme de la vielle ville! &#8211; Immoschwab SA \u00e0 Morat et Aarberg","robots":{"index":"index","follow":"follow","max-snippet":"max-snippet:-1","max-image-preview":"max-image-preview:large","max-video-preview":"max-video-preview:-1"},"canonical":"https:\/\/www.immoschwab.ch\/fr\/objekt\/appartement-maisonette-de-5-pces-avec-le-charme-de-la-vielle-ville\/","og_locale":"fr_FR","og_type":"article","og_title":"Objet \u00e0 acheter \u2013 Appartement maisonette de 5 pces - Avec le charme de la vielle ville! &#8211; Immoschwab SA \u00e0 Morat et Aarberg","og_description":"Au c\u0153ur de la vieille ville historique de Morat se trouve cet attrayant appartement en duplex de 5 pi\u00e8ces. Il offre sur deux \u00e9tages un espace de vie spacieux et unique et qui d\u00e9gage beaucoup de confort. La terrasse sur le toit permet de profiter pleinement de l'ambiance particuli\u00e8re de ce lieu magnifique. Le bon [&hellip;]","og_url":"https:\/\/www.immoschwab.ch\/fr\/objekt\/appartement-maisonette-de-5-pces-avec-le-charme-de-la-vielle-ville\/","og_site_name":"Immoschwab SA \u00e0 Morat et Aarberg","article_publisher":"https:\/\/www.facebook.com\/immoschwabag\/","article_modified_time":"2026-03-19T16:09:20+00:00","og_image":[{"width":2048,"height":1366,"url":"https:\/\/www.immoschwab.ch\/wp-content\/uploads\/2026\/03\/Titelbild_Wohnen_Essen_1-scaled.jpg","type":"image\/jpeg"}],"twitter_card":"summary_large_image","twitter_misc":{"Dur\u00e9e de lecture estim\u00e9e":"1 minute"},"schema":{"@context":"https:\/\/schema.org","@graph":[{"@type":"WebPage","@id":"https:\/\/www.immoschwab.ch\/fr\/objekt\/appartement-maisonette-de-5-pces-avec-le-charme-de-la-vielle-ville\/","url":"https:\/\/www.immoschwab.ch\/fr\/objekt\/appartement-maisonette-de-5-pces-avec-le-charme-de-la-vielle-ville\/","name":"Objet \u00e0 acheter \u2013 Appartement maisonette de 5 pces - Avec le charme de la vielle ville! &#8211; Immoschwab SA \u00e0 Morat et Aarberg","isPartOf":{"@id":"https:\/\/www.immoschwab.ch\/fr\/#website"},"primaryImageOfPage":{"@id":"https:\/\/www.immoschwab.ch\/fr\/objekt\/appartement-maisonette-de-5-pces-avec-le-charme-de-la-vielle-ville\/#primaryimage"},"image":{"@id":"https:\/\/www.immoschwab.ch\/fr\/objekt\/appartement-maisonette-de-5-pces-avec-le-charme-de-la-vielle-ville\/#primaryimage"},"thumbnailUrl":"https:\/\/www.immoschwab.ch\/wp-content\/uploads\/2026\/03\/Titelbild_Wohnen_Essen_1-scaled.jpg","datePublished":"2026-03-16T07:54:59+00:00","dateModified":"2026-03-19T16:09:20+00:00","breadcrumb":{"@id":"https:\/\/www.immoschwab.ch\/fr\/objekt\/appartement-maisonette-de-5-pces-avec-le-charme-de-la-vielle-ville\/#breadcrumb"},"inLanguage":"fr-FR","potentialAction":[{"@type":"ReadAction","target":["https:\/\/www.immoschwab.ch\/fr\/objekt\/appartement-maisonette-de-5-pces-avec-le-charme-de-la-vielle-ville\/"]}]},{"@type":"ImageObject","inLanguage":"fr-FR","@id":"https:\/\/www.immoschwab.ch\/fr\/objekt\/appartement-maisonette-de-5-pces-avec-le-charme-de-la-vielle-ville\/#primaryimage","url":"https:\/\/www.immoschwab.ch\/wp-content\/uploads\/2026\/03\/Titelbild_Wohnen_Essen_1-scaled.jpg","contentUrl":"https:\/\/www.immoschwab.ch\/wp-content\/uploads\/2026\/03\/Titelbild_Wohnen_Essen_1-scaled.jpg","width":2048,"height":1366},{"@type":"BreadcrumbList","@id":"https:\/\/www.immoschwab.ch\/fr\/objekt\/appartement-maisonette-de-5-pces-avec-le-charme-de-la-vielle-ville\/#breadcrumb","itemListElement":[{"@type":"ListItem","position":1,"name":"Home","item":"https:\/\/www.immoschwab.ch\/fr\/"},{"@type":"ListItem","position":2,"name":"Objet \u00e0 acheter","item":"https:\/\/www.immoschwab.ch\/fr\/verkaufsart\/kaufen-fr\/"},{"@type":"ListItem","position":3,"name":"Appartement maisonette de 5 pces - Avec le charme de la vielle ville!"}]},{"@type":"WebSite","@id":"https:\/\/www.immoschwab.ch\/fr\/#website","url":"https:\/\/www.immoschwab.ch\/fr\/","name":"Immoschwab SA \u00e0 Morat et Aarberg","description":"","publisher":{"@id":"https:\/\/www.immoschwab.ch\/fr\/#organization"},"potentialAction":[{"@type":"SearchAction","target":{"@type":"EntryPoint","urlTemplate":"https:\/\/www.immoschwab.ch\/fr\/?s={search_term_string}"},"query-input":{"@type":"PropertyValueSpecification","valueRequired":true,"valueName":"search_term_string"}}],"inLanguage":"fr-FR"},{"@type":"Organization","@id":"https:\/\/www.immoschwab.ch\/fr\/#organization","name":"Immoschwab AG","url":"https:\/\/www.immoschwab.ch\/fr\/","logo":{"@type":"ImageObject","inLanguage":"fr-FR","@id":"https:\/\/www.immoschwab.ch\/fr\/#\/schema\/logo\/image\/","url":"https:\/\/www.immoschwab.ch\/wp-content\/uploads\/2023\/08\/logo-immoschwab-color.svg","contentUrl":"https:\/\/www.immoschwab.ch\/wp-content\/uploads\/2023\/08\/logo-immoschwab-color.svg","width":291,"height":65,"caption":"Immoschwab AG"},"image":{"@id":"https:\/\/www.immoschwab.ch\/fr\/#\/schema\/logo\/image\/"},"sameAs":["https:\/\/www.facebook.com\/immoschwabag\/","https:\/\/www.instagram.com\/immoschwabag\/","https:\/\/www.linkedin.com\/company\/immoschwab-ag\/"]}]}},"_links":{"self":[{"href":"https:\/\/www.immoschwab.ch\/fr\/wp-json\/wp\/v2\/objekte\/25091","targetHints":{"allow":["GET"]}}],"collection":[{"href":"https:\/\/www.immoschwab.ch\/fr\/wp-json\/wp\/v2\/objekte"}],"about":[{"href":"https:\/\/www.immoschwab.ch\/fr\/wp-json\/wp\/v2\/types\/objekte"}],"wp:featuredmedia":[{"embeddable":true,"href":"https:\/\/www.immoschwab.ch\/fr\/wp-json\/wp\/v2\/media\/25076"}],"wp:attachment":[{"href":"https:\/\/www.immoschwab.ch\/fr\/wp-json\/wp\/v2\/media?parent=25091"}],"wp:term":[{"taxonomy":"objektstandort","embeddable":true,"href":"https:\/\/www.immoschwab.ch\/fr\/wp-json\/wp\/v2\/objektstandort?post=25091"},{"taxonomy":"objektart","embeddable":true,"href":"https:\/\/www.immoschwab.ch\/fr\/wp-json\/wp\/v2\/objektart?post=25091"},{"taxonomy":"verkaufsart","embeddable":true,"href":"https:\/\/www.immoschwab.ch\/fr\/wp-json\/wp\/v2\/verkaufsart?post=25091"}],"curies":[{"name":"wp","href":"https:\/\/api.w.org\/{rel}","templated":true}]}}