{"id":25758,"date":"2026-04-07T16:18:59","date_gmt":"2026-04-07T14:18:59","guid":{"rendered":"https:\/\/www.immoschwab.ch\/?post_type=objekte&#038;p=25758"},"modified":"2026-04-07T16:18:59","modified_gmt":"2026-04-07T14:18:59","slug":"appartement-attrayant-de-3-pieces-avec-balcon-a-ostermundigen","status":"publish","type":"objekte","link":"https:\/\/www.immoschwab.ch\/fr\/objekt\/appartement-attrayant-de-3-pieces-avec-balcon-a-ostermundigen\/","title":{"rendered":"Appartement attrayant de 3 pi\u00e8ces avec balcon \u00e0 Ostermundigen"},"content":{"rendered":"<p>Nous louons pour le 1er juillet 2026 ce charmant appartement de trois pi\u00e8ces bien agenc\u00e9 \u00e0 Ostermundigen. L'appartement dispose d'une salle de s\u00e9jour lumineuse, de deux chambres \u00e0 coucher confortables ainsi que d'une cuisine ferm\u00e9e qui offre suffisamment de place pour cuisiner et se d\u00e9tendre.<\/p>\n<p>La salle de bain est \u00e9quip\u00e9e d'une baignoire. Un autre atout est le balcon, sur lequel vous pourrez profiter de l'air frais et passer des heures ensoleill\u00e9es.<\/p>\n<p>L'appartement est id\u00e9al pour les couples, les colocations ou les personnes seules qui appr\u00e9cient un quartier calme mais bien desservi.<\/p>\n<p>Avons-nous \u00e9veill\u00e9 votre int\u00e9r\u00eat ? Nous nous r\u00e9jouissons de votre prise de contact !<\/p>\n","protected":false},"featured_media":25746,"template":"","objektstandort":[212],"objektart":[76],"verkaufsart":[77],"class_list":["post-25758","objekte","type-objekte","status-publish","has-post-thumbnail","hentry","objektstandort-ostermundigen-2-fr","objektart-wohnung-fr","verkaufsart-mieten-fr"],"acf":[],"yoast_head":"<!-- This site is optimized with the Yoast SEO plugin v27.4 - https:\/\/yoast.com\/product\/yoast-seo-wordpress\/ -->\n<title>Objet \u00e0 louer \u2013 Appartement attrayant de 3 pi\u00e8ces avec balcon \u00e0 Ostermundigen &#8211; Immoschwab SA \u00e0 Morat et Aarberg<\/title>\n<meta name=\"robots\" content=\"index, follow, max-snippet:-1, max-image-preview:large, max-video-preview:-1\" \/>\n<link rel=\"canonical\" href=\"https:\/\/www.immoschwab.ch\/fr\/objekt\/appartement-attrayant-de-3-pieces-avec-balcon-a-ostermundigen\/\" \/>\n<meta property=\"og:locale\" content=\"fr_FR\" \/>\n<meta property=\"og:type\" content=\"article\" \/>\n<meta property=\"og:title\" content=\"Objet \u00e0 louer \u2013 Appartement attrayant de 3 pi\u00e8ces avec balcon \u00e0 Ostermundigen &#8211; Immoschwab SA \u00e0 Morat et Aarberg\" \/>\n<meta property=\"og:description\" content=\"Nous louons pour le 1er juillet 2026 ce charmant appartement de trois pi\u00e8ces bien agenc\u00e9 \u00e0 Ostermundigen. L&#039;appartement dispose d&#039;une salle de s\u00e9jour lumineuse, de deux chambres \u00e0 coucher confortables ainsi que d&#039;une cuisine ferm\u00e9e qui offre suffisamment de place pour cuisiner et se d\u00e9tendre. La salle de bain est \u00e9quip\u00e9e d&#039;une baignoire. Un autre [&hellip;]\" \/>\n<meta property=\"og:url\" content=\"https:\/\/www.immoschwab.ch\/fr\/objekt\/appartement-attrayant-de-3-pieces-avec-balcon-a-ostermundigen\/\" \/>\n<meta property=\"og:site_name\" content=\"Immoschwab SA \u00e0 Morat et Aarberg\" \/>\n<meta property=\"article:publisher\" content=\"https:\/\/www.facebook.com\/immoschwabag\/\" \/>\n<meta property=\"og:image\" content=\"https:\/\/www.immoschwab.ch\/wp-content\/uploads\/2026\/04\/Liegenschaft-2-scaled.jpg\" \/>\n\t<meta property=\"og:image:width\" content=\"2048\" \/>\n\t<meta property=\"og:image:height\" content=\"1365\" \/>\n\t<meta property=\"og:image:type\" content=\"image\/jpeg\" \/>\n<meta name=\"twitter:card\" content=\"summary_large_image\" \/>\n<meta name=\"twitter:label1\" content=\"Dur\u00e9e de lecture estim\u00e9e\" \/>\n\t<meta name=\"twitter:data1\" content=\"1 minute\" \/>\n<script type=\"application\/ld+json\" class=\"yoast-schema-graph\">{\"@context\":\"https:\\\/\\\/schema.org\",\"@graph\":[{\"@type\":\"WebPage\",\"@id\":\"https:\\\/\\\/www.immoschwab.ch\\\/fr\\\/objekt\\\/appartement-attrayant-de-3-pieces-avec-balcon-a-ostermundigen\\\/\",\"url\":\"https:\\\/\\\/www.immoschwab.ch\\\/fr\\\/objekt\\\/appartement-attrayant-de-3-pieces-avec-balcon-a-ostermundigen\\\/\",\"name\":\"Objet \u00e0 louer \u2013 Appartement attrayant de 3 pi\u00e8ces avec balcon \u00e0 Ostermundigen &#8211; Immoschwab SA \u00e0 Morat et Aarberg\",\"isPartOf\":{\"@id\":\"https:\\\/\\\/www.immoschwab.ch\\\/fr\\\/#website\"},\"primaryImageOfPage\":{\"@id\":\"https:\\\/\\\/www.immoschwab.ch\\\/fr\\\/objekt\\\/appartement-attrayant-de-3-pieces-avec-balcon-a-ostermundigen\\\/#primaryimage\"},\"image\":{\"@id\":\"https:\\\/\\\/www.immoschwab.ch\\\/fr\\\/objekt\\\/appartement-attrayant-de-3-pieces-avec-balcon-a-ostermundigen\\\/#primaryimage\"},\"thumbnailUrl\":\"https:\\\/\\\/www.immoschwab.ch\\\/wp-content\\\/uploads\\\/2026\\\/04\\\/Liegenschaft-2-scaled.jpg\",\"datePublished\":\"2026-04-07T14:18:59+00:00\",\"breadcrumb\":{\"@id\":\"https:\\\/\\\/www.immoschwab.ch\\\/fr\\\/objekt\\\/appartement-attrayant-de-3-pieces-avec-balcon-a-ostermundigen\\\/#breadcrumb\"},\"inLanguage\":\"fr-FR\",\"potentialAction\":[{\"@type\":\"ReadAction\",\"target\":[\"https:\\\/\\\/www.immoschwab.ch\\\/fr\\\/objekt\\\/appartement-attrayant-de-3-pieces-avec-balcon-a-ostermundigen\\\/\"]}]},{\"@type\":\"ImageObject\",\"inLanguage\":\"fr-FR\",\"@id\":\"https:\\\/\\\/www.immoschwab.ch\\\/fr\\\/objekt\\\/appartement-attrayant-de-3-pieces-avec-balcon-a-ostermundigen\\\/#primaryimage\",\"url\":\"https:\\\/\\\/www.immoschwab.ch\\\/wp-content\\\/uploads\\\/2026\\\/04\\\/Liegenschaft-2-scaled.jpg\",\"contentUrl\":\"https:\\\/\\\/www.immoschwab.ch\\\/wp-content\\\/uploads\\\/2026\\\/04\\\/Liegenschaft-2-scaled.jpg\",\"width\":2048,\"height\":1365},{\"@type\":\"BreadcrumbList\",\"@id\":\"https:\\\/\\\/www.immoschwab.ch\\\/fr\\\/objekt\\\/appartement-attrayant-de-3-pieces-avec-balcon-a-ostermundigen\\\/#breadcrumb\",\"itemListElement\":[{\"@type\":\"ListItem\",\"position\":1,\"name\":\"Home\",\"item\":\"https:\\\/\\\/www.immoschwab.ch\\\/fr\\\/\"},{\"@type\":\"ListItem\",\"position\":2,\"name\":\"Objet \u00e0 louer\",\"item\":\"https:\\\/\\\/www.immoschwab.ch\\\/fr\\\/verkaufsart\\\/mieten-fr\\\/\"},{\"@type\":\"ListItem\",\"position\":3,\"name\":\"Appartement attrayant de 3 pi\u00e8ces avec balcon \u00e0 Ostermundigen\"}]},{\"@type\":\"WebSite\",\"@id\":\"https:\\\/\\\/www.immoschwab.ch\\\/fr\\\/#website\",\"url\":\"https:\\\/\\\/www.immoschwab.ch\\\/fr\\\/\",\"name\":\"Immoschwab SA \u00e0 Morat et Aarberg\",\"description\":\"\",\"publisher\":{\"@id\":\"https:\\\/\\\/www.immoschwab.ch\\\/fr\\\/#organization\"},\"potentialAction\":[{\"@type\":\"SearchAction\",\"target\":{\"@type\":\"EntryPoint\",\"urlTemplate\":\"https:\\\/\\\/www.immoschwab.ch\\\/fr\\\/?s={search_term_string}\"},\"query-input\":{\"@type\":\"PropertyValueSpecification\",\"valueRequired\":true,\"valueName\":\"search_term_string\"}}],\"inLanguage\":\"fr-FR\"},{\"@type\":\"Organization\",\"@id\":\"https:\\\/\\\/www.immoschwab.ch\\\/fr\\\/#organization\",\"name\":\"Immoschwab AG\",\"url\":\"https:\\\/\\\/www.immoschwab.ch\\\/fr\\\/\",\"logo\":{\"@type\":\"ImageObject\",\"inLanguage\":\"fr-FR\",\"@id\":\"https:\\\/\\\/www.immoschwab.ch\\\/fr\\\/#\\\/schema\\\/logo\\\/image\\\/\",\"url\":\"https:\\\/\\\/www.immoschwab.ch\\\/wp-content\\\/uploads\\\/2023\\\/08\\\/logo-immoschwab-color.svg\",\"contentUrl\":\"https:\\\/\\\/www.immoschwab.ch\\\/wp-content\\\/uploads\\\/2023\\\/08\\\/logo-immoschwab-color.svg\",\"width\":291,\"height\":65,\"caption\":\"Immoschwab AG\"},\"image\":{\"@id\":\"https:\\\/\\\/www.immoschwab.ch\\\/fr\\\/#\\\/schema\\\/logo\\\/image\\\/\"},\"sameAs\":[\"https:\\\/\\\/www.facebook.com\\\/immoschwabag\\\/\",\"https:\\\/\\\/www.instagram.com\\\/immoschwabag\\\/\",\"https:\\\/\\\/www.linkedin.com\\\/company\\\/immoschwab-ag\\\/\"]}]}<\/script>\n<!-- \/ Yoast SEO plugin. -->","yoast_head_json":{"title":"Objet \u00e0 louer \u2013 Appartement attrayant de 3 pi\u00e8ces avec balcon \u00e0 Ostermundigen &#8211; Immoschwab SA \u00e0 Morat et Aarberg","robots":{"index":"index","follow":"follow","max-snippet":"max-snippet:-1","max-image-preview":"max-image-preview:large","max-video-preview":"max-video-preview:-1"},"canonical":"https:\/\/www.immoschwab.ch\/fr\/objekt\/appartement-attrayant-de-3-pieces-avec-balcon-a-ostermundigen\/","og_locale":"fr_FR","og_type":"article","og_title":"Objet \u00e0 louer \u2013 Appartement attrayant de 3 pi\u00e8ces avec balcon \u00e0 Ostermundigen &#8211; Immoschwab SA \u00e0 Morat et Aarberg","og_description":"Nous louons pour le 1er juillet 2026 ce charmant appartement de trois pi\u00e8ces bien agenc\u00e9 \u00e0 Ostermundigen. L'appartement dispose d'une salle de s\u00e9jour lumineuse, de deux chambres \u00e0 coucher confortables ainsi que d'une cuisine ferm\u00e9e qui offre suffisamment de place pour cuisiner et se d\u00e9tendre. La salle de bain est \u00e9quip\u00e9e d'une baignoire. Un autre [&hellip;]","og_url":"https:\/\/www.immoschwab.ch\/fr\/objekt\/appartement-attrayant-de-3-pieces-avec-balcon-a-ostermundigen\/","og_site_name":"Immoschwab SA \u00e0 Morat et Aarberg","article_publisher":"https:\/\/www.facebook.com\/immoschwabag\/","og_image":[{"width":2048,"height":1365,"url":"https:\/\/www.immoschwab.ch\/wp-content\/uploads\/2026\/04\/Liegenschaft-2-scaled.jpg","type":"image\/jpeg"}],"twitter_card":"summary_large_image","twitter_misc":{"Dur\u00e9e de lecture estim\u00e9e":"1 minute"},"schema":{"@context":"https:\/\/schema.org","@graph":[{"@type":"WebPage","@id":"https:\/\/www.immoschwab.ch\/fr\/objekt\/appartement-attrayant-de-3-pieces-avec-balcon-a-ostermundigen\/","url":"https:\/\/www.immoschwab.ch\/fr\/objekt\/appartement-attrayant-de-3-pieces-avec-balcon-a-ostermundigen\/","name":"Objet \u00e0 louer \u2013 Appartement attrayant de 3 pi\u00e8ces avec balcon \u00e0 Ostermundigen &#8211; Immoschwab SA \u00e0 Morat et Aarberg","isPartOf":{"@id":"https:\/\/www.immoschwab.ch\/fr\/#website"},"primaryImageOfPage":{"@id":"https:\/\/www.immoschwab.ch\/fr\/objekt\/appartement-attrayant-de-3-pieces-avec-balcon-a-ostermundigen\/#primaryimage"},"image":{"@id":"https:\/\/www.immoschwab.ch\/fr\/objekt\/appartement-attrayant-de-3-pieces-avec-balcon-a-ostermundigen\/#primaryimage"},"thumbnailUrl":"https:\/\/www.immoschwab.ch\/wp-content\/uploads\/2026\/04\/Liegenschaft-2-scaled.jpg","datePublished":"2026-04-07T14:18:59+00:00","breadcrumb":{"@id":"https:\/\/www.immoschwab.ch\/fr\/objekt\/appartement-attrayant-de-3-pieces-avec-balcon-a-ostermundigen\/#breadcrumb"},"inLanguage":"fr-FR","potentialAction":[{"@type":"ReadAction","target":["https:\/\/www.immoschwab.ch\/fr\/objekt\/appartement-attrayant-de-3-pieces-avec-balcon-a-ostermundigen\/"]}]},{"@type":"ImageObject","inLanguage":"fr-FR","@id":"https:\/\/www.immoschwab.ch\/fr\/objekt\/appartement-attrayant-de-3-pieces-avec-balcon-a-ostermundigen\/#primaryimage","url":"https:\/\/www.immoschwab.ch\/wp-content\/uploads\/2026\/04\/Liegenschaft-2-scaled.jpg","contentUrl":"https:\/\/www.immoschwab.ch\/wp-content\/uploads\/2026\/04\/Liegenschaft-2-scaled.jpg","width":2048,"height":1365},{"@type":"BreadcrumbList","@id":"https:\/\/www.immoschwab.ch\/fr\/objekt\/appartement-attrayant-de-3-pieces-avec-balcon-a-ostermundigen\/#breadcrumb","itemListElement":[{"@type":"ListItem","position":1,"name":"Home","item":"https:\/\/www.immoschwab.ch\/fr\/"},{"@type":"ListItem","position":2,"name":"Objet \u00e0 louer","item":"https:\/\/www.immoschwab.ch\/fr\/verkaufsart\/mieten-fr\/"},{"@type":"ListItem","position":3,"name":"Appartement attrayant de 3 pi\u00e8ces avec balcon \u00e0 Ostermundigen"}]},{"@type":"WebSite","@id":"https:\/\/www.immoschwab.ch\/fr\/#website","url":"https:\/\/www.immoschwab.ch\/fr\/","name":"Immoschwab SA \u00e0 Morat et Aarberg","description":"","publisher":{"@id":"https:\/\/www.immoschwab.ch\/fr\/#organization"},"potentialAction":[{"@type":"SearchAction","target":{"@type":"EntryPoint","urlTemplate":"https:\/\/www.immoschwab.ch\/fr\/?s={search_term_string}"},"query-input":{"@type":"PropertyValueSpecification","valueRequired":true,"valueName":"search_term_string"}}],"inLanguage":"fr-FR"},{"@type":"Organization","@id":"https:\/\/www.immoschwab.ch\/fr\/#organization","name":"Immoschwab AG","url":"https:\/\/www.immoschwab.ch\/fr\/","logo":{"@type":"ImageObject","inLanguage":"fr-FR","@id":"https:\/\/www.immoschwab.ch\/fr\/#\/schema\/logo\/image\/","url":"https:\/\/www.immoschwab.ch\/wp-content\/uploads\/2023\/08\/logo-immoschwab-color.svg","contentUrl":"https:\/\/www.immoschwab.ch\/wp-content\/uploads\/2023\/08\/logo-immoschwab-color.svg","width":291,"height":65,"caption":"Immoschwab AG"},"image":{"@id":"https:\/\/www.immoschwab.ch\/fr\/#\/schema\/logo\/image\/"},"sameAs":["https:\/\/www.facebook.com\/immoschwabag\/","https:\/\/www.instagram.com\/immoschwabag\/","https:\/\/www.linkedin.com\/company\/immoschwab-ag\/"]}]}},"_links":{"self":[{"href":"https:\/\/www.immoschwab.ch\/fr\/wp-json\/wp\/v2\/objekte\/25758","targetHints":{"allow":["GET"]}}],"collection":[{"href":"https:\/\/www.immoschwab.ch\/fr\/wp-json\/wp\/v2\/objekte"}],"about":[{"href":"https:\/\/www.immoschwab.ch\/fr\/wp-json\/wp\/v2\/types\/objekte"}],"wp:featuredmedia":[{"embeddable":true,"href":"https:\/\/www.immoschwab.ch\/fr\/wp-json\/wp\/v2\/media\/25746"}],"wp:attachment":[{"href":"https:\/\/www.immoschwab.ch\/fr\/wp-json\/wp\/v2\/media?parent=25758"}],"wp:term":[{"taxonomy":"objektstandort","embeddable":true,"href":"https:\/\/www.immoschwab.ch\/fr\/wp-json\/wp\/v2\/objektstandort?post=25758"},{"taxonomy":"objektart","embeddable":true,"href":"https:\/\/www.immoschwab.ch\/fr\/wp-json\/wp\/v2\/objektart?post=25758"},{"taxonomy":"verkaufsart","embeddable":true,"href":"https:\/\/www.immoschwab.ch\/fr\/wp-json\/wp\/v2\/verkaufsart?post=25758"}],"curies":[{"name":"wp","href":"https:\/\/api.w.org\/{rel}","templated":true}]}}