{"id":25779,"date":"2026-04-08T15:08:56","date_gmt":"2026-04-08T13:08:56","guid":{"rendered":"https:\/\/www.immoschwab.ch\/?post_type=objekte&#038;p=25779"},"modified":"2026-04-08T15:08:56","modified_gmt":"2026-04-08T13:08:56","slug":"vivre-dans-la-vieillesse-2-5-pieces-pour-personnes-agees","status":"publish","type":"objekte","link":"https:\/\/www.immoschwab.ch\/fr\/objekt\/vivre-dans-la-vieillesse-2-5-pieces-pour-personnes-agees\/","title":{"rendered":"Vivre dans la vieillesse - 2.5-pi\u00e8ces pour personnes \u00e2g\u00e9es"},"content":{"rendered":"<p>A partir du 16 juin 2026 ou \u00e0 convenir, nous louons au Mitteldorf 27 \u00e0 Kallnach un appartement pour personnes \u00e2g\u00e9es attrayant et spacieux de 2,5 pi\u00e8ces au rez-de-chauss\u00e9e. L'appartement peut \u00eatre lou\u00e9 par des personnes int\u00e9ress\u00e9es \u00e2g\u00e9es de 50 ans et plus.<\/p>\n<p>La cuisine moderne est \u00e9quip\u00e9e d'un lave-vaisselle ainsi que d'une plaque de cuisson en vitroc\u00e9ramique et offre les meilleures conditions pour d\u00e9velopper vos talents culinaires. La cuisine et le salon disposent d'un carrelage facile \u00e0 entretenir, tandis que dans la chambre \u00e0 coucher, un agr\u00e9able sol stratifi\u00e9 assure le confort de vie.<\/p>\n<p>La salle de bain spacieuse avec douche de plain-pied permet un acc\u00e8s confortable et s\u00fbr. Une armoire encastr\u00e9e pratique dans le couloir cr\u00e9e un espace de rangement suppl\u00e9mentaire.<\/p>\n<p>Sur la terrasse, il est possible d'am\u00e9nager un coin salon agr\u00e9able pour profiter de l'environnement calme et s'y attarder.<\/p>\n<p>L'appartement comprend un compartiment de cave au sous-sol ainsi que l'utilisation de la buanderie commune. Une place de parking souterrain peut \u00eatre lou\u00e9e en plus pour CHF 100.00 par mois.<\/p>\n<p>La gare est accessible en quelques minutes \u00e0 pied et offre des liaisons directes vers Aarberg et Kerzers. La charmante petite ville d'Aarberg est \u00e9galement accessible en peu de temps et vous y trouverez de nombreux magasins et restaurants. \u00c0 Kallnach m\u00eame, vous disposez d'un magasin de village pour les besoins quotidiens ainsi que de belles promenades.<\/p>\n<p>Avons-nous \u00e9veill\u00e9 votre int\u00e9r\u00eat ?<br \/>\nNous nous r\u00e9jouissons de votre prise de contact et vous montrerons volontiers l'appartement lors d'une visite sans engagement<\/p>\n","protected":false},"featured_media":25776,"template":"","objektstandort":[84],"objektart":[76],"verkaufsart":[77],"class_list":["post-25779","objekte","type-objekte","status-publish","has-post-thumbnail","hentry","objektstandort-kallnach-fr","objektart-wohnung-fr","verkaufsart-mieten-fr"],"acf":[],"yoast_head":"<!-- This site is optimized with the Yoast SEO plugin v27.4 - https:\/\/yoast.com\/product\/yoast-seo-wordpress\/ -->\n<title>Objet \u00e0 louer \u2013 Vivre dans la vieillesse - 2.5-pi\u00e8ces pour personnes \u00e2g\u00e9es &#8211; Immoschwab SA \u00e0 Morat et Aarberg<\/title>\n<meta name=\"robots\" content=\"index, follow, max-snippet:-1, max-image-preview:large, max-video-preview:-1\" \/>\n<link rel=\"canonical\" href=\"https:\/\/www.immoschwab.ch\/fr\/objekt\/vivre-dans-la-vieillesse-2-5-pieces-pour-personnes-agees\/\" \/>\n<meta property=\"og:locale\" content=\"fr_FR\" \/>\n<meta property=\"og:type\" content=\"article\" \/>\n<meta property=\"og:title\" content=\"Objet \u00e0 louer \u2013 Vivre dans la vieillesse - 2.5-pi\u00e8ces pour personnes \u00e2g\u00e9es &#8211; Immoschwab SA \u00e0 Morat et Aarberg\" \/>\n<meta property=\"og:description\" content=\"A partir du 16 juin 2026 ou \u00e0 convenir, nous louons au Mitteldorf 27 \u00e0 Kallnach un appartement pour personnes \u00e2g\u00e9es attrayant et spacieux de 2,5 pi\u00e8ces au rez-de-chauss\u00e9e. L&#039;appartement peut \u00eatre lou\u00e9 par des personnes int\u00e9ress\u00e9es \u00e2g\u00e9es de 50 ans et plus. La cuisine moderne est \u00e9quip\u00e9e d&#039;un lave-vaisselle ainsi que d&#039;une plaque de [&hellip;]\" \/>\n<meta property=\"og:url\" content=\"https:\/\/www.immoschwab.ch\/fr\/objekt\/vivre-dans-la-vieillesse-2-5-pieces-pour-personnes-agees\/\" \/>\n<meta property=\"og:site_name\" content=\"Immoschwab SA \u00e0 Morat et Aarberg\" \/>\n<meta property=\"article:publisher\" content=\"https:\/\/www.facebook.com\/immoschwabag\/\" \/>\n<meta property=\"og:image\" content=\"https:\/\/www.immoschwab.ch\/wp-content\/uploads\/2026\/04\/Aussen-1-scaled.jpg\" \/>\n\t<meta property=\"og:image:width\" content=\"2048\" \/>\n\t<meta property=\"og:image:height\" content=\"1365\" \/>\n\t<meta property=\"og:image:type\" content=\"image\/jpeg\" \/>\n<meta name=\"twitter:card\" content=\"summary_large_image\" \/>\n<meta name=\"twitter:label1\" content=\"Dur\u00e9e de lecture estim\u00e9e\" \/>\n\t<meta name=\"twitter:data1\" content=\"2 minutes\" \/>\n<script type=\"application\/ld+json\" class=\"yoast-schema-graph\">{\"@context\":\"https:\\\/\\\/schema.org\",\"@graph\":[{\"@type\":\"WebPage\",\"@id\":\"https:\\\/\\\/www.immoschwab.ch\\\/fr\\\/objekt\\\/vivre-dans-la-vieillesse-2-5-pieces-pour-personnes-agees\\\/\",\"url\":\"https:\\\/\\\/www.immoschwab.ch\\\/fr\\\/objekt\\\/vivre-dans-la-vieillesse-2-5-pieces-pour-personnes-agees\\\/\",\"name\":\"Objet \u00e0 louer \u2013 Vivre dans la vieillesse - 2.5-pi\u00e8ces pour personnes \u00e2g\u00e9es &#8211; Immoschwab SA \u00e0 Morat et Aarberg\",\"isPartOf\":{\"@id\":\"https:\\\/\\\/www.immoschwab.ch\\\/fr\\\/#website\"},\"primaryImageOfPage\":{\"@id\":\"https:\\\/\\\/www.immoschwab.ch\\\/fr\\\/objekt\\\/vivre-dans-la-vieillesse-2-5-pieces-pour-personnes-agees\\\/#primaryimage\"},\"image\":{\"@id\":\"https:\\\/\\\/www.immoschwab.ch\\\/fr\\\/objekt\\\/vivre-dans-la-vieillesse-2-5-pieces-pour-personnes-agees\\\/#primaryimage\"},\"thumbnailUrl\":\"https:\\\/\\\/www.immoschwab.ch\\\/wp-content\\\/uploads\\\/2026\\\/04\\\/Aussen-1-scaled.jpg\",\"datePublished\":\"2026-04-08T13:08:56+00:00\",\"breadcrumb\":{\"@id\":\"https:\\\/\\\/www.immoschwab.ch\\\/fr\\\/objekt\\\/vivre-dans-la-vieillesse-2-5-pieces-pour-personnes-agees\\\/#breadcrumb\"},\"inLanguage\":\"fr-FR\",\"potentialAction\":[{\"@type\":\"ReadAction\",\"target\":[\"https:\\\/\\\/www.immoschwab.ch\\\/fr\\\/objekt\\\/vivre-dans-la-vieillesse-2-5-pieces-pour-personnes-agees\\\/\"]}]},{\"@type\":\"ImageObject\",\"inLanguage\":\"fr-FR\",\"@id\":\"https:\\\/\\\/www.immoschwab.ch\\\/fr\\\/objekt\\\/vivre-dans-la-vieillesse-2-5-pieces-pour-personnes-agees\\\/#primaryimage\",\"url\":\"https:\\\/\\\/www.immoschwab.ch\\\/wp-content\\\/uploads\\\/2026\\\/04\\\/Aussen-1-scaled.jpg\",\"contentUrl\":\"https:\\\/\\\/www.immoschwab.ch\\\/wp-content\\\/uploads\\\/2026\\\/04\\\/Aussen-1-scaled.jpg\",\"width\":2048,\"height\":1365},{\"@type\":\"BreadcrumbList\",\"@id\":\"https:\\\/\\\/www.immoschwab.ch\\\/fr\\\/objekt\\\/vivre-dans-la-vieillesse-2-5-pieces-pour-personnes-agees\\\/#breadcrumb\",\"itemListElement\":[{\"@type\":\"ListItem\",\"position\":1,\"name\":\"Home\",\"item\":\"https:\\\/\\\/www.immoschwab.ch\\\/fr\\\/\"},{\"@type\":\"ListItem\",\"position\":2,\"name\":\"Objet \u00e0 louer\",\"item\":\"https:\\\/\\\/www.immoschwab.ch\\\/fr\\\/verkaufsart\\\/mieten-fr\\\/\"},{\"@type\":\"ListItem\",\"position\":3,\"name\":\"Vivre dans la vieillesse - 2.5-pi\u00e8ces pour personnes \u00e2g\u00e9es\"}]},{\"@type\":\"WebSite\",\"@id\":\"https:\\\/\\\/www.immoschwab.ch\\\/fr\\\/#website\",\"url\":\"https:\\\/\\\/www.immoschwab.ch\\\/fr\\\/\",\"name\":\"Immoschwab SA \u00e0 Morat et Aarberg\",\"description\":\"\",\"publisher\":{\"@id\":\"https:\\\/\\\/www.immoschwab.ch\\\/fr\\\/#organization\"},\"potentialAction\":[{\"@type\":\"SearchAction\",\"target\":{\"@type\":\"EntryPoint\",\"urlTemplate\":\"https:\\\/\\\/www.immoschwab.ch\\\/fr\\\/?s={search_term_string}\"},\"query-input\":{\"@type\":\"PropertyValueSpecification\",\"valueRequired\":true,\"valueName\":\"search_term_string\"}}],\"inLanguage\":\"fr-FR\"},{\"@type\":\"Organization\",\"@id\":\"https:\\\/\\\/www.immoschwab.ch\\\/fr\\\/#organization\",\"name\":\"Immoschwab AG\",\"url\":\"https:\\\/\\\/www.immoschwab.ch\\\/fr\\\/\",\"logo\":{\"@type\":\"ImageObject\",\"inLanguage\":\"fr-FR\",\"@id\":\"https:\\\/\\\/www.immoschwab.ch\\\/fr\\\/#\\\/schema\\\/logo\\\/image\\\/\",\"url\":\"https:\\\/\\\/www.immoschwab.ch\\\/wp-content\\\/uploads\\\/2023\\\/08\\\/logo-immoschwab-color.svg\",\"contentUrl\":\"https:\\\/\\\/www.immoschwab.ch\\\/wp-content\\\/uploads\\\/2023\\\/08\\\/logo-immoschwab-color.svg\",\"width\":291,\"height\":65,\"caption\":\"Immoschwab AG\"},\"image\":{\"@id\":\"https:\\\/\\\/www.immoschwab.ch\\\/fr\\\/#\\\/schema\\\/logo\\\/image\\\/\"},\"sameAs\":[\"https:\\\/\\\/www.facebook.com\\\/immoschwabag\\\/\",\"https:\\\/\\\/www.instagram.com\\\/immoschwabag\\\/\",\"https:\\\/\\\/www.linkedin.com\\\/company\\\/immoschwab-ag\\\/\"]}]}<\/script>\n<!-- \/ Yoast SEO plugin. -->","yoast_head_json":{"title":"Objet \u00e0 louer \u2013 Vivre dans la vieillesse - 2.5-pi\u00e8ces pour personnes \u00e2g\u00e9es &#8211; Immoschwab SA \u00e0 Morat et Aarberg","robots":{"index":"index","follow":"follow","max-snippet":"max-snippet:-1","max-image-preview":"max-image-preview:large","max-video-preview":"max-video-preview:-1"},"canonical":"https:\/\/www.immoschwab.ch\/fr\/objekt\/vivre-dans-la-vieillesse-2-5-pieces-pour-personnes-agees\/","og_locale":"fr_FR","og_type":"article","og_title":"Objet \u00e0 louer \u2013 Vivre dans la vieillesse - 2.5-pi\u00e8ces pour personnes \u00e2g\u00e9es &#8211; Immoschwab SA \u00e0 Morat et Aarberg","og_description":"A partir du 16 juin 2026 ou \u00e0 convenir, nous louons au Mitteldorf 27 \u00e0 Kallnach un appartement pour personnes \u00e2g\u00e9es attrayant et spacieux de 2,5 pi\u00e8ces au rez-de-chauss\u00e9e. L'appartement peut \u00eatre lou\u00e9 par des personnes int\u00e9ress\u00e9es \u00e2g\u00e9es de 50 ans et plus. La cuisine moderne est \u00e9quip\u00e9e d'un lave-vaisselle ainsi que d'une plaque de [&hellip;]","og_url":"https:\/\/www.immoschwab.ch\/fr\/objekt\/vivre-dans-la-vieillesse-2-5-pieces-pour-personnes-agees\/","og_site_name":"Immoschwab SA \u00e0 Morat et Aarberg","article_publisher":"https:\/\/www.facebook.com\/immoschwabag\/","og_image":[{"width":2048,"height":1365,"url":"https:\/\/www.immoschwab.ch\/wp-content\/uploads\/2026\/04\/Aussen-1-scaled.jpg","type":"image\/jpeg"}],"twitter_card":"summary_large_image","twitter_misc":{"Dur\u00e9e de lecture estim\u00e9e":"2 minutes"},"schema":{"@context":"https:\/\/schema.org","@graph":[{"@type":"WebPage","@id":"https:\/\/www.immoschwab.ch\/fr\/objekt\/vivre-dans-la-vieillesse-2-5-pieces-pour-personnes-agees\/","url":"https:\/\/www.immoschwab.ch\/fr\/objekt\/vivre-dans-la-vieillesse-2-5-pieces-pour-personnes-agees\/","name":"Objet \u00e0 louer \u2013 Vivre dans la vieillesse - 2.5-pi\u00e8ces pour personnes \u00e2g\u00e9es &#8211; Immoschwab SA \u00e0 Morat et Aarberg","isPartOf":{"@id":"https:\/\/www.immoschwab.ch\/fr\/#website"},"primaryImageOfPage":{"@id":"https:\/\/www.immoschwab.ch\/fr\/objekt\/vivre-dans-la-vieillesse-2-5-pieces-pour-personnes-agees\/#primaryimage"},"image":{"@id":"https:\/\/www.immoschwab.ch\/fr\/objekt\/vivre-dans-la-vieillesse-2-5-pieces-pour-personnes-agees\/#primaryimage"},"thumbnailUrl":"https:\/\/www.immoschwab.ch\/wp-content\/uploads\/2026\/04\/Aussen-1-scaled.jpg","datePublished":"2026-04-08T13:08:56+00:00","breadcrumb":{"@id":"https:\/\/www.immoschwab.ch\/fr\/objekt\/vivre-dans-la-vieillesse-2-5-pieces-pour-personnes-agees\/#breadcrumb"},"inLanguage":"fr-FR","potentialAction":[{"@type":"ReadAction","target":["https:\/\/www.immoschwab.ch\/fr\/objekt\/vivre-dans-la-vieillesse-2-5-pieces-pour-personnes-agees\/"]}]},{"@type":"ImageObject","inLanguage":"fr-FR","@id":"https:\/\/www.immoschwab.ch\/fr\/objekt\/vivre-dans-la-vieillesse-2-5-pieces-pour-personnes-agees\/#primaryimage","url":"https:\/\/www.immoschwab.ch\/wp-content\/uploads\/2026\/04\/Aussen-1-scaled.jpg","contentUrl":"https:\/\/www.immoschwab.ch\/wp-content\/uploads\/2026\/04\/Aussen-1-scaled.jpg","width":2048,"height":1365},{"@type":"BreadcrumbList","@id":"https:\/\/www.immoschwab.ch\/fr\/objekt\/vivre-dans-la-vieillesse-2-5-pieces-pour-personnes-agees\/#breadcrumb","itemListElement":[{"@type":"ListItem","position":1,"name":"Home","item":"https:\/\/www.immoschwab.ch\/fr\/"},{"@type":"ListItem","position":2,"name":"Objet \u00e0 louer","item":"https:\/\/www.immoschwab.ch\/fr\/verkaufsart\/mieten-fr\/"},{"@type":"ListItem","position":3,"name":"Vivre dans la vieillesse - 2.5-pi\u00e8ces pour personnes \u00e2g\u00e9es"}]},{"@type":"WebSite","@id":"https:\/\/www.immoschwab.ch\/fr\/#website","url":"https:\/\/www.immoschwab.ch\/fr\/","name":"Immoschwab SA \u00e0 Morat et Aarberg","description":"","publisher":{"@id":"https:\/\/www.immoschwab.ch\/fr\/#organization"},"potentialAction":[{"@type":"SearchAction","target":{"@type":"EntryPoint","urlTemplate":"https:\/\/www.immoschwab.ch\/fr\/?s={search_term_string}"},"query-input":{"@type":"PropertyValueSpecification","valueRequired":true,"valueName":"search_term_string"}}],"inLanguage":"fr-FR"},{"@type":"Organization","@id":"https:\/\/www.immoschwab.ch\/fr\/#organization","name":"Immoschwab AG","url":"https:\/\/www.immoschwab.ch\/fr\/","logo":{"@type":"ImageObject","inLanguage":"fr-FR","@id":"https:\/\/www.immoschwab.ch\/fr\/#\/schema\/logo\/image\/","url":"https:\/\/www.immoschwab.ch\/wp-content\/uploads\/2023\/08\/logo-immoschwab-color.svg","contentUrl":"https:\/\/www.immoschwab.ch\/wp-content\/uploads\/2023\/08\/logo-immoschwab-color.svg","width":291,"height":65,"caption":"Immoschwab AG"},"image":{"@id":"https:\/\/www.immoschwab.ch\/fr\/#\/schema\/logo\/image\/"},"sameAs":["https:\/\/www.facebook.com\/immoschwabag\/","https:\/\/www.instagram.com\/immoschwabag\/","https:\/\/www.linkedin.com\/company\/immoschwab-ag\/"]}]}},"_links":{"self":[{"href":"https:\/\/www.immoschwab.ch\/fr\/wp-json\/wp\/v2\/objekte\/25779","targetHints":{"allow":["GET"]}}],"collection":[{"href":"https:\/\/www.immoschwab.ch\/fr\/wp-json\/wp\/v2\/objekte"}],"about":[{"href":"https:\/\/www.immoschwab.ch\/fr\/wp-json\/wp\/v2\/types\/objekte"}],"wp:featuredmedia":[{"embeddable":true,"href":"https:\/\/www.immoschwab.ch\/fr\/wp-json\/wp\/v2\/media\/25776"}],"wp:attachment":[{"href":"https:\/\/www.immoschwab.ch\/fr\/wp-json\/wp\/v2\/media?parent=25779"}],"wp:term":[{"taxonomy":"objektstandort","embeddable":true,"href":"https:\/\/www.immoschwab.ch\/fr\/wp-json\/wp\/v2\/objektstandort?post=25779"},{"taxonomy":"objektart","embeddable":true,"href":"https:\/\/www.immoschwab.ch\/fr\/wp-json\/wp\/v2\/objektart?post=25779"},{"taxonomy":"verkaufsart","embeddable":true,"href":"https:\/\/www.immoschwab.ch\/fr\/wp-json\/wp\/v2\/verkaufsart?post=25779"}],"curies":[{"name":"wp","href":"https:\/\/api.w.org\/{rel}","templated":true}]}}