{"id":25805,"date":"2026-04-10T12:52:51","date_gmt":"2026-04-10T10:52:51","guid":{"rendered":"https:\/\/www.immoschwab.ch\/?post_type=objekte&#038;p=25805"},"modified":"2026-04-10T12:52:51","modified_gmt":"2026-04-10T10:52:51","slug":"appartement-moderne-de-4-5-pieces-a-louer","status":"publish","type":"objekte","link":"https:\/\/www.immoschwab.ch\/fr\/objekt\/appartement-moderne-de-4-5-pieces-a-louer\/","title":{"rendered":"Appartement moderne de 4.5 pi\u00e8ces \u00e0 louer"},"content":{"rendered":"<p>Au Mitteldorf 5 \u00e0 Kallnach, nous louons un appartement mansard\u00e9 attrayant et lumineux de 4,5 pi\u00e8ces \u00e0 partir du 1er juillet 2026.<\/p>\n<p>L'appartement convainc par son \u00e9quipement haut de gamme compos\u00e9 de carrelages et de parquets.<br \/>\nDeux salles d'eau modernes vous offrent un confort maximal - qu'il s'agisse d'un bain relaxant dans la baignoire ou d'une douche rafra\u00eechissante.<\/p>\n<p>La cuisine ouverte et moderne invite \u00e0 cuisiner et \u00e0 savourer et offre beaucoup de place pour g\u00e2ter la famille et les invit\u00e9s.<\/p>\n<p>Un balcon pratique permet de passer des moments de d\u00e9tente en plein air.<br \/>\nDe plus, vous profitez d'un vaste grenier directement dans l'appartement, qui offre beaucoup d'espace de rangement - un vrai plus.<\/p>\n<p>Les commerces, les restaurants et les transports publics sont facilement accessibles en quelques minutes \u00e0 pied.<\/p>\n<p>L'appartement comprend \u00e9galement une cave au sous-sol. En cas de besoin, deux places de parking souterrain peuvent \u00eatre lou\u00e9es pour 100 CHF par mois chacune.<\/p>\n<p>Nous avons \u00e9veill\u00e9 votre int\u00e9r\u00eat ?<br \/>\nAlors n'h\u00e9sitez pas \u00e0 prendre rendez-vous pour une visite sans engagement<\/p>\n","protected":false},"featured_media":25782,"template":"","objektstandort":[84],"objektart":[76],"verkaufsart":[77],"class_list":["post-25805","objekte","type-objekte","status-publish","has-post-thumbnail","hentry","objektstandort-kallnach-fr","objektart-wohnung-fr","verkaufsart-mieten-fr"],"acf":[],"yoast_head":"<!-- This site is optimized with the Yoast SEO plugin v27.4 - https:\/\/yoast.com\/product\/yoast-seo-wordpress\/ -->\n<title>Objet \u00e0 louer \u2013 Appartement moderne de 4.5 pi\u00e8ces \u00e0 louer &#8211; Immoschwab SA \u00e0 Morat et Aarberg<\/title>\n<meta name=\"robots\" content=\"index, follow, max-snippet:-1, max-image-preview:large, max-video-preview:-1\" \/>\n<link rel=\"canonical\" href=\"https:\/\/www.immoschwab.ch\/fr\/objekt\/appartement-moderne-de-4-5-pieces-a-louer\/\" \/>\n<meta property=\"og:locale\" content=\"fr_FR\" \/>\n<meta property=\"og:type\" content=\"article\" \/>\n<meta property=\"og:title\" content=\"Objet \u00e0 louer \u2013 Appartement moderne de 4.5 pi\u00e8ces \u00e0 louer &#8211; Immoschwab SA \u00e0 Morat et Aarberg\" \/>\n<meta property=\"og:description\" content=\"Au Mitteldorf 5 \u00e0 Kallnach, nous louons un appartement mansard\u00e9 attrayant et lumineux de 4,5 pi\u00e8ces \u00e0 partir du 1er juillet 2026. L&#039;appartement convainc par son \u00e9quipement haut de gamme compos\u00e9 de carrelages et de parquets. Deux salles d&#039;eau modernes vous offrent un confort maximal - qu&#039;il s&#039;agisse d&#039;un bain relaxant dans la baignoire ou [&hellip;]\" \/>\n<meta property=\"og:url\" content=\"https:\/\/www.immoschwab.ch\/fr\/objekt\/appartement-moderne-de-4-5-pieces-a-louer\/\" \/>\n<meta property=\"og:site_name\" content=\"Immoschwab SA \u00e0 Morat et Aarberg\" \/>\n<meta property=\"article:publisher\" content=\"https:\/\/www.facebook.com\/immoschwabag\/\" \/>\n<meta property=\"og:image\" content=\"https:\/\/www.immoschwab.ch\/wp-content\/uploads\/2026\/04\/IMG_6735.jpg\" \/>\n\t<meta property=\"og:image:width\" content=\"2016\" \/>\n\t<meta property=\"og:image:height\" content=\"1512\" \/>\n\t<meta property=\"og:image:type\" content=\"image\/jpeg\" \/>\n<meta name=\"twitter:card\" content=\"summary_large_image\" \/>\n<meta name=\"twitter:label1\" content=\"Dur\u00e9e de lecture estim\u00e9e\" \/>\n\t<meta name=\"twitter:data1\" content=\"2 minutes\" \/>\n<script type=\"application\/ld+json\" class=\"yoast-schema-graph\">{\"@context\":\"https:\\\/\\\/schema.org\",\"@graph\":[{\"@type\":\"WebPage\",\"@id\":\"https:\\\/\\\/www.immoschwab.ch\\\/fr\\\/objekt\\\/appartement-moderne-de-4-5-pieces-a-louer\\\/\",\"url\":\"https:\\\/\\\/www.immoschwab.ch\\\/fr\\\/objekt\\\/appartement-moderne-de-4-5-pieces-a-louer\\\/\",\"name\":\"Objet \u00e0 louer \u2013 Appartement moderne de 4.5 pi\u00e8ces \u00e0 louer &#8211; Immoschwab SA \u00e0 Morat et Aarberg\",\"isPartOf\":{\"@id\":\"https:\\\/\\\/www.immoschwab.ch\\\/fr\\\/#website\"},\"primaryImageOfPage\":{\"@id\":\"https:\\\/\\\/www.immoschwab.ch\\\/fr\\\/objekt\\\/appartement-moderne-de-4-5-pieces-a-louer\\\/#primaryimage\"},\"image\":{\"@id\":\"https:\\\/\\\/www.immoschwab.ch\\\/fr\\\/objekt\\\/appartement-moderne-de-4-5-pieces-a-louer\\\/#primaryimage\"},\"thumbnailUrl\":\"https:\\\/\\\/www.immoschwab.ch\\\/wp-content\\\/uploads\\\/2026\\\/04\\\/IMG_6735.jpg\",\"datePublished\":\"2026-04-10T10:52:51+00:00\",\"breadcrumb\":{\"@id\":\"https:\\\/\\\/www.immoschwab.ch\\\/fr\\\/objekt\\\/appartement-moderne-de-4-5-pieces-a-louer\\\/#breadcrumb\"},\"inLanguage\":\"fr-FR\",\"potentialAction\":[{\"@type\":\"ReadAction\",\"target\":[\"https:\\\/\\\/www.immoschwab.ch\\\/fr\\\/objekt\\\/appartement-moderne-de-4-5-pieces-a-louer\\\/\"]}]},{\"@type\":\"ImageObject\",\"inLanguage\":\"fr-FR\",\"@id\":\"https:\\\/\\\/www.immoschwab.ch\\\/fr\\\/objekt\\\/appartement-moderne-de-4-5-pieces-a-louer\\\/#primaryimage\",\"url\":\"https:\\\/\\\/www.immoschwab.ch\\\/wp-content\\\/uploads\\\/2026\\\/04\\\/IMG_6735.jpg\",\"contentUrl\":\"https:\\\/\\\/www.immoschwab.ch\\\/wp-content\\\/uploads\\\/2026\\\/04\\\/IMG_6735.jpg\",\"width\":2016,\"height\":1512},{\"@type\":\"BreadcrumbList\",\"@id\":\"https:\\\/\\\/www.immoschwab.ch\\\/fr\\\/objekt\\\/appartement-moderne-de-4-5-pieces-a-louer\\\/#breadcrumb\",\"itemListElement\":[{\"@type\":\"ListItem\",\"position\":1,\"name\":\"Home\",\"item\":\"https:\\\/\\\/www.immoschwab.ch\\\/fr\\\/\"},{\"@type\":\"ListItem\",\"position\":2,\"name\":\"Objet \u00e0 louer\",\"item\":\"https:\\\/\\\/www.immoschwab.ch\\\/fr\\\/verkaufsart\\\/mieten-fr\\\/\"},{\"@type\":\"ListItem\",\"position\":3,\"name\":\"Appartement moderne de 4.5 pi\u00e8ces \u00e0 louer\"}]},{\"@type\":\"WebSite\",\"@id\":\"https:\\\/\\\/www.immoschwab.ch\\\/fr\\\/#website\",\"url\":\"https:\\\/\\\/www.immoschwab.ch\\\/fr\\\/\",\"name\":\"Immoschwab SA \u00e0 Morat et Aarberg\",\"description\":\"\",\"publisher\":{\"@id\":\"https:\\\/\\\/www.immoschwab.ch\\\/fr\\\/#organization\"},\"potentialAction\":[{\"@type\":\"SearchAction\",\"target\":{\"@type\":\"EntryPoint\",\"urlTemplate\":\"https:\\\/\\\/www.immoschwab.ch\\\/fr\\\/?s={search_term_string}\"},\"query-input\":{\"@type\":\"PropertyValueSpecification\",\"valueRequired\":true,\"valueName\":\"search_term_string\"}}],\"inLanguage\":\"fr-FR\"},{\"@type\":\"Organization\",\"@id\":\"https:\\\/\\\/www.immoschwab.ch\\\/fr\\\/#organization\",\"name\":\"Immoschwab AG\",\"url\":\"https:\\\/\\\/www.immoschwab.ch\\\/fr\\\/\",\"logo\":{\"@type\":\"ImageObject\",\"inLanguage\":\"fr-FR\",\"@id\":\"https:\\\/\\\/www.immoschwab.ch\\\/fr\\\/#\\\/schema\\\/logo\\\/image\\\/\",\"url\":\"https:\\\/\\\/www.immoschwab.ch\\\/wp-content\\\/uploads\\\/2023\\\/08\\\/logo-immoschwab-color.svg\",\"contentUrl\":\"https:\\\/\\\/www.immoschwab.ch\\\/wp-content\\\/uploads\\\/2023\\\/08\\\/logo-immoschwab-color.svg\",\"width\":291,\"height\":65,\"caption\":\"Immoschwab AG\"},\"image\":{\"@id\":\"https:\\\/\\\/www.immoschwab.ch\\\/fr\\\/#\\\/schema\\\/logo\\\/image\\\/\"},\"sameAs\":[\"https:\\\/\\\/www.facebook.com\\\/immoschwabag\\\/\",\"https:\\\/\\\/www.instagram.com\\\/immoschwabag\\\/\",\"https:\\\/\\\/www.linkedin.com\\\/company\\\/immoschwab-ag\\\/\"]}]}<\/script>\n<!-- \/ Yoast SEO plugin. -->","yoast_head_json":{"title":"Objet \u00e0 louer \u2013 Appartement moderne de 4.5 pi\u00e8ces \u00e0 louer &#8211; Immoschwab SA \u00e0 Morat et Aarberg","robots":{"index":"index","follow":"follow","max-snippet":"max-snippet:-1","max-image-preview":"max-image-preview:large","max-video-preview":"max-video-preview:-1"},"canonical":"https:\/\/www.immoschwab.ch\/fr\/objekt\/appartement-moderne-de-4-5-pieces-a-louer\/","og_locale":"fr_FR","og_type":"article","og_title":"Objet \u00e0 louer \u2013 Appartement moderne de 4.5 pi\u00e8ces \u00e0 louer &#8211; Immoschwab SA \u00e0 Morat et Aarberg","og_description":"Au Mitteldorf 5 \u00e0 Kallnach, nous louons un appartement mansard\u00e9 attrayant et lumineux de 4,5 pi\u00e8ces \u00e0 partir du 1er juillet 2026. L'appartement convainc par son \u00e9quipement haut de gamme compos\u00e9 de carrelages et de parquets. Deux salles d'eau modernes vous offrent un confort maximal - qu'il s'agisse d'un bain relaxant dans la baignoire ou [&hellip;]","og_url":"https:\/\/www.immoschwab.ch\/fr\/objekt\/appartement-moderne-de-4-5-pieces-a-louer\/","og_site_name":"Immoschwab SA \u00e0 Morat et Aarberg","article_publisher":"https:\/\/www.facebook.com\/immoschwabag\/","og_image":[{"width":2016,"height":1512,"url":"https:\/\/www.immoschwab.ch\/wp-content\/uploads\/2026\/04\/IMG_6735.jpg","type":"image\/jpeg"}],"twitter_card":"summary_large_image","twitter_misc":{"Dur\u00e9e de lecture estim\u00e9e":"2 minutes"},"schema":{"@context":"https:\/\/schema.org","@graph":[{"@type":"WebPage","@id":"https:\/\/www.immoschwab.ch\/fr\/objekt\/appartement-moderne-de-4-5-pieces-a-louer\/","url":"https:\/\/www.immoschwab.ch\/fr\/objekt\/appartement-moderne-de-4-5-pieces-a-louer\/","name":"Objet \u00e0 louer \u2013 Appartement moderne de 4.5 pi\u00e8ces \u00e0 louer &#8211; Immoschwab SA \u00e0 Morat et Aarberg","isPartOf":{"@id":"https:\/\/www.immoschwab.ch\/fr\/#website"},"primaryImageOfPage":{"@id":"https:\/\/www.immoschwab.ch\/fr\/objekt\/appartement-moderne-de-4-5-pieces-a-louer\/#primaryimage"},"image":{"@id":"https:\/\/www.immoschwab.ch\/fr\/objekt\/appartement-moderne-de-4-5-pieces-a-louer\/#primaryimage"},"thumbnailUrl":"https:\/\/www.immoschwab.ch\/wp-content\/uploads\/2026\/04\/IMG_6735.jpg","datePublished":"2026-04-10T10:52:51+00:00","breadcrumb":{"@id":"https:\/\/www.immoschwab.ch\/fr\/objekt\/appartement-moderne-de-4-5-pieces-a-louer\/#breadcrumb"},"inLanguage":"fr-FR","potentialAction":[{"@type":"ReadAction","target":["https:\/\/www.immoschwab.ch\/fr\/objekt\/appartement-moderne-de-4-5-pieces-a-louer\/"]}]},{"@type":"ImageObject","inLanguage":"fr-FR","@id":"https:\/\/www.immoschwab.ch\/fr\/objekt\/appartement-moderne-de-4-5-pieces-a-louer\/#primaryimage","url":"https:\/\/www.immoschwab.ch\/wp-content\/uploads\/2026\/04\/IMG_6735.jpg","contentUrl":"https:\/\/www.immoschwab.ch\/wp-content\/uploads\/2026\/04\/IMG_6735.jpg","width":2016,"height":1512},{"@type":"BreadcrumbList","@id":"https:\/\/www.immoschwab.ch\/fr\/objekt\/appartement-moderne-de-4-5-pieces-a-louer\/#breadcrumb","itemListElement":[{"@type":"ListItem","position":1,"name":"Home","item":"https:\/\/www.immoschwab.ch\/fr\/"},{"@type":"ListItem","position":2,"name":"Objet \u00e0 louer","item":"https:\/\/www.immoschwab.ch\/fr\/verkaufsart\/mieten-fr\/"},{"@type":"ListItem","position":3,"name":"Appartement moderne de 4.5 pi\u00e8ces \u00e0 louer"}]},{"@type":"WebSite","@id":"https:\/\/www.immoschwab.ch\/fr\/#website","url":"https:\/\/www.immoschwab.ch\/fr\/","name":"Immoschwab SA \u00e0 Morat et Aarberg","description":"","publisher":{"@id":"https:\/\/www.immoschwab.ch\/fr\/#organization"},"potentialAction":[{"@type":"SearchAction","target":{"@type":"EntryPoint","urlTemplate":"https:\/\/www.immoschwab.ch\/fr\/?s={search_term_string}"},"query-input":{"@type":"PropertyValueSpecification","valueRequired":true,"valueName":"search_term_string"}}],"inLanguage":"fr-FR"},{"@type":"Organization","@id":"https:\/\/www.immoschwab.ch\/fr\/#organization","name":"Immoschwab AG","url":"https:\/\/www.immoschwab.ch\/fr\/","logo":{"@type":"ImageObject","inLanguage":"fr-FR","@id":"https:\/\/www.immoschwab.ch\/fr\/#\/schema\/logo\/image\/","url":"https:\/\/www.immoschwab.ch\/wp-content\/uploads\/2023\/08\/logo-immoschwab-color.svg","contentUrl":"https:\/\/www.immoschwab.ch\/wp-content\/uploads\/2023\/08\/logo-immoschwab-color.svg","width":291,"height":65,"caption":"Immoschwab AG"},"image":{"@id":"https:\/\/www.immoschwab.ch\/fr\/#\/schema\/logo\/image\/"},"sameAs":["https:\/\/www.facebook.com\/immoschwabag\/","https:\/\/www.instagram.com\/immoschwabag\/","https:\/\/www.linkedin.com\/company\/immoschwab-ag\/"]}]}},"_links":{"self":[{"href":"https:\/\/www.immoschwab.ch\/fr\/wp-json\/wp\/v2\/objekte\/25805","targetHints":{"allow":["GET"]}}],"collection":[{"href":"https:\/\/www.immoschwab.ch\/fr\/wp-json\/wp\/v2\/objekte"}],"about":[{"href":"https:\/\/www.immoschwab.ch\/fr\/wp-json\/wp\/v2\/types\/objekte"}],"wp:featuredmedia":[{"embeddable":true,"href":"https:\/\/www.immoschwab.ch\/fr\/wp-json\/wp\/v2\/media\/25782"}],"wp:attachment":[{"href":"https:\/\/www.immoschwab.ch\/fr\/wp-json\/wp\/v2\/media?parent=25805"}],"wp:term":[{"taxonomy":"objektstandort","embeddable":true,"href":"https:\/\/www.immoschwab.ch\/fr\/wp-json\/wp\/v2\/objektstandort?post=25805"},{"taxonomy":"objektart","embeddable":true,"href":"https:\/\/www.immoschwab.ch\/fr\/wp-json\/wp\/v2\/objektart?post=25805"},{"taxonomy":"verkaufsart","embeddable":true,"href":"https:\/\/www.immoschwab.ch\/fr\/wp-json\/wp\/v2\/verkaufsart?post=25805"}],"curies":[{"name":"wp","href":"https:\/\/api.w.org\/{rel}","templated":true}]}}