{"id":25825,"date":"2026-04-10T13:02:29","date_gmt":"2026-04-10T11:02:29","guid":{"rendered":"https:\/\/www.immoschwab.ch\/?post_type=objekte&#038;p=25825"},"modified":"2026-04-10T13:02:29","modified_gmt":"2026-04-10T11:02:29","slug":"le-bonheur-dhabiter-a-morat-moderne-lumineux-et-central","status":"publish","type":"objekte","link":"https:\/\/www.immoschwab.ch\/fr\/objekt\/le-bonheur-dhabiter-a-morat-moderne-lumineux-et-central\/","title":{"rendered":"Le bonheur d'habiter \u00e0 Morat - moderne, lumineux et central"},"content":{"rendered":"<p>Nous louons pour le 16.06.2026 ou \u00e0 convenir un appartement de 3,5 pi\u00e8ces styl\u00e9 et lumineux, situ\u00e9 au centre de Morat. L'appartement convainc par son \u00e9quipement moderne, ses mat\u00e9riaux de qualit\u00e9 et son atmosph\u00e8re agr\u00e9able - id\u00e9al pour les c\u00e9libataires, les couples ou les petites familles.<\/p>\n<p>Un grand espace de vie ouvert offre les conditions id\u00e9ales pour am\u00e9nager un chez-soi confortable. La cuisine, le salon et la salle de bains sont tous \u00e9quip\u00e9s de carrelages pratiques et faciles \u00e0 entretenir.<br \/>\nDans les deux chambres, le parquet cr\u00e9e une atmosph\u00e8re chaleureuse.<br \/>\nLa salle de bain dispose d'une baignoire.<\/p>\n<p>Un autre point fort de l'appartement est le balcon, qui b\u00e9n\u00e9ficie d'un ensoleillement optimal et invite donc \u00e0 s'attarder et \u00e0 profiter de la vie.<\/p>\n<p>Au sous-sol, un compartiment s\u00e9par\u00e9 dans la cave ainsi que la buanderie commune sont \u00e0 votre disposition.<\/p>\n<p>L'emplacement r\u00e9pond \u00e0 tous les souhaits : Les commerces, les installations sportives et la gare sont accessibles en quelques minutes \u00e0 pied.<\/p>\n<p>Avons-nous \u00e9veill\u00e9 votre int\u00e9r\u00eat ?<br \/>\nNous nous ferons un plaisir de vous montrer cet appartement attrayant lors d'une visite personnelle. Nous nous r\u00e9jouissons de votre prise de contact !<\/p>\n","protected":false},"featured_media":25821,"template":"","objektstandort":[79],"objektart":[76],"verkaufsart":[77],"class_list":["post-25825","objekte","type-objekte","status-publish","has-post-thumbnail","hentry","objektstandort-murten-fr","objektart-wohnung-fr","verkaufsart-mieten-fr"],"acf":[],"yoast_head":"<!-- This site is optimized with the Yoast SEO plugin v27.4 - https:\/\/yoast.com\/product\/yoast-seo-wordpress\/ -->\n<title>Objet \u00e0 louer \u2013 Le bonheur d&#039;habiter \u00e0 Morat - moderne, lumineux et central &#8211; Immoschwab SA \u00e0 Morat et Aarberg<\/title>\n<meta name=\"robots\" content=\"index, follow, max-snippet:-1, max-image-preview:large, max-video-preview:-1\" \/>\n<link rel=\"canonical\" href=\"https:\/\/www.immoschwab.ch\/fr\/objekt\/le-bonheur-dhabiter-a-morat-moderne-lumineux-et-central\/\" \/>\n<meta property=\"og:locale\" content=\"fr_FR\" \/>\n<meta property=\"og:type\" content=\"article\" \/>\n<meta property=\"og:title\" content=\"Objet \u00e0 louer \u2013 Le bonheur d&#039;habiter \u00e0 Morat - moderne, lumineux et central &#8211; Immoschwab SA \u00e0 Morat et Aarberg\" \/>\n<meta property=\"og:description\" content=\"Nous louons pour le 16.06.2026 ou \u00e0 convenir un appartement de 3,5 pi\u00e8ces styl\u00e9 et lumineux, situ\u00e9 au centre de Morat. L&#039;appartement convainc par son \u00e9quipement moderne, ses mat\u00e9riaux de qualit\u00e9 et son atmosph\u00e8re agr\u00e9able - id\u00e9al pour les c\u00e9libataires, les couples ou les petites familles. Un grand espace de vie ouvert offre les conditions [&hellip;]\" \/>\n<meta property=\"og:url\" content=\"https:\/\/www.immoschwab.ch\/fr\/objekt\/le-bonheur-dhabiter-a-morat-moderne-lumineux-et-central\/\" \/>\n<meta property=\"og:site_name\" content=\"Immoschwab SA \u00e0 Morat et Aarberg\" \/>\n<meta property=\"article:publisher\" content=\"https:\/\/www.facebook.com\/immoschwabag\/\" \/>\n<meta property=\"og:image\" content=\"https:\/\/www.immoschwab.ch\/wp-content\/uploads\/2026\/04\/Haus-181-1-scaled.jpg\" \/>\n\t<meta property=\"og:image:width\" content=\"2048\" \/>\n\t<meta property=\"og:image:height\" content=\"1366\" \/>\n\t<meta property=\"og:image:type\" content=\"image\/jpeg\" \/>\n<meta name=\"twitter:card\" content=\"summary_large_image\" \/>\n<meta name=\"twitter:label1\" content=\"Dur\u00e9e de lecture estim\u00e9e\" \/>\n\t<meta name=\"twitter:data1\" content=\"2 minutes\" \/>\n<script type=\"application\/ld+json\" class=\"yoast-schema-graph\">{\"@context\":\"https:\\\/\\\/schema.org\",\"@graph\":[{\"@type\":\"WebPage\",\"@id\":\"https:\\\/\\\/www.immoschwab.ch\\\/fr\\\/objekt\\\/le-bonheur-dhabiter-a-morat-moderne-lumineux-et-central\\\/\",\"url\":\"https:\\\/\\\/www.immoschwab.ch\\\/fr\\\/objekt\\\/le-bonheur-dhabiter-a-morat-moderne-lumineux-et-central\\\/\",\"name\":\"Objet \u00e0 louer \u2013 Le bonheur d'habiter \u00e0 Morat - moderne, lumineux et central &#8211; Immoschwab SA \u00e0 Morat et Aarberg\",\"isPartOf\":{\"@id\":\"https:\\\/\\\/www.immoschwab.ch\\\/fr\\\/#website\"},\"primaryImageOfPage\":{\"@id\":\"https:\\\/\\\/www.immoschwab.ch\\\/fr\\\/objekt\\\/le-bonheur-dhabiter-a-morat-moderne-lumineux-et-central\\\/#primaryimage\"},\"image\":{\"@id\":\"https:\\\/\\\/www.immoschwab.ch\\\/fr\\\/objekt\\\/le-bonheur-dhabiter-a-morat-moderne-lumineux-et-central\\\/#primaryimage\"},\"thumbnailUrl\":\"https:\\\/\\\/www.immoschwab.ch\\\/wp-content\\\/uploads\\\/2026\\\/04\\\/Haus-181-1-scaled.jpg\",\"datePublished\":\"2026-04-10T11:02:29+00:00\",\"breadcrumb\":{\"@id\":\"https:\\\/\\\/www.immoschwab.ch\\\/fr\\\/objekt\\\/le-bonheur-dhabiter-a-morat-moderne-lumineux-et-central\\\/#breadcrumb\"},\"inLanguage\":\"fr-FR\",\"potentialAction\":[{\"@type\":\"ReadAction\",\"target\":[\"https:\\\/\\\/www.immoschwab.ch\\\/fr\\\/objekt\\\/le-bonheur-dhabiter-a-morat-moderne-lumineux-et-central\\\/\"]}]},{\"@type\":\"ImageObject\",\"inLanguage\":\"fr-FR\",\"@id\":\"https:\\\/\\\/www.immoschwab.ch\\\/fr\\\/objekt\\\/le-bonheur-dhabiter-a-morat-moderne-lumineux-et-central\\\/#primaryimage\",\"url\":\"https:\\\/\\\/www.immoschwab.ch\\\/wp-content\\\/uploads\\\/2026\\\/04\\\/Haus-181-1-scaled.jpg\",\"contentUrl\":\"https:\\\/\\\/www.immoschwab.ch\\\/wp-content\\\/uploads\\\/2026\\\/04\\\/Haus-181-1-scaled.jpg\",\"width\":2048,\"height\":1366},{\"@type\":\"BreadcrumbList\",\"@id\":\"https:\\\/\\\/www.immoschwab.ch\\\/fr\\\/objekt\\\/le-bonheur-dhabiter-a-morat-moderne-lumineux-et-central\\\/#breadcrumb\",\"itemListElement\":[{\"@type\":\"ListItem\",\"position\":1,\"name\":\"Home\",\"item\":\"https:\\\/\\\/www.immoschwab.ch\\\/fr\\\/\"},{\"@type\":\"ListItem\",\"position\":2,\"name\":\"Objet \u00e0 louer\",\"item\":\"https:\\\/\\\/www.immoschwab.ch\\\/fr\\\/verkaufsart\\\/mieten-fr\\\/\"},{\"@type\":\"ListItem\",\"position\":3,\"name\":\"Le bonheur d'habiter \u00e0 Morat - moderne, lumineux et central\"}]},{\"@type\":\"WebSite\",\"@id\":\"https:\\\/\\\/www.immoschwab.ch\\\/fr\\\/#website\",\"url\":\"https:\\\/\\\/www.immoschwab.ch\\\/fr\\\/\",\"name\":\"Immoschwab SA \u00e0 Morat et Aarberg\",\"description\":\"\",\"publisher\":{\"@id\":\"https:\\\/\\\/www.immoschwab.ch\\\/fr\\\/#organization\"},\"potentialAction\":[{\"@type\":\"SearchAction\",\"target\":{\"@type\":\"EntryPoint\",\"urlTemplate\":\"https:\\\/\\\/www.immoschwab.ch\\\/fr\\\/?s={search_term_string}\"},\"query-input\":{\"@type\":\"PropertyValueSpecification\",\"valueRequired\":true,\"valueName\":\"search_term_string\"}}],\"inLanguage\":\"fr-FR\"},{\"@type\":\"Organization\",\"@id\":\"https:\\\/\\\/www.immoschwab.ch\\\/fr\\\/#organization\",\"name\":\"Immoschwab AG\",\"url\":\"https:\\\/\\\/www.immoschwab.ch\\\/fr\\\/\",\"logo\":{\"@type\":\"ImageObject\",\"inLanguage\":\"fr-FR\",\"@id\":\"https:\\\/\\\/www.immoschwab.ch\\\/fr\\\/#\\\/schema\\\/logo\\\/image\\\/\",\"url\":\"https:\\\/\\\/www.immoschwab.ch\\\/wp-content\\\/uploads\\\/2023\\\/08\\\/logo-immoschwab-color.svg\",\"contentUrl\":\"https:\\\/\\\/www.immoschwab.ch\\\/wp-content\\\/uploads\\\/2023\\\/08\\\/logo-immoschwab-color.svg\",\"width\":291,\"height\":65,\"caption\":\"Immoschwab AG\"},\"image\":{\"@id\":\"https:\\\/\\\/www.immoschwab.ch\\\/fr\\\/#\\\/schema\\\/logo\\\/image\\\/\"},\"sameAs\":[\"https:\\\/\\\/www.facebook.com\\\/immoschwabag\\\/\",\"https:\\\/\\\/www.instagram.com\\\/immoschwabag\\\/\",\"https:\\\/\\\/www.linkedin.com\\\/company\\\/immoschwab-ag\\\/\"]}]}<\/script>\n<!-- \/ Yoast SEO plugin. -->","yoast_head_json":{"title":"Objet \u00e0 louer \u2013 Le bonheur d'habiter \u00e0 Morat - moderne, lumineux et central &#8211; Immoschwab SA \u00e0 Morat et Aarberg","robots":{"index":"index","follow":"follow","max-snippet":"max-snippet:-1","max-image-preview":"max-image-preview:large","max-video-preview":"max-video-preview:-1"},"canonical":"https:\/\/www.immoschwab.ch\/fr\/objekt\/le-bonheur-dhabiter-a-morat-moderne-lumineux-et-central\/","og_locale":"fr_FR","og_type":"article","og_title":"Objet \u00e0 louer \u2013 Le bonheur d'habiter \u00e0 Morat - moderne, lumineux et central &#8211; Immoschwab SA \u00e0 Morat et Aarberg","og_description":"Nous louons pour le 16.06.2026 ou \u00e0 convenir un appartement de 3,5 pi\u00e8ces styl\u00e9 et lumineux, situ\u00e9 au centre de Morat. L'appartement convainc par son \u00e9quipement moderne, ses mat\u00e9riaux de qualit\u00e9 et son atmosph\u00e8re agr\u00e9able - id\u00e9al pour les c\u00e9libataires, les couples ou les petites familles. Un grand espace de vie ouvert offre les conditions [&hellip;]","og_url":"https:\/\/www.immoschwab.ch\/fr\/objekt\/le-bonheur-dhabiter-a-morat-moderne-lumineux-et-central\/","og_site_name":"Immoschwab SA \u00e0 Morat et Aarberg","article_publisher":"https:\/\/www.facebook.com\/immoschwabag\/","og_image":[{"width":2048,"height":1366,"url":"https:\/\/www.immoschwab.ch\/wp-content\/uploads\/2026\/04\/Haus-181-1-scaled.jpg","type":"image\/jpeg"}],"twitter_card":"summary_large_image","twitter_misc":{"Dur\u00e9e de lecture estim\u00e9e":"2 minutes"},"schema":{"@context":"https:\/\/schema.org","@graph":[{"@type":"WebPage","@id":"https:\/\/www.immoschwab.ch\/fr\/objekt\/le-bonheur-dhabiter-a-morat-moderne-lumineux-et-central\/","url":"https:\/\/www.immoschwab.ch\/fr\/objekt\/le-bonheur-dhabiter-a-morat-moderne-lumineux-et-central\/","name":"Objet \u00e0 louer \u2013 Le bonheur d'habiter \u00e0 Morat - moderne, lumineux et central &#8211; Immoschwab SA \u00e0 Morat et Aarberg","isPartOf":{"@id":"https:\/\/www.immoschwab.ch\/fr\/#website"},"primaryImageOfPage":{"@id":"https:\/\/www.immoschwab.ch\/fr\/objekt\/le-bonheur-dhabiter-a-morat-moderne-lumineux-et-central\/#primaryimage"},"image":{"@id":"https:\/\/www.immoschwab.ch\/fr\/objekt\/le-bonheur-dhabiter-a-morat-moderne-lumineux-et-central\/#primaryimage"},"thumbnailUrl":"https:\/\/www.immoschwab.ch\/wp-content\/uploads\/2026\/04\/Haus-181-1-scaled.jpg","datePublished":"2026-04-10T11:02:29+00:00","breadcrumb":{"@id":"https:\/\/www.immoschwab.ch\/fr\/objekt\/le-bonheur-dhabiter-a-morat-moderne-lumineux-et-central\/#breadcrumb"},"inLanguage":"fr-FR","potentialAction":[{"@type":"ReadAction","target":["https:\/\/www.immoschwab.ch\/fr\/objekt\/le-bonheur-dhabiter-a-morat-moderne-lumineux-et-central\/"]}]},{"@type":"ImageObject","inLanguage":"fr-FR","@id":"https:\/\/www.immoschwab.ch\/fr\/objekt\/le-bonheur-dhabiter-a-morat-moderne-lumineux-et-central\/#primaryimage","url":"https:\/\/www.immoschwab.ch\/wp-content\/uploads\/2026\/04\/Haus-181-1-scaled.jpg","contentUrl":"https:\/\/www.immoschwab.ch\/wp-content\/uploads\/2026\/04\/Haus-181-1-scaled.jpg","width":2048,"height":1366},{"@type":"BreadcrumbList","@id":"https:\/\/www.immoschwab.ch\/fr\/objekt\/le-bonheur-dhabiter-a-morat-moderne-lumineux-et-central\/#breadcrumb","itemListElement":[{"@type":"ListItem","position":1,"name":"Home","item":"https:\/\/www.immoschwab.ch\/fr\/"},{"@type":"ListItem","position":2,"name":"Objet \u00e0 louer","item":"https:\/\/www.immoschwab.ch\/fr\/verkaufsart\/mieten-fr\/"},{"@type":"ListItem","position":3,"name":"Le bonheur d'habiter \u00e0 Morat - moderne, lumineux et central"}]},{"@type":"WebSite","@id":"https:\/\/www.immoschwab.ch\/fr\/#website","url":"https:\/\/www.immoschwab.ch\/fr\/","name":"Immoschwab SA \u00e0 Morat et Aarberg","description":"","publisher":{"@id":"https:\/\/www.immoschwab.ch\/fr\/#organization"},"potentialAction":[{"@type":"SearchAction","target":{"@type":"EntryPoint","urlTemplate":"https:\/\/www.immoschwab.ch\/fr\/?s={search_term_string}"},"query-input":{"@type":"PropertyValueSpecification","valueRequired":true,"valueName":"search_term_string"}}],"inLanguage":"fr-FR"},{"@type":"Organization","@id":"https:\/\/www.immoschwab.ch\/fr\/#organization","name":"Immoschwab AG","url":"https:\/\/www.immoschwab.ch\/fr\/","logo":{"@type":"ImageObject","inLanguage":"fr-FR","@id":"https:\/\/www.immoschwab.ch\/fr\/#\/schema\/logo\/image\/","url":"https:\/\/www.immoschwab.ch\/wp-content\/uploads\/2023\/08\/logo-immoschwab-color.svg","contentUrl":"https:\/\/www.immoschwab.ch\/wp-content\/uploads\/2023\/08\/logo-immoschwab-color.svg","width":291,"height":65,"caption":"Immoschwab AG"},"image":{"@id":"https:\/\/www.immoschwab.ch\/fr\/#\/schema\/logo\/image\/"},"sameAs":["https:\/\/www.facebook.com\/immoschwabag\/","https:\/\/www.instagram.com\/immoschwabag\/","https:\/\/www.linkedin.com\/company\/immoschwab-ag\/"]}]}},"_links":{"self":[{"href":"https:\/\/www.immoschwab.ch\/fr\/wp-json\/wp\/v2\/objekte\/25825","targetHints":{"allow":["GET"]}}],"collection":[{"href":"https:\/\/www.immoschwab.ch\/fr\/wp-json\/wp\/v2\/objekte"}],"about":[{"href":"https:\/\/www.immoschwab.ch\/fr\/wp-json\/wp\/v2\/types\/objekte"}],"wp:featuredmedia":[{"embeddable":true,"href":"https:\/\/www.immoschwab.ch\/fr\/wp-json\/wp\/v2\/media\/25821"}],"wp:attachment":[{"href":"https:\/\/www.immoschwab.ch\/fr\/wp-json\/wp\/v2\/media?parent=25825"}],"wp:term":[{"taxonomy":"objektstandort","embeddable":true,"href":"https:\/\/www.immoschwab.ch\/fr\/wp-json\/wp\/v2\/objektstandort?post=25825"},{"taxonomy":"objektart","embeddable":true,"href":"https:\/\/www.immoschwab.ch\/fr\/wp-json\/wp\/v2\/objektart?post=25825"},{"taxonomy":"verkaufsart","embeddable":true,"href":"https:\/\/www.immoschwab.ch\/fr\/wp-json\/wp\/v2\/verkaufsart?post=25825"}],"curies":[{"name":"wp","href":"https:\/\/api.w.org\/{rel}","templated":true}]}}