{"id":26112,"date":"2026-04-27T08:01:17","date_gmt":"2026-04-27T06:01:17","guid":{"rendered":"https:\/\/www.immoschwab.ch\/?post_type=objekte&#038;p=26112"},"modified":"2026-04-27T08:01:17","modified_gmt":"2026-04-27T06:01:17","slug":"charmante-maison-dhabitation-pres-du-lac-de-bienne-utilisation-polyvalente","status":"publish","type":"objekte","link":"https:\/\/www.immoschwab.ch\/fr\/objekt\/charmante-maison-dhabitation-pres-du-lac-de-bienne-utilisation-polyvalente\/","title":{"rendered":"Charmante maison d'habitation pr\u00e8s du lac de Bienne - utilisation polyvalente"},"content":{"rendered":"<p>Cette maison d'habitation attrayante a \u00e9t\u00e9 construite en 1999 pour servir de maison de vacances. \u00c0 l'\u00e9poque d\u00e9j\u00e0, elle avait \u00e9t\u00e9 r\u00e9alis\u00e9e en mettant clairement l'accent sur la durabilit\u00e9 et la construction \u00e9cologique. Une pompe \u00e0 chaleur ainsi que la construction en bois \u00e0 l'\u00e9tage sup\u00e9rieur soulignent le caract\u00e8re orient\u00e9 vers l'avenir de la propri\u00e9t\u00e9.<\/p>\n<p>Aujourd'hui, la maison se pr\u00e9sente comme une maison d'habitation polyvalente qui offre des conditions id\u00e9ales aussi bien comme domicile fixe que comme propri\u00e9t\u00e9 de vacances. La division en deux appartements distincts avec des entr\u00e9es ind\u00e9pendantes offre des possibilit\u00e9s d'utilisation flexibles, que ce soit pour une utilisation personnelle ou pour une location partielle.<\/p>\n<p>L'appartement de 3 pi\u00e8ces au rez-de-chauss\u00e9e convainc par sa r\u00e9partition agr\u00e9able des pi\u00e8ces et son lien direct avec l'espace ext\u00e9rieur. Au premier \u00e9tage se trouve un appartement de 2 pi\u00e8ces dont la g\u00e9n\u00e9reuse baie vitr\u00e9e offre une belle vue sur les environs avec vue sur le lac et remplit l'espace de vie de beaucoup de lumi\u00e8re.<\/p>\n<p>La propri\u00e9t\u00e9 est joliment situ\u00e9e pr\u00e8s du lac de Bienne, int\u00e9gr\u00e9e dans un quartier r\u00e9sidentiel attrayant de Vinelz. Le vaste espace ext\u00e9rieur avec abri de jardin invite \u00e0 la d\u00e9tente et offre un espace de rangement suppl\u00e9mentaire.<br \/>\nUne place de stationnement ext\u00e9rieure pouvant accueillir jusqu'\u00e0 quatre v\u00e9hicules compl\u00e8te l'offre et permet de se garer confortablement \u00e0 proximit\u00e9 imm\u00e9diate de la propri\u00e9t\u00e9.<\/p>\n<p>Une maison avec du charme, une vue panoramique et de multiples possibilit\u00e9s d'utilisation - id\u00e9ale pour tous ceux qui recherchent un habitat proche de la nature dans l'une des r\u00e9gions tr\u00e8s pris\u00e9es autour du lac de Bienne<\/p>\n","protected":false},"featured_media":26085,"template":"","objektstandort":[273],"objektart":[99],"verkaufsart":[103],"class_list":["post-26112","objekte","type-objekte","status-publish","has-post-thumbnail","hentry","objektstandort-vinelz","objektart-einfamilienhaus-fr","verkaufsart-kaufen-fr"],"acf":[],"yoast_head":"<!-- This site is optimized with the Yoast SEO plugin v27.4 - https:\/\/yoast.com\/product\/yoast-seo-wordpress\/ -->\n<title>Objet \u00e0 acheter \u2013 Charmante maison d&#039;habitation pr\u00e8s du lac de Bienne - utilisation polyvalente &#8211; Immoschwab SA \u00e0 Morat et Aarberg<\/title>\n<meta name=\"robots\" content=\"index, follow, max-snippet:-1, max-image-preview:large, max-video-preview:-1\" \/>\n<link rel=\"canonical\" href=\"https:\/\/www.immoschwab.ch\/fr\/objekt\/charmante-maison-dhabitation-pres-du-lac-de-bienne-utilisation-polyvalente\/\" \/>\n<meta property=\"og:locale\" content=\"fr_FR\" \/>\n<meta property=\"og:type\" content=\"article\" \/>\n<meta property=\"og:title\" content=\"Objet \u00e0 acheter \u2013 Charmante maison d&#039;habitation pr\u00e8s du lac de Bienne - utilisation polyvalente &#8211; Immoschwab SA \u00e0 Morat et Aarberg\" \/>\n<meta property=\"og:description\" content=\"Cette maison d&#039;habitation attrayante a \u00e9t\u00e9 construite en 1999 pour servir de maison de vacances. \u00c0 l&#039;\u00e9poque d\u00e9j\u00e0, elle avait \u00e9t\u00e9 r\u00e9alis\u00e9e en mettant clairement l&#039;accent sur la durabilit\u00e9 et la construction \u00e9cologique. Une pompe \u00e0 chaleur ainsi que la construction en bois \u00e0 l&#039;\u00e9tage sup\u00e9rieur soulignent le caract\u00e8re orient\u00e9 vers l&#039;avenir de la propri\u00e9t\u00e9. [&hellip;]\" \/>\n<meta property=\"og:url\" content=\"https:\/\/www.immoschwab.ch\/fr\/objekt\/charmante-maison-dhabitation-pres-du-lac-de-bienne-utilisation-polyvalente\/\" \/>\n<meta property=\"og:site_name\" content=\"Immoschwab SA \u00e0 Morat et Aarberg\" \/>\n<meta property=\"article:publisher\" content=\"https:\/\/www.facebook.com\/immoschwabag\/\" \/>\n<meta property=\"og:image\" content=\"https:\/\/www.immoschwab.ch\/wp-content\/uploads\/2026\/04\/Nord-West-Fassade-scaled.jpg\" \/>\n\t<meta property=\"og:image:width\" content=\"2048\" \/>\n\t<meta property=\"og:image:height\" content=\"1366\" \/>\n\t<meta property=\"og:image:type\" content=\"image\/jpeg\" \/>\n<meta name=\"twitter:card\" content=\"summary_large_image\" \/>\n<meta name=\"twitter:label1\" content=\"Dur\u00e9e de lecture estim\u00e9e\" \/>\n\t<meta name=\"twitter:data1\" content=\"2 minutes\" \/>\n<script type=\"application\/ld+json\" class=\"yoast-schema-graph\">{\"@context\":\"https:\\\/\\\/schema.org\",\"@graph\":[{\"@type\":\"WebPage\",\"@id\":\"https:\\\/\\\/www.immoschwab.ch\\\/fr\\\/objekt\\\/charmante-maison-dhabitation-pres-du-lac-de-bienne-utilisation-polyvalente\\\/\",\"url\":\"https:\\\/\\\/www.immoschwab.ch\\\/fr\\\/objekt\\\/charmante-maison-dhabitation-pres-du-lac-de-bienne-utilisation-polyvalente\\\/\",\"name\":\"Objet \u00e0 acheter \u2013 Charmante maison d'habitation pr\u00e8s du lac de Bienne - utilisation polyvalente &#8211; Immoschwab SA \u00e0 Morat et Aarberg\",\"isPartOf\":{\"@id\":\"https:\\\/\\\/www.immoschwab.ch\\\/fr\\\/#website\"},\"primaryImageOfPage\":{\"@id\":\"https:\\\/\\\/www.immoschwab.ch\\\/fr\\\/objekt\\\/charmante-maison-dhabitation-pres-du-lac-de-bienne-utilisation-polyvalente\\\/#primaryimage\"},\"image\":{\"@id\":\"https:\\\/\\\/www.immoschwab.ch\\\/fr\\\/objekt\\\/charmante-maison-dhabitation-pres-du-lac-de-bienne-utilisation-polyvalente\\\/#primaryimage\"},\"thumbnailUrl\":\"https:\\\/\\\/www.immoschwab.ch\\\/wp-content\\\/uploads\\\/2026\\\/04\\\/Nord-West-Fassade-scaled.jpg\",\"datePublished\":\"2026-04-27T06:01:17+00:00\",\"breadcrumb\":{\"@id\":\"https:\\\/\\\/www.immoschwab.ch\\\/fr\\\/objekt\\\/charmante-maison-dhabitation-pres-du-lac-de-bienne-utilisation-polyvalente\\\/#breadcrumb\"},\"inLanguage\":\"fr-FR\",\"potentialAction\":[{\"@type\":\"ReadAction\",\"target\":[\"https:\\\/\\\/www.immoschwab.ch\\\/fr\\\/objekt\\\/charmante-maison-dhabitation-pres-du-lac-de-bienne-utilisation-polyvalente\\\/\"]}]},{\"@type\":\"ImageObject\",\"inLanguage\":\"fr-FR\",\"@id\":\"https:\\\/\\\/www.immoschwab.ch\\\/fr\\\/objekt\\\/charmante-maison-dhabitation-pres-du-lac-de-bienne-utilisation-polyvalente\\\/#primaryimage\",\"url\":\"https:\\\/\\\/www.immoschwab.ch\\\/wp-content\\\/uploads\\\/2026\\\/04\\\/Nord-West-Fassade-scaled.jpg\",\"contentUrl\":\"https:\\\/\\\/www.immoschwab.ch\\\/wp-content\\\/uploads\\\/2026\\\/04\\\/Nord-West-Fassade-scaled.jpg\",\"width\":2048,\"height\":1366},{\"@type\":\"BreadcrumbList\",\"@id\":\"https:\\\/\\\/www.immoschwab.ch\\\/fr\\\/objekt\\\/charmante-maison-dhabitation-pres-du-lac-de-bienne-utilisation-polyvalente\\\/#breadcrumb\",\"itemListElement\":[{\"@type\":\"ListItem\",\"position\":1,\"name\":\"Home\",\"item\":\"https:\\\/\\\/www.immoschwab.ch\\\/fr\\\/\"},{\"@type\":\"ListItem\",\"position\":2,\"name\":\"Objet \u00e0 acheter\",\"item\":\"https:\\\/\\\/www.immoschwab.ch\\\/fr\\\/verkaufsart\\\/kaufen-fr\\\/\"},{\"@type\":\"ListItem\",\"position\":3,\"name\":\"Charmante maison d'habitation pr\u00e8s du lac de Bienne - utilisation polyvalente\"}]},{\"@type\":\"WebSite\",\"@id\":\"https:\\\/\\\/www.immoschwab.ch\\\/fr\\\/#website\",\"url\":\"https:\\\/\\\/www.immoschwab.ch\\\/fr\\\/\",\"name\":\"Immoschwab SA \u00e0 Morat et Aarberg\",\"description\":\"\",\"publisher\":{\"@id\":\"https:\\\/\\\/www.immoschwab.ch\\\/fr\\\/#organization\"},\"potentialAction\":[{\"@type\":\"SearchAction\",\"target\":{\"@type\":\"EntryPoint\",\"urlTemplate\":\"https:\\\/\\\/www.immoschwab.ch\\\/fr\\\/?s={search_term_string}\"},\"query-input\":{\"@type\":\"PropertyValueSpecification\",\"valueRequired\":true,\"valueName\":\"search_term_string\"}}],\"inLanguage\":\"fr-FR\"},{\"@type\":\"Organization\",\"@id\":\"https:\\\/\\\/www.immoschwab.ch\\\/fr\\\/#organization\",\"name\":\"Immoschwab AG\",\"url\":\"https:\\\/\\\/www.immoschwab.ch\\\/fr\\\/\",\"logo\":{\"@type\":\"ImageObject\",\"inLanguage\":\"fr-FR\",\"@id\":\"https:\\\/\\\/www.immoschwab.ch\\\/fr\\\/#\\\/schema\\\/logo\\\/image\\\/\",\"url\":\"https:\\\/\\\/www.immoschwab.ch\\\/wp-content\\\/uploads\\\/2023\\\/08\\\/logo-immoschwab-color.svg\",\"contentUrl\":\"https:\\\/\\\/www.immoschwab.ch\\\/wp-content\\\/uploads\\\/2023\\\/08\\\/logo-immoschwab-color.svg\",\"width\":291,\"height\":65,\"caption\":\"Immoschwab AG\"},\"image\":{\"@id\":\"https:\\\/\\\/www.immoschwab.ch\\\/fr\\\/#\\\/schema\\\/logo\\\/image\\\/\"},\"sameAs\":[\"https:\\\/\\\/www.facebook.com\\\/immoschwabag\\\/\",\"https:\\\/\\\/www.instagram.com\\\/immoschwabag\\\/\",\"https:\\\/\\\/www.linkedin.com\\\/company\\\/immoschwab-ag\\\/\"]}]}<\/script>\n<!-- \/ Yoast SEO plugin. -->","yoast_head_json":{"title":"Objet \u00e0 acheter \u2013 Charmante maison d'habitation pr\u00e8s du lac de Bienne - utilisation polyvalente &#8211; Immoschwab SA \u00e0 Morat et Aarberg","robots":{"index":"index","follow":"follow","max-snippet":"max-snippet:-1","max-image-preview":"max-image-preview:large","max-video-preview":"max-video-preview:-1"},"canonical":"https:\/\/www.immoschwab.ch\/fr\/objekt\/charmante-maison-dhabitation-pres-du-lac-de-bienne-utilisation-polyvalente\/","og_locale":"fr_FR","og_type":"article","og_title":"Objet \u00e0 acheter \u2013 Charmante maison d'habitation pr\u00e8s du lac de Bienne - utilisation polyvalente &#8211; Immoschwab SA \u00e0 Morat et Aarberg","og_description":"Cette maison d'habitation attrayante a \u00e9t\u00e9 construite en 1999 pour servir de maison de vacances. \u00c0 l'\u00e9poque d\u00e9j\u00e0, elle avait \u00e9t\u00e9 r\u00e9alis\u00e9e en mettant clairement l'accent sur la durabilit\u00e9 et la construction \u00e9cologique. Une pompe \u00e0 chaleur ainsi que la construction en bois \u00e0 l'\u00e9tage sup\u00e9rieur soulignent le caract\u00e8re orient\u00e9 vers l'avenir de la propri\u00e9t\u00e9. [&hellip;]","og_url":"https:\/\/www.immoschwab.ch\/fr\/objekt\/charmante-maison-dhabitation-pres-du-lac-de-bienne-utilisation-polyvalente\/","og_site_name":"Immoschwab SA \u00e0 Morat et Aarberg","article_publisher":"https:\/\/www.facebook.com\/immoschwabag\/","og_image":[{"width":2048,"height":1366,"url":"https:\/\/www.immoschwab.ch\/wp-content\/uploads\/2026\/04\/Nord-West-Fassade-scaled.jpg","type":"image\/jpeg"}],"twitter_card":"summary_large_image","twitter_misc":{"Dur\u00e9e de lecture estim\u00e9e":"2 minutes"},"schema":{"@context":"https:\/\/schema.org","@graph":[{"@type":"WebPage","@id":"https:\/\/www.immoschwab.ch\/fr\/objekt\/charmante-maison-dhabitation-pres-du-lac-de-bienne-utilisation-polyvalente\/","url":"https:\/\/www.immoschwab.ch\/fr\/objekt\/charmante-maison-dhabitation-pres-du-lac-de-bienne-utilisation-polyvalente\/","name":"Objet \u00e0 acheter \u2013 Charmante maison d'habitation pr\u00e8s du lac de Bienne - utilisation polyvalente &#8211; Immoschwab SA \u00e0 Morat et Aarberg","isPartOf":{"@id":"https:\/\/www.immoschwab.ch\/fr\/#website"},"primaryImageOfPage":{"@id":"https:\/\/www.immoschwab.ch\/fr\/objekt\/charmante-maison-dhabitation-pres-du-lac-de-bienne-utilisation-polyvalente\/#primaryimage"},"image":{"@id":"https:\/\/www.immoschwab.ch\/fr\/objekt\/charmante-maison-dhabitation-pres-du-lac-de-bienne-utilisation-polyvalente\/#primaryimage"},"thumbnailUrl":"https:\/\/www.immoschwab.ch\/wp-content\/uploads\/2026\/04\/Nord-West-Fassade-scaled.jpg","datePublished":"2026-04-27T06:01:17+00:00","breadcrumb":{"@id":"https:\/\/www.immoschwab.ch\/fr\/objekt\/charmante-maison-dhabitation-pres-du-lac-de-bienne-utilisation-polyvalente\/#breadcrumb"},"inLanguage":"fr-FR","potentialAction":[{"@type":"ReadAction","target":["https:\/\/www.immoschwab.ch\/fr\/objekt\/charmante-maison-dhabitation-pres-du-lac-de-bienne-utilisation-polyvalente\/"]}]},{"@type":"ImageObject","inLanguage":"fr-FR","@id":"https:\/\/www.immoschwab.ch\/fr\/objekt\/charmante-maison-dhabitation-pres-du-lac-de-bienne-utilisation-polyvalente\/#primaryimage","url":"https:\/\/www.immoschwab.ch\/wp-content\/uploads\/2026\/04\/Nord-West-Fassade-scaled.jpg","contentUrl":"https:\/\/www.immoschwab.ch\/wp-content\/uploads\/2026\/04\/Nord-West-Fassade-scaled.jpg","width":2048,"height":1366},{"@type":"BreadcrumbList","@id":"https:\/\/www.immoschwab.ch\/fr\/objekt\/charmante-maison-dhabitation-pres-du-lac-de-bienne-utilisation-polyvalente\/#breadcrumb","itemListElement":[{"@type":"ListItem","position":1,"name":"Home","item":"https:\/\/www.immoschwab.ch\/fr\/"},{"@type":"ListItem","position":2,"name":"Objet \u00e0 acheter","item":"https:\/\/www.immoschwab.ch\/fr\/verkaufsart\/kaufen-fr\/"},{"@type":"ListItem","position":3,"name":"Charmante maison d'habitation pr\u00e8s du lac de Bienne - utilisation polyvalente"}]},{"@type":"WebSite","@id":"https:\/\/www.immoschwab.ch\/fr\/#website","url":"https:\/\/www.immoschwab.ch\/fr\/","name":"Immoschwab SA \u00e0 Morat et Aarberg","description":"","publisher":{"@id":"https:\/\/www.immoschwab.ch\/fr\/#organization"},"potentialAction":[{"@type":"SearchAction","target":{"@type":"EntryPoint","urlTemplate":"https:\/\/www.immoschwab.ch\/fr\/?s={search_term_string}"},"query-input":{"@type":"PropertyValueSpecification","valueRequired":true,"valueName":"search_term_string"}}],"inLanguage":"fr-FR"},{"@type":"Organization","@id":"https:\/\/www.immoschwab.ch\/fr\/#organization","name":"Immoschwab AG","url":"https:\/\/www.immoschwab.ch\/fr\/","logo":{"@type":"ImageObject","inLanguage":"fr-FR","@id":"https:\/\/www.immoschwab.ch\/fr\/#\/schema\/logo\/image\/","url":"https:\/\/www.immoschwab.ch\/wp-content\/uploads\/2023\/08\/logo-immoschwab-color.svg","contentUrl":"https:\/\/www.immoschwab.ch\/wp-content\/uploads\/2023\/08\/logo-immoschwab-color.svg","width":291,"height":65,"caption":"Immoschwab AG"},"image":{"@id":"https:\/\/www.immoschwab.ch\/fr\/#\/schema\/logo\/image\/"},"sameAs":["https:\/\/www.facebook.com\/immoschwabag\/","https:\/\/www.instagram.com\/immoschwabag\/","https:\/\/www.linkedin.com\/company\/immoschwab-ag\/"]}]}},"_links":{"self":[{"href":"https:\/\/www.immoschwab.ch\/fr\/wp-json\/wp\/v2\/objekte\/26112","targetHints":{"allow":["GET"]}}],"collection":[{"href":"https:\/\/www.immoschwab.ch\/fr\/wp-json\/wp\/v2\/objekte"}],"about":[{"href":"https:\/\/www.immoschwab.ch\/fr\/wp-json\/wp\/v2\/types\/objekte"}],"wp:featuredmedia":[{"embeddable":true,"href":"https:\/\/www.immoschwab.ch\/fr\/wp-json\/wp\/v2\/media\/26085"}],"wp:attachment":[{"href":"https:\/\/www.immoschwab.ch\/fr\/wp-json\/wp\/v2\/media?parent=26112"}],"wp:term":[{"taxonomy":"objektstandort","embeddable":true,"href":"https:\/\/www.immoschwab.ch\/fr\/wp-json\/wp\/v2\/objektstandort?post=26112"},{"taxonomy":"objektart","embeddable":true,"href":"https:\/\/www.immoschwab.ch\/fr\/wp-json\/wp\/v2\/objektart?post=26112"},{"taxonomy":"verkaufsart","embeddable":true,"href":"https:\/\/www.immoschwab.ch\/fr\/wp-json\/wp\/v2\/verkaufsart?post=26112"}],"curies":[{"name":"wp","href":"https:\/\/api.w.org\/{rel}","templated":true}]}}