{"id":27607,"date":"2026-07-09T07:48:25","date_gmt":"2026-07-09T05:48:25","guid":{"rendered":"https:\/\/www.immoschwab.ch\/?post_type=objekte&#038;p=27607"},"modified":"2026-07-09T07:48:25","modified_gmt":"2026-07-09T05:48:25","slug":"habiter-avec-style-appartement-mansarde-de-45-pieces-avec-un-flair-particulier","status":"publish","type":"objekte","link":"https:\/\/www.immoschwab.ch\/fr\/objekt\/habiter-avec-style-appartement-mansarde-de-45-pieces-avec-un-flair-particulier\/","title":{"rendered":"Habiter avec style: appartement mansard\u00e9 de 4,5 pi\u00e8ces avec un flair particulier"},"content":{"rendered":"<p>\u00c0 compter du 1er ao\u00fbt 2026 ou \u00e0 convenir, nous proposons \u00e0 la location un appartement mansard\u00e9 moderne de 4,5 pi\u00e8ces situ\u00e9 au Mitteldorf 5a \u00e0 Kallnach.<\/p>\n<p>L'appartement s\u00e9duit par ses prestations haut de gamme :<\/p>\n<p>. Une cuisine moderne avec \u00eelot central, offrant beaucoup d'espace et de confort pour des exp\u00e9riences culinaires.<br \/>\n. Deux grandes salles de bains : l'une avec douche, l'autre avec baignoire pour des moments de d\u00e9tente.<br \/>\n. La cuisine, la salle de bains, les toilettes s\u00e9par\u00e9es avec douche, le couloir et le salon sont dot\u00e9s d\u2019un sol en dalles moderne.<br \/>\n. La chambre parentale et les chambres d'enfants sont dot\u00e9es d'un parquet chaleureux.<br \/>\n. Une cave et un grenier spacieux, accessible directement depuis l'appartement, offrent un espace de rangement suppl\u00e9mentaire.<\/p>\n<p>Cet appartement allie confort moderne et fonctionnalit\u00e9 dans un cadre calme et offre suffisamment d'espace.<br \/>\nUn atout particulier pour les familles : la r\u00e9sidence dispose d\u2019une superbe aire de jeux offrant beaucoup d\u2019espace pour s\u2019amuser.<\/p>\n<p>Deux places de parking couvertes peuvent \u00eatre lou\u00e9es en suppl\u00e9ment pour CHF 100.00 par mois chacune.<\/p>\n<p>Avons-nous \u00e9veill\u00e9 votre int\u00e9r\u00eat ? N\u2019h\u00e9sitez pas \u00e0 nous contacter !<\/p>\n<p>Les photos ne refl\u00e8tent pas l\u2019am\u00e9nagement actuel de l\u2019appartement<\/p>\n","protected":false},"featured_media":27588,"template":"","objektstandort":[84],"objektart":[76],"verkaufsart":[77],"class_list":["post-27607","objekte","type-objekte","status-publish","has-post-thumbnail","hentry","objektstandort-kallnach-fr","objektart-wohnung-fr","verkaufsart-mieten-fr"],"acf":[],"yoast_head":"<!-- This site is optimized with the Yoast SEO plugin v28.4 - https:\/\/yoast.com\/product\/yoast-seo-wordpress\/ -->\n<title>Objet \u00e0 louer \u2013 Habiter avec style: appartement mansard\u00e9 de 4,5 pi\u00e8ces avec un flair particulier &#8211; Immoschwab SA \u00e0 Morat et Aarberg<\/title>\n<meta name=\"description\" content=\"Habiter avec style: appartement mansard\u00e9 de 4,5 pi\u00e8ces avec un flair particulier\" \/>\n<meta name=\"robots\" content=\"index, follow, max-snippet:-1, max-image-preview:large, max-video-preview:-1\" \/>\n<link rel=\"canonical\" href=\"https:\/\/www.immoschwab.ch\/fr\/objekt\/habiter-avec-style-appartement-mansarde-de-45-pieces-avec-un-flair-particulier\/\" \/>\n<meta property=\"og:locale\" content=\"fr_FR\" \/>\n<meta property=\"og:type\" content=\"article\" \/>\n<meta property=\"og:title\" content=\"Objet \u00e0 louer \u2013 Habiter avec style: appartement mansard\u00e9 de 4,5 pi\u00e8ces avec un flair particulier &#8211; Immoschwab SA \u00e0 Morat et Aarberg\" \/>\n<meta property=\"og:description\" content=\"Habiter avec style: appartement mansard\u00e9 de 4,5 pi\u00e8ces avec un flair particulier\" \/>\n<meta property=\"og:url\" content=\"https:\/\/www.immoschwab.ch\/fr\/objekt\/habiter-avec-style-appartement-mansarde-de-45-pieces-avec-un-flair-particulier\/\" \/>\n<meta property=\"og:site_name\" content=\"Immoschwab SA \u00e0 Morat et Aarberg\" \/>\n<meta property=\"article:publisher\" content=\"https:\/\/www.facebook.com\/immoschwabag\/\" \/>\n<meta property=\"og:image\" content=\"https:\/\/www.immoschwab.ch\/wp-content\/uploads\/2023\/10\/Mitteldorf-5aa-scaled.jpg\" \/>\n\t<meta property=\"og:image:width\" content=\"2048\" \/>\n\t<meta property=\"og:image:height\" content=\"1365\" \/>\n\t<meta property=\"og:image:type\" content=\"image\/jpeg\" \/>\n<meta name=\"twitter:card\" content=\"summary_large_image\" \/>\n<meta name=\"twitter:label1\" content=\"Dur\u00e9e de lecture estim\u00e9e\" \/>\n\t<meta name=\"twitter:data1\" content=\"2 minutes\" \/>\n<script type=\"application\/ld+json\" class=\"yoast-schema-graph\">{\"@context\":\"https:\\\/\\\/schema.org\",\"@graph\":[{\"@type\":\"WebPage\",\"@id\":\"https:\\\/\\\/www.immoschwab.ch\\\/fr\\\/objekt\\\/habiter-avec-style-appartement-mansarde-de-45-pieces-avec-un-flair-particulier\\\/\",\"url\":\"https:\\\/\\\/www.immoschwab.ch\\\/fr\\\/objekt\\\/habiter-avec-style-appartement-mansarde-de-45-pieces-avec-un-flair-particulier\\\/\",\"name\":\"Objet \u00e0 louer \u2013 Habiter avec style: appartement mansard\u00e9 de 4,5 pi\u00e8ces avec un flair particulier &#8211; Immoschwab SA \u00e0 Morat et Aarberg\",\"isPartOf\":{\"@id\":\"https:\\\/\\\/www.immoschwab.ch\\\/fr\\\/#website\"},\"primaryImageOfPage\":{\"@id\":\"https:\\\/\\\/www.immoschwab.ch\\\/fr\\\/objekt\\\/habiter-avec-style-appartement-mansarde-de-45-pieces-avec-un-flair-particulier\\\/#primaryimage\"},\"image\":{\"@id\":\"https:\\\/\\\/www.immoschwab.ch\\\/fr\\\/objekt\\\/habiter-avec-style-appartement-mansarde-de-45-pieces-avec-un-flair-particulier\\\/#primaryimage\"},\"thumbnailUrl\":\"https:\\\/\\\/www.immoschwab.ch\\\/wp-content\\\/uploads\\\/2023\\\/10\\\/Mitteldorf-5aa-scaled.jpg\",\"datePublished\":\"2026-07-09T05:48:25+00:00\",\"description\":\"Habiter avec style: appartement mansard\u00e9 de 4,5 pi\u00e8ces avec un flair particulier\",\"breadcrumb\":{\"@id\":\"https:\\\/\\\/www.immoschwab.ch\\\/fr\\\/objekt\\\/habiter-avec-style-appartement-mansarde-de-45-pieces-avec-un-flair-particulier\\\/#breadcrumb\"},\"inLanguage\":\"fr-FR\",\"potentialAction\":[{\"@type\":\"ReadAction\",\"target\":[\"https:\\\/\\\/www.immoschwab.ch\\\/fr\\\/objekt\\\/habiter-avec-style-appartement-mansarde-de-45-pieces-avec-un-flair-particulier\\\/\"]}]},{\"@type\":\"ImageObject\",\"inLanguage\":\"fr-FR\",\"@id\":\"https:\\\/\\\/www.immoschwab.ch\\\/fr\\\/objekt\\\/habiter-avec-style-appartement-mansarde-de-45-pieces-avec-un-flair-particulier\\\/#primaryimage\",\"url\":\"https:\\\/\\\/www.immoschwab.ch\\\/wp-content\\\/uploads\\\/2023\\\/10\\\/Mitteldorf-5aa-scaled.jpg\",\"contentUrl\":\"https:\\\/\\\/www.immoschwab.ch\\\/wp-content\\\/uploads\\\/2023\\\/10\\\/Mitteldorf-5aa-scaled.jpg\",\"width\":2048,\"height\":1365},{\"@type\":\"BreadcrumbList\",\"@id\":\"https:\\\/\\\/www.immoschwab.ch\\\/fr\\\/objekt\\\/habiter-avec-style-appartement-mansarde-de-45-pieces-avec-un-flair-particulier\\\/#breadcrumb\",\"itemListElement\":[{\"@type\":\"ListItem\",\"position\":1,\"name\":\"Home\",\"item\":\"https:\\\/\\\/www.immoschwab.ch\\\/fr\\\/\"},{\"@type\":\"ListItem\",\"position\":2,\"name\":\"Objet \u00e0 louer\",\"item\":\"https:\\\/\\\/www.immoschwab.ch\\\/fr\\\/verkaufsart\\\/mieten-fr\\\/\"},{\"@type\":\"ListItem\",\"position\":3,\"name\":\"Habiter avec style: appartement mansard\u00e9 de 4,5 pi\u00e8ces avec un flair particulier\"}]},{\"@type\":\"WebSite\",\"@id\":\"https:\\\/\\\/www.immoschwab.ch\\\/fr\\\/#website\",\"url\":\"https:\\\/\\\/www.immoschwab.ch\\\/fr\\\/\",\"name\":\"Immoschwab SA \u00e0 Morat et Aarberg\",\"description\":\"\",\"publisher\":{\"@id\":\"https:\\\/\\\/www.immoschwab.ch\\\/fr\\\/#organization\"},\"potentialAction\":[{\"@type\":\"SearchAction\",\"target\":{\"@type\":\"EntryPoint\",\"urlTemplate\":\"https:\\\/\\\/www.immoschwab.ch\\\/fr\\\/?s={search_term_string}\"},\"query-input\":{\"@type\":\"PropertyValueSpecification\",\"valueRequired\":true,\"valueName\":\"search_term_string\"}}],\"inLanguage\":\"fr-FR\"},{\"@type\":\"Organization\",\"@id\":\"https:\\\/\\\/www.immoschwab.ch\\\/fr\\\/#organization\",\"name\":\"Immoschwab AG\",\"url\":\"https:\\\/\\\/www.immoschwab.ch\\\/fr\\\/\",\"logo\":{\"@type\":\"ImageObject\",\"inLanguage\":\"fr-FR\",\"@id\":\"https:\\\/\\\/www.immoschwab.ch\\\/fr\\\/#\\\/schema\\\/logo\\\/image\\\/\",\"url\":\"https:\\\/\\\/www.immoschwab.ch\\\/wp-content\\\/uploads\\\/2023\\\/08\\\/logo-immoschwab-color.svg\",\"contentUrl\":\"https:\\\/\\\/www.immoschwab.ch\\\/wp-content\\\/uploads\\\/2023\\\/08\\\/logo-immoschwab-color.svg\",\"width\":291,\"height\":65,\"caption\":\"Immoschwab AG\"},\"image\":{\"@id\":\"https:\\\/\\\/www.immoschwab.ch\\\/fr\\\/#\\\/schema\\\/logo\\\/image\\\/\"},\"sameAs\":[\"https:\\\/\\\/www.facebook.com\\\/immoschwabag\\\/\",\"https:\\\/\\\/www.instagram.com\\\/immoschwabag\\\/\",\"https:\\\/\\\/www.linkedin.com\\\/company\\\/immoschwab-ag\\\/\"]}]}<\/script>\n<!-- \/ Yoast SEO plugin. -->","yoast_head_json":{"title":"Objet \u00e0 louer \u2013 Habiter avec style: appartement mansard\u00e9 de 4,5 pi\u00e8ces avec un flair particulier &#8211; Immoschwab SA \u00e0 Morat et Aarberg","description":"Habiter avec style: appartement mansard\u00e9 de 4,5 pi\u00e8ces avec un flair particulier","robots":{"index":"index","follow":"follow","max-snippet":"max-snippet:-1","max-image-preview":"max-image-preview:large","max-video-preview":"max-video-preview:-1"},"canonical":"https:\/\/www.immoschwab.ch\/fr\/objekt\/habiter-avec-style-appartement-mansarde-de-45-pieces-avec-un-flair-particulier\/","og_locale":"fr_FR","og_type":"article","og_title":"Objet \u00e0 louer \u2013 Habiter avec style: appartement mansard\u00e9 de 4,5 pi\u00e8ces avec un flair particulier &#8211; Immoschwab SA \u00e0 Morat et Aarberg","og_description":"Habiter avec style: appartement mansard\u00e9 de 4,5 pi\u00e8ces avec un flair particulier","og_url":"https:\/\/www.immoschwab.ch\/fr\/objekt\/habiter-avec-style-appartement-mansarde-de-45-pieces-avec-un-flair-particulier\/","og_site_name":"Immoschwab SA \u00e0 Morat et Aarberg","article_publisher":"https:\/\/www.facebook.com\/immoschwabag\/","og_image":[{"width":2048,"height":1365,"url":"https:\/\/www.immoschwab.ch\/wp-content\/uploads\/2023\/10\/Mitteldorf-5aa-scaled.jpg","type":"image\/jpeg"}],"twitter_card":"summary_large_image","twitter_misc":{"Dur\u00e9e de lecture estim\u00e9e":"2 minutes"},"schema":{"@context":"https:\/\/schema.org","@graph":[{"@type":"WebPage","@id":"https:\/\/www.immoschwab.ch\/fr\/objekt\/habiter-avec-style-appartement-mansarde-de-45-pieces-avec-un-flair-particulier\/","url":"https:\/\/www.immoschwab.ch\/fr\/objekt\/habiter-avec-style-appartement-mansarde-de-45-pieces-avec-un-flair-particulier\/","name":"Objet \u00e0 louer \u2013 Habiter avec style: appartement mansard\u00e9 de 4,5 pi\u00e8ces avec un flair particulier &#8211; Immoschwab SA \u00e0 Morat et Aarberg","isPartOf":{"@id":"https:\/\/www.immoschwab.ch\/fr\/#website"},"primaryImageOfPage":{"@id":"https:\/\/www.immoschwab.ch\/fr\/objekt\/habiter-avec-style-appartement-mansarde-de-45-pieces-avec-un-flair-particulier\/#primaryimage"},"image":{"@id":"https:\/\/www.immoschwab.ch\/fr\/objekt\/habiter-avec-style-appartement-mansarde-de-45-pieces-avec-un-flair-particulier\/#primaryimage"},"thumbnailUrl":"https:\/\/www.immoschwab.ch\/wp-content\/uploads\/2023\/10\/Mitteldorf-5aa-scaled.jpg","datePublished":"2026-07-09T05:48:25+00:00","description":"Habiter avec style: appartement mansard\u00e9 de 4,5 pi\u00e8ces avec un flair particulier","breadcrumb":{"@id":"https:\/\/www.immoschwab.ch\/fr\/objekt\/habiter-avec-style-appartement-mansarde-de-45-pieces-avec-un-flair-particulier\/#breadcrumb"},"inLanguage":"fr-FR","potentialAction":[{"@type":"ReadAction","target":["https:\/\/www.immoschwab.ch\/fr\/objekt\/habiter-avec-style-appartement-mansarde-de-45-pieces-avec-un-flair-particulier\/"]}]},{"@type":"ImageObject","inLanguage":"fr-FR","@id":"https:\/\/www.immoschwab.ch\/fr\/objekt\/habiter-avec-style-appartement-mansarde-de-45-pieces-avec-un-flair-particulier\/#primaryimage","url":"https:\/\/www.immoschwab.ch\/wp-content\/uploads\/2023\/10\/Mitteldorf-5aa-scaled.jpg","contentUrl":"https:\/\/www.immoschwab.ch\/wp-content\/uploads\/2023\/10\/Mitteldorf-5aa-scaled.jpg","width":2048,"height":1365},{"@type":"BreadcrumbList","@id":"https:\/\/www.immoschwab.ch\/fr\/objekt\/habiter-avec-style-appartement-mansarde-de-45-pieces-avec-un-flair-particulier\/#breadcrumb","itemListElement":[{"@type":"ListItem","position":1,"name":"Home","item":"https:\/\/www.immoschwab.ch\/fr\/"},{"@type":"ListItem","position":2,"name":"Objet \u00e0 louer","item":"https:\/\/www.immoschwab.ch\/fr\/verkaufsart\/mieten-fr\/"},{"@type":"ListItem","position":3,"name":"Habiter avec style: appartement mansard\u00e9 de 4,5 pi\u00e8ces avec un flair particulier"}]},{"@type":"WebSite","@id":"https:\/\/www.immoschwab.ch\/fr\/#website","url":"https:\/\/www.immoschwab.ch\/fr\/","name":"Immoschwab SA \u00e0 Morat et Aarberg","description":"","publisher":{"@id":"https:\/\/www.immoschwab.ch\/fr\/#organization"},"potentialAction":[{"@type":"SearchAction","target":{"@type":"EntryPoint","urlTemplate":"https:\/\/www.immoschwab.ch\/fr\/?s={search_term_string}"},"query-input":{"@type":"PropertyValueSpecification","valueRequired":true,"valueName":"search_term_string"}}],"inLanguage":"fr-FR"},{"@type":"Organization","@id":"https:\/\/www.immoschwab.ch\/fr\/#organization","name":"Immoschwab AG","url":"https:\/\/www.immoschwab.ch\/fr\/","logo":{"@type":"ImageObject","inLanguage":"fr-FR","@id":"https:\/\/www.immoschwab.ch\/fr\/#\/schema\/logo\/image\/","url":"https:\/\/www.immoschwab.ch\/wp-content\/uploads\/2023\/08\/logo-immoschwab-color.svg","contentUrl":"https:\/\/www.immoschwab.ch\/wp-content\/uploads\/2023\/08\/logo-immoschwab-color.svg","width":291,"height":65,"caption":"Immoschwab AG"},"image":{"@id":"https:\/\/www.immoschwab.ch\/fr\/#\/schema\/logo\/image\/"},"sameAs":["https:\/\/www.facebook.com\/immoschwabag\/","https:\/\/www.instagram.com\/immoschwabag\/","https:\/\/www.linkedin.com\/company\/immoschwab-ag\/"]}]}},"_links":{"self":[{"href":"https:\/\/www.immoschwab.ch\/fr\/wp-json\/wp\/v2\/objekte\/27607","targetHints":{"allow":["GET"]}}],"collection":[{"href":"https:\/\/www.immoschwab.ch\/fr\/wp-json\/wp\/v2\/objekte"}],"about":[{"href":"https:\/\/www.immoschwab.ch\/fr\/wp-json\/wp\/v2\/types\/objekte"}],"wp:featuredmedia":[{"embeddable":true,"href":"https:\/\/www.immoschwab.ch\/fr\/wp-json\/wp\/v2\/media\/27588"}],"wp:attachment":[{"href":"https:\/\/www.immoschwab.ch\/fr\/wp-json\/wp\/v2\/media?parent=27607"}],"wp:term":[{"taxonomy":"objektstandort","embeddable":true,"href":"https:\/\/www.immoschwab.ch\/fr\/wp-json\/wp\/v2\/objektstandort?post=27607"},{"taxonomy":"objektart","embeddable":true,"href":"https:\/\/www.immoschwab.ch\/fr\/wp-json\/wp\/v2\/objektart?post=27607"},{"taxonomy":"verkaufsart","embeddable":true,"href":"https:\/\/www.immoschwab.ch\/fr\/wp-json\/wp\/v2\/verkaufsart?post=27607"}],"curies":[{"name":"wp","href":"https:\/\/api.w.org\/{rel}","templated":true}]}}