{"id":28767,"date":"2026-08-31T12:03:07","date_gmt":"2026-08-31T10:03:07","guid":{"rendered":"https:\/\/www.immoschwab.ch\/?post_type=objekte&#038;p=28767"},"modified":"2026-08-31T12:03:07","modified_gmt":"2026-08-31T10:03:07","slug":"charmant-appartement-de-35-pieces-avec-terrasse-au-rez-de-chaussee","status":"publish","type":"objekte","link":"https:\/\/www.immoschwab.ch\/fr\/objekt\/charmant-appartement-de-35-pieces-avec-terrasse-au-rez-de-chaussee\/","title":{"rendered":"Charmant appartement de 3,5 pi\u00e8ces avec terrasse au rez-de-chauss\u00e9e"},"content":{"rendered":"<p>\u00c0 compter du 1er d\u00e9cembre 2026, nous proposons \u00e0 la location un bel appartement confortable de 3,5 pi\u00e8ces situ\u00e9 au rez-de-chauss\u00e9e du 28 Nidaustrasse \u00e0 Aarberg.<\/p>\n<p>L\u2019appartement s\u00e9duit par son agencement ouvert et spacieux, qui cr\u00e9e une atmosph\u00e8re de vie agr\u00e9able. La cuisine moderne offre tout ce dont vous avez besoin pour cuisiner et savourer vos repas. Elle est \u00e9quip\u00e9e d\u2019une plaque vitroc\u00e9ramique et d\u2019un lave-vaisselle, et dispose de suffisamment d\u2019espace pour r\u00e9galer votre famille et vos invit\u00e9s.<\/p>\n<p>La salle de bains vous offre un confort exceptionnel : vous disposez \u00e0 la fois d\u2019une baignoire et d\u2019une douche, pour plus de d\u00e9tente et de flexibilit\u00e9 au quotidien.<\/p>\n<p>Les pi\u00e8ces \u00e0 vivre sont agr\u00e9ment\u00e9es d\u2019une combinaison r\u00e9ussie de carrelage fonc\u00e9 et de parquet, qui conf\u00e8re \u00e0 l\u2019appartement une atmosph\u00e8re \u00e0 la fois moderne et chaleureuse.<\/p>\n<p>La terrasse constitue un atout particulier, o\u00f9 vous pourrez profiter des journ\u00e9es ensoleill\u00e9es et passer d'agr\u00e9ables moments en plein air.<\/p>\n<p>L\u2019appartement comprend \u00e9galement :<\/p>\n<p>- un casier de cave<br \/>\n- une buanderie commune au sous-sol<\/p>\n<p>Deux places de parking couvertes peuvent \u00eatre lou\u00e9es en compl\u00e9ment de l\u2019appartement, au prix de 110,00 CHF chacune par mois.<\/p>\n<p>Avons-nous \u00e9veill\u00e9 votre int\u00e9r\u00eat ? N\u2019h\u00e9sitez pas et prenez rendez-vous d\u00e8s aujourd\u2019hui avec nous pour une visite sans engagement.<\/p>\n<p>Remarque : toutes les photos ne correspondent pas \u00e0 l\u2019am\u00e9nagement actuel de l\u2019appartement. Les photos sont fournies \u00e0 titre indicatif<\/p>\n","protected":false},"featured_media":28746,"template":"","objektstandort":[78],"objektart":[76],"verkaufsart":[77],"class_list":["post-28767","objekte","type-objekte","status-publish","has-post-thumbnail","hentry","objektstandort-aarberg-fr","objektart-wohnung-fr","verkaufsart-mieten-fr"],"acf":[],"yoast_head":"<!-- This site is optimized with the Yoast SEO plugin v28.4 - https:\/\/yoast.com\/product\/yoast-seo-wordpress\/ -->\n<title>Objet \u00e0 louer \u2013 Charmant appartement de 3,5 pi\u00e8ces avec terrasse au rez-de-chauss\u00e9e &#8211; Immoschwab SA \u00e0 Morat et Aarberg<\/title>\n<meta name=\"description\" content=\"Charmant appartement de 3,5 pi\u00e8ces avec terrasse au rez-de-chauss\u00e9e\" \/>\n<meta name=\"robots\" content=\"index, follow, max-snippet:-1, max-image-preview:large, max-video-preview:-1\" \/>\n<link rel=\"canonical\" href=\"https:\/\/www.immoschwab.ch\/fr\/objekt\/charmant-appartement-de-35-pieces-avec-terrasse-au-rez-de-chaussee\/\" \/>\n<meta property=\"og:locale\" content=\"fr_FR\" \/>\n<meta property=\"og:type\" content=\"article\" \/>\n<meta property=\"og:title\" content=\"Objet \u00e0 louer \u2013 Charmant appartement de 3,5 pi\u00e8ces avec terrasse au rez-de-chauss\u00e9e &#8211; Immoschwab SA \u00e0 Morat et Aarberg\" \/>\n<meta property=\"og:description\" content=\"Charmant appartement de 3,5 pi\u00e8ces avec terrasse au rez-de-chauss\u00e9e\" \/>\n<meta property=\"og:url\" content=\"https:\/\/www.immoschwab.ch\/fr\/objekt\/charmant-appartement-de-35-pieces-avec-terrasse-au-rez-de-chaussee\/\" \/>\n<meta property=\"og:site_name\" content=\"Immoschwab SA \u00e0 Morat et Aarberg\" \/>\n<meta property=\"article:publisher\" content=\"https:\/\/www.facebook.com\/immoschwabag\/\" \/>\n<meta property=\"og:image\" content=\"https:\/\/www.immoschwab.ch\/wp-content\/uploads\/2026\/08\/Liegenschaft-1.jpg\" \/>\n\t<meta property=\"og:image:width\" content=\"2000\" \/>\n\t<meta property=\"og:image:height\" content=\"1334\" \/>\n\t<meta property=\"og:image:type\" content=\"image\/jpeg\" \/>\n<meta name=\"twitter:card\" content=\"summary_large_image\" \/>\n<meta name=\"twitter:label1\" content=\"Dur\u00e9e de lecture estim\u00e9e\" \/>\n\t<meta name=\"twitter:data1\" content=\"2 minutes\" \/>\n<script type=\"application\/ld+json\" class=\"yoast-schema-graph\">{\"@context\":\"https:\\\/\\\/schema.org\",\"@graph\":[{\"@type\":\"WebPage\",\"@id\":\"https:\\\/\\\/www.immoschwab.ch\\\/fr\\\/objekt\\\/charmant-appartement-de-35-pieces-avec-terrasse-au-rez-de-chaussee\\\/\",\"url\":\"https:\\\/\\\/www.immoschwab.ch\\\/fr\\\/objekt\\\/charmant-appartement-de-35-pieces-avec-terrasse-au-rez-de-chaussee\\\/\",\"name\":\"Objet \u00e0 louer \u2013 Charmant appartement de 3,5 pi\u00e8ces avec terrasse au rez-de-chauss\u00e9e &#8211; Immoschwab SA \u00e0 Morat et Aarberg\",\"isPartOf\":{\"@id\":\"https:\\\/\\\/www.immoschwab.ch\\\/fr\\\/#website\"},\"primaryImageOfPage\":{\"@id\":\"https:\\\/\\\/www.immoschwab.ch\\\/fr\\\/objekt\\\/charmant-appartement-de-35-pieces-avec-terrasse-au-rez-de-chaussee\\\/#primaryimage\"},\"image\":{\"@id\":\"https:\\\/\\\/www.immoschwab.ch\\\/fr\\\/objekt\\\/charmant-appartement-de-35-pieces-avec-terrasse-au-rez-de-chaussee\\\/#primaryimage\"},\"thumbnailUrl\":\"https:\\\/\\\/www.immoschwab.ch\\\/wp-content\\\/uploads\\\/2026\\\/08\\\/Liegenschaft-1.jpg\",\"datePublished\":\"2026-08-31T10:03:07+00:00\",\"description\":\"Charmant appartement de 3,5 pi\u00e8ces avec terrasse au rez-de-chauss\u00e9e\",\"breadcrumb\":{\"@id\":\"https:\\\/\\\/www.immoschwab.ch\\\/fr\\\/objekt\\\/charmant-appartement-de-35-pieces-avec-terrasse-au-rez-de-chaussee\\\/#breadcrumb\"},\"inLanguage\":\"fr-FR\",\"potentialAction\":[{\"@type\":\"ReadAction\",\"target\":[\"https:\\\/\\\/www.immoschwab.ch\\\/fr\\\/objekt\\\/charmant-appartement-de-35-pieces-avec-terrasse-au-rez-de-chaussee\\\/\"]}]},{\"@type\":\"ImageObject\",\"inLanguage\":\"fr-FR\",\"@id\":\"https:\\\/\\\/www.immoschwab.ch\\\/fr\\\/objekt\\\/charmant-appartement-de-35-pieces-avec-terrasse-au-rez-de-chaussee\\\/#primaryimage\",\"url\":\"https:\\\/\\\/www.immoschwab.ch\\\/wp-content\\\/uploads\\\/2026\\\/08\\\/Liegenschaft-1.jpg\",\"contentUrl\":\"https:\\\/\\\/www.immoschwab.ch\\\/wp-content\\\/uploads\\\/2026\\\/08\\\/Liegenschaft-1.jpg\",\"width\":2000,\"height\":1334},{\"@type\":\"BreadcrumbList\",\"@id\":\"https:\\\/\\\/www.immoschwab.ch\\\/fr\\\/objekt\\\/charmant-appartement-de-35-pieces-avec-terrasse-au-rez-de-chaussee\\\/#breadcrumb\",\"itemListElement\":[{\"@type\":\"ListItem\",\"position\":1,\"name\":\"Home\",\"item\":\"https:\\\/\\\/www.immoschwab.ch\\\/fr\\\/\"},{\"@type\":\"ListItem\",\"position\":2,\"name\":\"Objet \u00e0 louer\",\"item\":\"https:\\\/\\\/www.immoschwab.ch\\\/fr\\\/verkaufsart\\\/mieten-fr\\\/\"},{\"@type\":\"ListItem\",\"position\":3,\"name\":\"Charmant appartement de 3,5 pi\u00e8ces avec terrasse au rez-de-chauss\u00e9e\"}]},{\"@type\":\"WebSite\",\"@id\":\"https:\\\/\\\/www.immoschwab.ch\\\/fr\\\/#website\",\"url\":\"https:\\\/\\\/www.immoschwab.ch\\\/fr\\\/\",\"name\":\"Immoschwab SA \u00e0 Morat et Aarberg\",\"description\":\"\",\"publisher\":{\"@id\":\"https:\\\/\\\/www.immoschwab.ch\\\/fr\\\/#organization\"},\"potentialAction\":[{\"@type\":\"SearchAction\",\"target\":{\"@type\":\"EntryPoint\",\"urlTemplate\":\"https:\\\/\\\/www.immoschwab.ch\\\/fr\\\/?s={search_term_string}\"},\"query-input\":{\"@type\":\"PropertyValueSpecification\",\"valueRequired\":true,\"valueName\":\"search_term_string\"}}],\"inLanguage\":\"fr-FR\"},{\"@type\":\"Organization\",\"@id\":\"https:\\\/\\\/www.immoschwab.ch\\\/fr\\\/#organization\",\"name\":\"Immoschwab AG\",\"url\":\"https:\\\/\\\/www.immoschwab.ch\\\/fr\\\/\",\"logo\":{\"@type\":\"ImageObject\",\"inLanguage\":\"fr-FR\",\"@id\":\"https:\\\/\\\/www.immoschwab.ch\\\/fr\\\/#\\\/schema\\\/logo\\\/image\\\/\",\"url\":\"https:\\\/\\\/www.immoschwab.ch\\\/wp-content\\\/uploads\\\/2023\\\/08\\\/logo-immoschwab-color.svg\",\"contentUrl\":\"https:\\\/\\\/www.immoschwab.ch\\\/wp-content\\\/uploads\\\/2023\\\/08\\\/logo-immoschwab-color.svg\",\"width\":291,\"height\":65,\"caption\":\"Immoschwab AG\"},\"image\":{\"@id\":\"https:\\\/\\\/www.immoschwab.ch\\\/fr\\\/#\\\/schema\\\/logo\\\/image\\\/\"},\"sameAs\":[\"https:\\\/\\\/www.facebook.com\\\/immoschwabag\\\/\",\"https:\\\/\\\/www.instagram.com\\\/immoschwabag\\\/\",\"https:\\\/\\\/www.linkedin.com\\\/company\\\/immoschwab-ag\\\/\"]}]}<\/script>\n<!-- \/ Yoast SEO plugin. -->","yoast_head_json":{"title":"Objet \u00e0 louer \u2013 Charmant appartement de 3,5 pi\u00e8ces avec terrasse au rez-de-chauss\u00e9e &#8211; Immoschwab SA \u00e0 Morat et Aarberg","description":"Charmant appartement de 3,5 pi\u00e8ces avec terrasse au rez-de-chauss\u00e9e","robots":{"index":"index","follow":"follow","max-snippet":"max-snippet:-1","max-image-preview":"max-image-preview:large","max-video-preview":"max-video-preview:-1"},"canonical":"https:\/\/www.immoschwab.ch\/fr\/objekt\/charmant-appartement-de-35-pieces-avec-terrasse-au-rez-de-chaussee\/","og_locale":"fr_FR","og_type":"article","og_title":"Objet \u00e0 louer \u2013 Charmant appartement de 3,5 pi\u00e8ces avec terrasse au rez-de-chauss\u00e9e &#8211; Immoschwab SA \u00e0 Morat et Aarberg","og_description":"Charmant appartement de 3,5 pi\u00e8ces avec terrasse au rez-de-chauss\u00e9e","og_url":"https:\/\/www.immoschwab.ch\/fr\/objekt\/charmant-appartement-de-35-pieces-avec-terrasse-au-rez-de-chaussee\/","og_site_name":"Immoschwab SA \u00e0 Morat et Aarberg","article_publisher":"https:\/\/www.facebook.com\/immoschwabag\/","og_image":[{"width":2000,"height":1334,"url":"https:\/\/www.immoschwab.ch\/wp-content\/uploads\/2026\/08\/Liegenschaft-1.jpg","type":"image\/jpeg"}],"twitter_card":"summary_large_image","twitter_misc":{"Dur\u00e9e de lecture estim\u00e9e":"2 minutes"},"schema":{"@context":"https:\/\/schema.org","@graph":[{"@type":"WebPage","@id":"https:\/\/www.immoschwab.ch\/fr\/objekt\/charmant-appartement-de-35-pieces-avec-terrasse-au-rez-de-chaussee\/","url":"https:\/\/www.immoschwab.ch\/fr\/objekt\/charmant-appartement-de-35-pieces-avec-terrasse-au-rez-de-chaussee\/","name":"Objet \u00e0 louer \u2013 Charmant appartement de 3,5 pi\u00e8ces avec terrasse au rez-de-chauss\u00e9e &#8211; Immoschwab SA \u00e0 Morat et Aarberg","isPartOf":{"@id":"https:\/\/www.immoschwab.ch\/fr\/#website"},"primaryImageOfPage":{"@id":"https:\/\/www.immoschwab.ch\/fr\/objekt\/charmant-appartement-de-35-pieces-avec-terrasse-au-rez-de-chaussee\/#primaryimage"},"image":{"@id":"https:\/\/www.immoschwab.ch\/fr\/objekt\/charmant-appartement-de-35-pieces-avec-terrasse-au-rez-de-chaussee\/#primaryimage"},"thumbnailUrl":"https:\/\/www.immoschwab.ch\/wp-content\/uploads\/2026\/08\/Liegenschaft-1.jpg","datePublished":"2026-08-31T10:03:07+00:00","description":"Charmant appartement de 3,5 pi\u00e8ces avec terrasse au rez-de-chauss\u00e9e","breadcrumb":{"@id":"https:\/\/www.immoschwab.ch\/fr\/objekt\/charmant-appartement-de-35-pieces-avec-terrasse-au-rez-de-chaussee\/#breadcrumb"},"inLanguage":"fr-FR","potentialAction":[{"@type":"ReadAction","target":["https:\/\/www.immoschwab.ch\/fr\/objekt\/charmant-appartement-de-35-pieces-avec-terrasse-au-rez-de-chaussee\/"]}]},{"@type":"ImageObject","inLanguage":"fr-FR","@id":"https:\/\/www.immoschwab.ch\/fr\/objekt\/charmant-appartement-de-35-pieces-avec-terrasse-au-rez-de-chaussee\/#primaryimage","url":"https:\/\/www.immoschwab.ch\/wp-content\/uploads\/2026\/08\/Liegenschaft-1.jpg","contentUrl":"https:\/\/www.immoschwab.ch\/wp-content\/uploads\/2026\/08\/Liegenschaft-1.jpg","width":2000,"height":1334},{"@type":"BreadcrumbList","@id":"https:\/\/www.immoschwab.ch\/fr\/objekt\/charmant-appartement-de-35-pieces-avec-terrasse-au-rez-de-chaussee\/#breadcrumb","itemListElement":[{"@type":"ListItem","position":1,"name":"Home","item":"https:\/\/www.immoschwab.ch\/fr\/"},{"@type":"ListItem","position":2,"name":"Objet \u00e0 louer","item":"https:\/\/www.immoschwab.ch\/fr\/verkaufsart\/mieten-fr\/"},{"@type":"ListItem","position":3,"name":"Charmant appartement de 3,5 pi\u00e8ces avec terrasse au rez-de-chauss\u00e9e"}]},{"@type":"WebSite","@id":"https:\/\/www.immoschwab.ch\/fr\/#website","url":"https:\/\/www.immoschwab.ch\/fr\/","name":"Immoschwab SA \u00e0 Morat et Aarberg","description":"","publisher":{"@id":"https:\/\/www.immoschwab.ch\/fr\/#organization"},"potentialAction":[{"@type":"SearchAction","target":{"@type":"EntryPoint","urlTemplate":"https:\/\/www.immoschwab.ch\/fr\/?s={search_term_string}"},"query-input":{"@type":"PropertyValueSpecification","valueRequired":true,"valueName":"search_term_string"}}],"inLanguage":"fr-FR"},{"@type":"Organization","@id":"https:\/\/www.immoschwab.ch\/fr\/#organization","name":"Immoschwab AG","url":"https:\/\/www.immoschwab.ch\/fr\/","logo":{"@type":"ImageObject","inLanguage":"fr-FR","@id":"https:\/\/www.immoschwab.ch\/fr\/#\/schema\/logo\/image\/","url":"https:\/\/www.immoschwab.ch\/wp-content\/uploads\/2023\/08\/logo-immoschwab-color.svg","contentUrl":"https:\/\/www.immoschwab.ch\/wp-content\/uploads\/2023\/08\/logo-immoschwab-color.svg","width":291,"height":65,"caption":"Immoschwab AG"},"image":{"@id":"https:\/\/www.immoschwab.ch\/fr\/#\/schema\/logo\/image\/"},"sameAs":["https:\/\/www.facebook.com\/immoschwabag\/","https:\/\/www.instagram.com\/immoschwabag\/","https:\/\/www.linkedin.com\/company\/immoschwab-ag\/"]}]}},"_links":{"self":[{"href":"https:\/\/www.immoschwab.ch\/fr\/wp-json\/wp\/v2\/objekte\/28767","targetHints":{"allow":["GET"]}}],"collection":[{"href":"https:\/\/www.immoschwab.ch\/fr\/wp-json\/wp\/v2\/objekte"}],"about":[{"href":"https:\/\/www.immoschwab.ch\/fr\/wp-json\/wp\/v2\/types\/objekte"}],"wp:featuredmedia":[{"embeddable":true,"href":"https:\/\/www.immoschwab.ch\/fr\/wp-json\/wp\/v2\/media\/28746"}],"wp:attachment":[{"href":"https:\/\/www.immoschwab.ch\/fr\/wp-json\/wp\/v2\/media?parent=28767"}],"wp:term":[{"taxonomy":"objektstandort","embeddable":true,"href":"https:\/\/www.immoschwab.ch\/fr\/wp-json\/wp\/v2\/objektstandort?post=28767"},{"taxonomy":"objektart","embeddable":true,"href":"https:\/\/www.immoschwab.ch\/fr\/wp-json\/wp\/v2\/objektart?post=28767"},{"taxonomy":"verkaufsart","embeddable":true,"href":"https:\/\/www.immoschwab.ch\/fr\/wp-json\/wp\/v2\/verkaufsart?post=28767"}],"curies":[{"name":"wp","href":"https:\/\/api.w.org\/{rel}","templated":true}]}}